{"id":6585,"date":"2022-12-15T14:37:38","date_gmt":"2022-12-15T14:37:38","guid":{"rendered":"https:\/\/nck.krakow.pl\/kcc\/?page_id=6585"},"modified":"2023-04-25T12:52:29","modified_gmt":"2023-04-25T12:52:29","slug":"the-voice-of-seniors","status":"publish","type":"page","link":"https:\/\/nck.krakow.pl\/kcc\/the-voice-of-seniors\/","title":{"rendered":"The voice of seniors"},"content":{"rendered":"\n<figure class=\"wp-block-image size-large\"><img loading=\"lazy\" decoding=\"async\" width=\"1024\" height=\"683\" src=\"https:\/\/nck.krakow.pl\/kcc\/wp-content\/uploads\/2022\/12\/wyrozniajace-1024x683.jpg\" alt=\"\" class=\"wp-image-6597\" srcset=\"https:\/\/nck.krakow.pl\/kcc\/wp-content\/uploads\/2022\/12\/wyrozniajace-1024x683.jpg 1024w, https:\/\/nck.krakow.pl\/kcc\/wp-content\/uploads\/2022\/12\/wyrozniajace-300x200.jpg 300w, https:\/\/nck.krakow.pl\/kcc\/wp-content\/uploads\/2022\/12\/wyrozniajace-768x512.jpg 768w, https:\/\/nck.krakow.pl\/kcc\/wp-content\/uploads\/2022\/12\/wyrozniajace-1536x1024.jpg 1536w, https:\/\/nck.krakow.pl\/kcc\/wp-content\/uploads\/2022\/12\/wyrozniajace-2048x1365.jpg 2048w\" sizes=\"(max-width: 1024px) 100vw, 1024px\" \/><\/figure>\n\n\n\n<div style=\"height:30px\" aria-hidden=\"true\" class=\"wp-block-spacer\"><\/div>\n\n\n\n<h2 class=\"wp-block-heading\">The voice of seniors<\/h2>\n\n\n\n<p><strong>Tw\u00f3rcy_czyni:<\/strong>&nbsp;Barbara Bujakowska, Karol Mi\u0119kina, \u0141ukasz Laxy&nbsp;<br><strong>Obsada:<\/strong>&nbsp;Zuzanna Bie\u0144, Jacek Dyl\u0105g, Urszula K\u0142osowska, Marta Kuklicz<br>Gra\u017cyna Ku\u015bwik, Gra\u017cyna Ladra, Ewa Micha\u0142owicz, Bogumi\u0142a Simi\u0144ska, Wojciech Skowronek, Janina Zarzycka-Bem<br><strong>Koordynatorka projektu<\/strong>: Dorota Kaw\u0119cka<br><strong>Produkcja:&nbsp;<\/strong>Krakowskie Centrum Choreograficzne \u2013 Nowohuckie Centrum Kultury<br><strong>Premiera: <\/strong>2.08.2022 r. Krakowski Festiwal Ta\u0144ca<\/p>\n\n\n\n<p><strong>Czas trwania:<\/strong> 60 min<\/p>\n\n\n\n<p>Projekt opiera\u0142 si\u0119 na kilkunastu spotkaniach z seniorami, gdzie wsp\u00f3lnie eksplorowali\u015bmy przestrzenie wokalne, teatralne i ruchowe. Re\u017cyserka bacznie obserwuj\u0105c uczestnik\u00f3w warsztat\u00f3w, skupi\u0142a si\u0119 na wyci\u0105gni\u0119ciu z nich tego co pi\u0119kne i wa\u017cne, szczere i prawdziwe. Autorka pos\u0142uguje si\u0119 w\u0142asnym, wypracowanym przez siebie j\u0119zykiem wyrazu, korzystaj\u0105c z cytat\u00f3w popkulturowych, zabawy kontekstami oraz wysublimowanego poczucia humoru.<\/p>\n\n\n\n<figure class=\"wp-block-gallery has-nested-images columns-default is-cropped wp-block-gallery-1 is-layout-flex wp-block-gallery-is-layout-flex\">\n<figure class=\"wp-block-image size-large\"><a href=\"https:\/\/nck.krakow.pl\/kcc\/wp-content\/uploads\/2022\/12\/DSC9751_fot_klaudyna_schubert-1024x683.jpg\"><img loading=\"lazy\" decoding=\"async\" width=\"1024\" height=\"683\" data-id=\"6588\" src=\"https:\/\/nck.krakow.pl\/kcc\/wp-content\/uploads\/2022\/12\/DSC9751_fot_klaudyna_schubert-1024x683.jpg\" alt=\"\" class=\"wp-image-6588\" srcset=\"https:\/\/nck.krakow.pl\/kcc\/wp-content\/uploads\/2022\/12\/DSC9751_fot_klaudyna_schubert-1024x683.jpg 1024w, https:\/\/nck.krakow.pl\/kcc\/wp-content\/uploads\/2022\/12\/DSC9751_fot_klaudyna_schubert-300x200.jpg 300w, https:\/\/nck.krakow.pl\/kcc\/wp-content\/uploads\/2022\/12\/DSC9751_fot_klaudyna_schubert-768x512.jpg 768w, https:\/\/nck.krakow.pl\/kcc\/wp-content\/uploads\/2022\/12\/DSC9751_fot_klaudyna_schubert-1536x1024.jpg 1536w, https:\/\/nck.krakow.pl\/kcc\/wp-content\/uploads\/2022\/12\/DSC9751_fot_klaudyna_schubert.jpg 1800w\" sizes=\"(max-width: 1024px) 100vw, 1024px\" \/><\/a><\/figure>\n\n\n\n<figure class=\"wp-block-image size-large\"><a href=\"https:\/\/nck.krakow.pl\/kcc\/wp-content\/uploads\/2022\/12\/DSC9791_fot_klaudyna_schubert-1024x683.jpg\"><img loading=\"lazy\" decoding=\"async\" width=\"1024\" height=\"683\" data-id=\"6589\" src=\"https:\/\/nck.krakow.pl\/kcc\/wp-content\/uploads\/2022\/12\/DSC9791_fot_klaudyna_schubert-1024x683.jpg\" alt=\"\" class=\"wp-image-6589\" srcset=\"https:\/\/nck.krakow.pl\/kcc\/wp-content\/uploads\/2022\/12\/DSC9791_fot_klaudyna_schubert-1024x683.jpg 1024w, https:\/\/nck.krakow.pl\/kcc\/wp-content\/uploads\/2022\/12\/DSC9791_fot_klaudyna_schubert-300x200.jpg 300w, https:\/\/nck.krakow.pl\/kcc\/wp-content\/uploads\/2022\/12\/DSC9791_fot_klaudyna_schubert-768x512.jpg 768w, https:\/\/nck.krakow.pl\/kcc\/wp-content\/uploads\/2022\/12\/DSC9791_fot_klaudyna_schubert-1536x1024.jpg 1536w, https:\/\/nck.krakow.pl\/kcc\/wp-content\/uploads\/2022\/12\/DSC9791_fot_klaudyna_schubert.jpg 1800w\" sizes=\"(max-width: 1024px) 100vw, 1024px\" \/><\/a><\/figure>\n\n\n\n<figure class=\"wp-block-image size-large\"><a href=\"https:\/\/nck.krakow.pl\/kcc\/wp-content\/uploads\/2022\/12\/DSC9809_fot_klaudyna_schubert-1024x683.jpg\"><img loading=\"lazy\" decoding=\"async\" width=\"1024\" height=\"683\" data-id=\"6590\" src=\"https:\/\/nck.krakow.pl\/kcc\/wp-content\/uploads\/2022\/12\/DSC9809_fot_klaudyna_schubert-1024x683.jpg\" alt=\"\" class=\"wp-image-6590\" srcset=\"https:\/\/nck.krakow.pl\/kcc\/wp-content\/uploads\/2022\/12\/DSC9809_fot_klaudyna_schubert-1024x683.jpg 1024w, https:\/\/nck.krakow.pl\/kcc\/wp-content\/uploads\/2022\/12\/DSC9809_fot_klaudyna_schubert-300x200.jpg 300w, https:\/\/nck.krakow.pl\/kcc\/wp-content\/uploads\/2022\/12\/DSC9809_fot_klaudyna_schubert-768x512.jpg 768w, https:\/\/nck.krakow.pl\/kcc\/wp-content\/uploads\/2022\/12\/DSC9809_fot_klaudyna_schubert-1536x1024.jpg 1536w, https:\/\/nck.krakow.pl\/kcc\/wp-content\/uploads\/2022\/12\/DSC9809_fot_klaudyna_schubert.jpg 1800w\" sizes=\"(max-width: 1024px) 100vw, 1024px\" \/><\/a><\/figure>\n\n\n\n<figure class=\"wp-block-image size-large\"><a href=\"https:\/\/nck.krakow.pl\/kcc\/wp-content\/uploads\/2022\/12\/DSC9840_fot_klaudyna_schubert-1024x683.jpg\"><img loading=\"lazy\" decoding=\"async\" width=\"1024\" height=\"683\" data-id=\"6591\" src=\"https:\/\/nck.krakow.pl\/kcc\/wp-content\/uploads\/2022\/12\/DSC9840_fot_klaudyna_schubert-1024x683.jpg\" alt=\"\" class=\"wp-image-6591\" srcset=\"https:\/\/nck.krakow.pl\/kcc\/wp-content\/uploads\/2022\/12\/DSC9840_fot_klaudyna_schubert-1024x683.jpg 1024w, https:\/\/nck.krakow.pl\/kcc\/wp-content\/uploads\/2022\/12\/DSC9840_fot_klaudyna_schubert-300x200.jpg 300w, https:\/\/nck.krakow.pl\/kcc\/wp-content\/uploads\/2022\/12\/DSC9840_fot_klaudyna_schubert-768x512.jpg 768w, https:\/\/nck.krakow.pl\/kcc\/wp-content\/uploads\/2022\/12\/DSC9840_fot_klaudyna_schubert-1536x1024.jpg 1536w, https:\/\/nck.krakow.pl\/kcc\/wp-content\/uploads\/2022\/12\/DSC9840_fot_klaudyna_schubert.jpg 1800w\" sizes=\"(max-width: 1024px) 100vw, 1024px\" \/><\/a><\/figure>\n\n\n\n<figure class=\"wp-block-image size-large\"><a href=\"https:\/\/nck.krakow.pl\/kcc\/wp-content\/uploads\/2022\/12\/DSC9879_fot_klaudyna_schubert-1024x683.jpg\"><img loading=\"lazy\" decoding=\"async\" width=\"1024\" height=\"683\" data-id=\"6592\" src=\"https:\/\/nck.krakow.pl\/kcc\/wp-content\/uploads\/2022\/12\/DSC9879_fot_klaudyna_schubert-1024x683.jpg\" alt=\"\" class=\"wp-image-6592\" srcset=\"https:\/\/nck.krakow.pl\/kcc\/wp-content\/uploads\/2022\/12\/DSC9879_fot_klaudyna_schubert-1024x683.jpg 1024w, https:\/\/nck.krakow.pl\/kcc\/wp-content\/uploads\/2022\/12\/DSC9879_fot_klaudyna_schubert-300x200.jpg 300w, https:\/\/nck.krakow.pl\/kcc\/wp-content\/uploads\/2022\/12\/DSC9879_fot_klaudyna_schubert-768x512.jpg 768w, https:\/\/nck.krakow.pl\/kcc\/wp-content\/uploads\/2022\/12\/DSC9879_fot_klaudyna_schubert-1536x1024.jpg 1536w, https:\/\/nck.krakow.pl\/kcc\/wp-content\/uploads\/2022\/12\/DSC9879_fot_klaudyna_schubert.jpg 1800w\" sizes=\"(max-width: 1024px) 100vw, 1024px\" \/><\/a><\/figure>\n\n\n\n<figure class=\"wp-block-image size-large\"><a href=\"https:\/\/nck.krakow.pl\/kcc\/wp-content\/uploads\/2022\/12\/DSC9904_fot_klaudyna_schubert-1024x683.jpg\"><img loading=\"lazy\" decoding=\"async\" width=\"1024\" height=\"683\" data-id=\"6593\" src=\"https:\/\/nck.krakow.pl\/kcc\/wp-content\/uploads\/2022\/12\/DSC9904_fot_klaudyna_schubert-1024x683.jpg\" alt=\"\" class=\"wp-image-6593\" srcset=\"https:\/\/nck.krakow.pl\/kcc\/wp-content\/uploads\/2022\/12\/DSC9904_fot_klaudyna_schubert-1024x683.jpg 1024w, https:\/\/nck.krakow.pl\/kcc\/wp-content\/uploads\/2022\/12\/DSC9904_fot_klaudyna_schubert-300x200.jpg 300w, https:\/\/nck.krakow.pl\/kcc\/wp-content\/uploads\/2022\/12\/DSC9904_fot_klaudyna_schubert-768x512.jpg 768w, https:\/\/nck.krakow.pl\/kcc\/wp-content\/uploads\/2022\/12\/DSC9904_fot_klaudyna_schubert-1536x1024.jpg 1536w, https:\/\/nck.krakow.pl\/kcc\/wp-content\/uploads\/2022\/12\/DSC9904_fot_klaudyna_schubert.jpg 1800w\" sizes=\"(max-width: 1024px) 100vw, 1024px\" \/><\/a><\/figure>\n\n\n\n<figure class=\"wp-block-image size-large\"><a href=\"https:\/\/nck.krakow.pl\/kcc\/wp-content\/uploads\/2022\/12\/DSC9913_fot_klaudyna_schubert-2-1024x683.jpg\"><img loading=\"lazy\" decoding=\"async\" width=\"1024\" height=\"683\" data-id=\"6594\" src=\"https:\/\/nck.krakow.pl\/kcc\/wp-content\/uploads\/2022\/12\/DSC9913_fot_klaudyna_schubert-2-1024x683.jpg\" alt=\"\" class=\"wp-image-6594\" srcset=\"https:\/\/nck.krakow.pl\/kcc\/wp-content\/uploads\/2022\/12\/DSC9913_fot_klaudyna_schubert-2-1024x683.jpg 1024w, https:\/\/nck.krakow.pl\/kcc\/wp-content\/uploads\/2022\/12\/DSC9913_fot_klaudyna_schubert-2-300x200.jpg 300w, https:\/\/nck.krakow.pl\/kcc\/wp-content\/uploads\/2022\/12\/DSC9913_fot_klaudyna_schubert-2-768x512.jpg 768w, https:\/\/nck.krakow.pl\/kcc\/wp-content\/uploads\/2022\/12\/DSC9913_fot_klaudyna_schubert-2-1536x1024.jpg 1536w, https:\/\/nck.krakow.pl\/kcc\/wp-content\/uploads\/2022\/12\/DSC9913_fot_klaudyna_schubert-2.jpg 1800w\" sizes=\"(max-width: 1024px) 100vw, 1024px\" \/><\/a><\/figure>\n\n\n\n<figure class=\"wp-block-image size-large\"><a href=\"https:\/\/nck.krakow.pl\/kcc\/wp-content\/uploads\/2022\/12\/DSC9917_fot_klaudyna_schubert-1024x683.jpg\"><img loading=\"lazy\" decoding=\"async\" width=\"1024\" height=\"683\" data-id=\"6595\" src=\"https:\/\/nck.krakow.pl\/kcc\/wp-content\/uploads\/2022\/12\/DSC9917_fot_klaudyna_schubert-1024x683.jpg\" alt=\"\" class=\"wp-image-6595\" srcset=\"https:\/\/nck.krakow.pl\/kcc\/wp-content\/uploads\/2022\/12\/DSC9917_fot_klaudyna_schubert-1024x683.jpg 1024w, https:\/\/nck.krakow.pl\/kcc\/wp-content\/uploads\/2022\/12\/DSC9917_fot_klaudyna_schubert-300x200.jpg 300w, https:\/\/nck.krakow.pl\/kcc\/wp-content\/uploads\/2022\/12\/DSC9917_fot_klaudyna_schubert-768x512.jpg 768w, https:\/\/nck.krakow.pl\/kcc\/wp-content\/uploads\/2022\/12\/DSC9917_fot_klaudyna_schubert-1536x1024.jpg 1536w, https:\/\/nck.krakow.pl\/kcc\/wp-content\/uploads\/2022\/12\/DSC9917_fot_klaudyna_schubert.jpg 1800w\" sizes=\"(max-width: 1024px) 100vw, 1024px\" \/><\/a><\/figure>\n<\/figure>\n\n\n\n<p>Fot. Klaudyna Schubert<\/p>\n\n\n\n<p><em>Projekt jest wsp\u00f3\u0142finansowany przez rz\u0105dy Czech, W\u0119gier, Polski i S\u0142owacji w ramach Grant\u00f3w Wyszehradzkich ze \u015brodk\u00f3w Mi\u0119dzynarodowego Funduszu Wyszehradzkiego. Misj\u0105 funduszu jest rozw\u00f3j idei zr\u00f3wnowa\u017conej wsp\u00f3\u0142pracy regionalnej w Europie \u015arodkowej<\/em>.<\/p>\n\n\n\n<figure class=\"wp-block-image size-full is-resized\"><img loading=\"lazy\" decoding=\"async\" src=\"https:\/\/nck.krakow.pl\/kcc\/wp-content\/uploads\/2022\/12\/image.png\" alt=\"\" class=\"wp-image-6596\" width=\"336\" height=\"77\" srcset=\"https:\/\/nck.krakow.pl\/kcc\/wp-content\/uploads\/2022\/12\/image.png 714w, https:\/\/nck.krakow.pl\/kcc\/wp-content\/uploads\/2022\/12\/image-300x69.png 300w\" sizes=\"(max-width: 336px) 100vw, 336px\" \/><\/figure>\n","protected":false},"excerpt":{"rendered":"<p>The voice of seniors Tw\u00f3rcy_czyni:&nbsp;Barbara Bujakowska, Karol Mi\u0119kina, \u0141ukasz Laxy&nbsp;Obsada:&nbsp;Zuzanna Bie\u0144, Jacek Dyl\u0105g, Urszula K\u0142osowska, Marta KukliczGra\u017cyna Ku\u015bwik, Gra\u017cyna Ladra, Ewa Micha\u0142owicz, Bogumi\u0142a Simi\u0144ska, Wojciech Skowronek, Janina Zarzycka-BemKoordynatorka projektu: Dorota Kaw\u0119ckaProdukcja:&nbsp;Krakowskie Centrum Choreograficzne \u2013 Nowohuckie Centrum KulturyPremiera: 2.08.2022 r. Krakowski Festiwal Ta\u0144ca Czas trwania: 60 min Projekt opiera\u0142 si\u0119 na kilkunastu spotkaniach z seniorami, gdzie [&hellip;]<\/p>\n","protected":false},"author":5,"featured_media":0,"parent":0,"menu_order":0,"comment_status":"closed","ping_status":"closed","template":"","meta":{"footnotes":""},"class_list":["post-6585","page","type-page","status-publish","hentry"],"yoast_head":"<!-- This site is optimized with the Yoast SEO plugin v19.12 - https:\/\/yoast.com\/wordpress\/plugins\/seo\/ -->\n<title>The voice of seniors - Krakowskie Centrum Choreograficzne<\/title>\n<meta name=\"robots\" content=\"index, follow, max-snippet:-1, max-image-preview:large, max-video-preview:-1\" \/>\n<link rel=\"canonical\" href=\"https:\/\/nck.krakow.pl\/kcc\/the-voice-of-seniors\/\" \/>\n<meta property=\"og:locale\" content=\"pl_PL\" \/>\n<meta property=\"og:type\" content=\"article\" \/>\n<meta property=\"og:title\" content=\"The voice of seniors - Krakowskie Centrum Choreograficzne\" \/>\n<meta property=\"og:description\" content=\"The voice of seniors Tw\u00f3rcy_czyni:&nbsp;Barbara Bujakowska, Karol Mi\u0119kina, \u0141ukasz Laxy&nbsp;Obsada:&nbsp;Zuzanna Bie\u0144, Jacek Dyl\u0105g, Urszula K\u0142osowska, Marta KukliczGra\u017cyna Ku\u015bwik, Gra\u017cyna Ladra, Ewa Micha\u0142owicz, Bogumi\u0142a Simi\u0144ska, Wojciech Skowronek, Janina Zarzycka-BemKoordynatorka projektu: Dorota Kaw\u0119ckaProdukcja:&nbsp;Krakowskie Centrum Choreograficzne \u2013 Nowohuckie Centrum KulturyPremiera: 2.08.2022 r. Krakowski Festiwal Ta\u0144ca Czas trwania: 60 min Projekt opiera\u0142 si\u0119 na kilkunastu spotkaniach z seniorami, gdzie [&hellip;]\" \/>\n<meta property=\"og:url\" content=\"https:\/\/nck.krakow.pl\/kcc\/the-voice-of-seniors\/\" \/>\n<meta property=\"og:site_name\" content=\"Krakowskie Centrum Choreograficzne\" \/>\n<meta property=\"article:modified_time\" content=\"2023-04-25T12:52:29+00:00\" \/>\n<meta property=\"og:image\" content=\"https:\/\/nck.krakow.pl\/kcc\/wp-content\/uploads\/2022\/12\/wyrozniajace-1024x683.jpg\" \/>\n<meta name=\"twitter:card\" content=\"summary_large_image\" \/>\n<meta name=\"twitter:label1\" content=\"Est. reading time\" \/>\n\t<meta name=\"twitter:data1\" content=\"3 minuty\" \/>\n<script type=\"application\/ld+json\" class=\"yoast-schema-graph\">{\"@context\":\"https:\/\/schema.org\",\"@graph\":[{\"@type\":\"WebPage\",\"@id\":\"https:\/\/nck.krakow.pl\/kcc\/the-voice-of-seniors\/\",\"url\":\"https:\/\/nck.krakow.pl\/kcc\/the-voice-of-seniors\/\",\"name\":\"The voice of seniors - Krakowskie Centrum Choreograficzne\",\"isPartOf\":{\"@id\":\"https:\/\/nck.krakow.pl\/kcc\/#website\"},\"datePublished\":\"2022-12-15T14:37:38+00:00\",\"dateModified\":\"2023-04-25T12:52:29+00:00\",\"breadcrumb\":{\"@id\":\"https:\/\/nck.krakow.pl\/kcc\/the-voice-of-seniors\/#breadcrumb\"},\"inLanguage\":\"pl-PL\",\"potentialAction\":[{\"@type\":\"ReadAction\",\"target\":[\"https:\/\/nck.krakow.pl\/kcc\/the-voice-of-seniors\/\"]}]},{\"@type\":\"BreadcrumbList\",\"@id\":\"https:\/\/nck.krakow.pl\/kcc\/the-voice-of-seniors\/#breadcrumb\",\"itemListElement\":[{\"@type\":\"ListItem\",\"position\":1,\"name\":\"Strona g\u0142\u00f3wna\",\"item\":\"https:\/\/nck.krakow.pl\/kcc\/\"},{\"@type\":\"ListItem\",\"position\":2,\"name\":\"The voice of seniors\"}]},{\"@type\":\"WebSite\",\"@id\":\"https:\/\/nck.krakow.pl\/kcc\/#website\",\"url\":\"https:\/\/nck.krakow.pl\/kcc\/\",\"name\":\"Krakowskie Centrum Choreograficzne\",\"description\":\"\",\"publisher\":{\"@id\":\"https:\/\/nck.krakow.pl\/kcc\/#organization\"},\"potentialAction\":[{\"@type\":\"SearchAction\",\"target\":{\"@type\":\"EntryPoint\",\"urlTemplate\":\"https:\/\/nck.krakow.pl\/kcc\/?s={search_term_string}\"},\"query-input\":\"required name=search_term_string\"}],\"inLanguage\":\"pl-PL\"},{\"@type\":\"Organization\",\"@id\":\"https:\/\/nck.krakow.pl\/kcc\/#organization\",\"name\":\"Krakowskie Centrum Choreograficzne\",\"url\":\"https:\/\/nck.krakow.pl\/kcc\/\",\"logo\":{\"@type\":\"ImageObject\",\"inLanguage\":\"pl-PL\",\"@id\":\"https:\/\/nck.krakow.pl\/kcc\/#\/schema\/logo\/image\/\",\"url\":\"https:\/\/nck.krakow.pl\/kcc\/wp-content\/uploads\/2020\/01\/cropped-logo-kcc-2020.png\",\"contentUrl\":\"https:\/\/nck.krakow.pl\/kcc\/wp-content\/uploads\/2020\/01\/cropped-logo-kcc-2020.png\",\"width\":116,\"height\":55,\"caption\":\"Krakowskie Centrum Choreograficzne\"},\"image\":{\"@id\":\"https:\/\/nck.krakow.pl\/kcc\/#\/schema\/logo\/image\/\"}}]}<\/script>\n<!-- \/ Yoast SEO plugin. -->","yoast_head_json":{"title":"The voice of seniors - Krakowskie Centrum Choreograficzne","robots":{"index":"index","follow":"follow","max-snippet":"max-snippet:-1","max-image-preview":"max-image-preview:large","max-video-preview":"max-video-preview:-1"},"canonical":"https:\/\/nck.krakow.pl\/kcc\/the-voice-of-seniors\/","og_locale":"pl_PL","og_type":"article","og_title":"The voice of seniors - Krakowskie Centrum Choreograficzne","og_description":"The voice of seniors Tw\u00f3rcy_czyni:&nbsp;Barbara Bujakowska, Karol Mi\u0119kina, \u0141ukasz Laxy&nbsp;Obsada:&nbsp;Zuzanna Bie\u0144, Jacek Dyl\u0105g, Urszula K\u0142osowska, Marta KukliczGra\u017cyna Ku\u015bwik, Gra\u017cyna Ladra, Ewa Micha\u0142owicz, Bogumi\u0142a Simi\u0144ska, Wojciech Skowronek, Janina Zarzycka-BemKoordynatorka projektu: Dorota Kaw\u0119ckaProdukcja:&nbsp;Krakowskie Centrum Choreograficzne \u2013 Nowohuckie Centrum KulturyPremiera: 2.08.2022 r. Krakowski Festiwal Ta\u0144ca Czas trwania: 60 min Projekt opiera\u0142 si\u0119 na kilkunastu spotkaniach z seniorami, gdzie [&hellip;]","og_url":"https:\/\/nck.krakow.pl\/kcc\/the-voice-of-seniors\/","og_site_name":"Krakowskie Centrum Choreograficzne","article_modified_time":"2023-04-25T12:52:29+00:00","og_image":[{"url":"https:\/\/nck.krakow.pl\/kcc\/wp-content\/uploads\/2022\/12\/wyrozniajace-1024x683.jpg"}],"twitter_card":"summary_large_image","twitter_misc":{"Est. reading time":"3 minuty"},"schema":{"@context":"https:\/\/schema.org","@graph":[{"@type":"WebPage","@id":"https:\/\/nck.krakow.pl\/kcc\/the-voice-of-seniors\/","url":"https:\/\/nck.krakow.pl\/kcc\/the-voice-of-seniors\/","name":"The voice of seniors - Krakowskie Centrum Choreograficzne","isPartOf":{"@id":"https:\/\/nck.krakow.pl\/kcc\/#website"},"datePublished":"2022-12-15T14:37:38+00:00","dateModified":"2023-04-25T12:52:29+00:00","breadcrumb":{"@id":"https:\/\/nck.krakow.pl\/kcc\/the-voice-of-seniors\/#breadcrumb"},"inLanguage":"pl-PL","potentialAction":[{"@type":"ReadAction","target":["https:\/\/nck.krakow.pl\/kcc\/the-voice-of-seniors\/"]}]},{"@type":"BreadcrumbList","@id":"https:\/\/nck.krakow.pl\/kcc\/the-voice-of-seniors\/#breadcrumb","itemListElement":[{"@type":"ListItem","position":1,"name":"Strona g\u0142\u00f3wna","item":"https:\/\/nck.krakow.pl\/kcc\/"},{"@type":"ListItem","position":2,"name":"The voice of seniors"}]},{"@type":"WebSite","@id":"https:\/\/nck.krakow.pl\/kcc\/#website","url":"https:\/\/nck.krakow.pl\/kcc\/","name":"Krakowskie Centrum Choreograficzne","description":"","publisher":{"@id":"https:\/\/nck.krakow.pl\/kcc\/#organization"},"potentialAction":[{"@type":"SearchAction","target":{"@type":"EntryPoint","urlTemplate":"https:\/\/nck.krakow.pl\/kcc\/?s={search_term_string}"},"query-input":"required name=search_term_string"}],"inLanguage":"pl-PL"},{"@type":"Organization","@id":"https:\/\/nck.krakow.pl\/kcc\/#organization","name":"Krakowskie Centrum Choreograficzne","url":"https:\/\/nck.krakow.pl\/kcc\/","logo":{"@type":"ImageObject","inLanguage":"pl-PL","@id":"https:\/\/nck.krakow.pl\/kcc\/#\/schema\/logo\/image\/","url":"https:\/\/nck.krakow.pl\/kcc\/wp-content\/uploads\/2020\/01\/cropped-logo-kcc-2020.png","contentUrl":"https:\/\/nck.krakow.pl\/kcc\/wp-content\/uploads\/2020\/01\/cropped-logo-kcc-2020.png","width":116,"height":55,"caption":"Krakowskie Centrum Choreograficzne"},"image":{"@id":"https:\/\/nck.krakow.pl\/kcc\/#\/schema\/logo\/image\/"}}]}},"_links":{"self":[{"href":"https:\/\/nck.krakow.pl\/kcc\/wp-json\/wp\/v2\/pages\/6585"}],"collection":[{"href":"https:\/\/nck.krakow.pl\/kcc\/wp-json\/wp\/v2\/pages"}],"about":[{"href":"https:\/\/nck.krakow.pl\/kcc\/wp-json\/wp\/v2\/types\/page"}],"author":[{"embeddable":true,"href":"https:\/\/nck.krakow.pl\/kcc\/wp-json\/wp\/v2\/users\/5"}],"replies":[{"embeddable":true,"href":"https:\/\/nck.krakow.pl\/kcc\/wp-json\/wp\/v2\/comments?post=6585"}],"version-history":[{"count":4,"href":"https:\/\/nck.krakow.pl\/kcc\/wp-json\/wp\/v2\/pages\/6585\/revisions"}],"predecessor-version":[{"id":6819,"href":"https:\/\/nck.krakow.pl\/kcc\/wp-json\/wp\/v2\/pages\/6585\/revisions\/6819"}],"wp:attachment":[{"href":"https:\/\/nck.krakow.pl\/kcc\/wp-json\/wp\/v2\/media?parent=6585"}],"curies":[{"name":"wp","href":"https:\/\/api.w.org\/{rel}","templated":true}]}}