{"id":2280,"date":"2017-06-22T13:43:01","date_gmt":"2017-06-22T13:43:01","guid":{"rendered":"http:\/\/nck.krakow.pl\/kcc\/?page_id=2280"},"modified":"2026-08-25T09:22:33","modified_gmt":"2026-08-25T09:22:33","slug":"taniec-edu","status":"publish","type":"page","link":"https:\/\/nck.krakow.pl\/kcc\/edukacja\/taniec-edu\/","title":{"rendered":"taniec.edu | projekt edukacyjny dla dzieci i m\u0142odzie\u017cy szkolnej"},"content":{"rendered":"\n<p>Krakowskie Centrum Choreograficzne wraca z projektem edukacyjnym skierowanym do dzieci i m\u0142odzie\u017cy szkolnej. Pierwsza edycja <strong>taniec.edu.<\/strong> odby\u0142a si\u0119 w 2017 roku, a od 2026 roku projekt powraca w od\u015bwie\u017conej formule.<\/p>\n\n\n\n<p><strong>taniec.edu.<\/strong> to zaproszenie do bezpo\u015bredniego kontaktu z ta\u0144cem wsp\u00f3\u0142czesnym, sztuk\u0105 performatywn\u0105 i nowymi formami choreografii. Chcemy pokaza\u0107 m\u0142odym odbiorcom, \u017ce sztuka ta\u0144ca mo\u017ce by\u0107 punktem wyj\u015bcia do rozmowy, w\u0142asnych interpretacji, emocji i odkrywania nowych sposob\u00f3w patrzenia.<\/p>\n\n\n\n<p>Podczas spotka\u0144 uczestnicy i uczestniczki nie tylko ogl\u0105daj\u0105 fragmenty spektakli, ale r\u00f3wnie\u017c rozmawiaj\u0105 o tym, co zobaczyli, dziel\u0105 si\u0119 swoimi odczuciami i podejmuj\u0105 proste \u0107wiczenia zwi\u0105zane z ruchem, wyobra\u017ani\u0105 i obserwacj\u0105. Spotkania mog\u0105 przyjmowa\u0107 zar\u00f3wno form\u0119 rozmowy i prezentacji, jak i bardziej partycypacyjnych dzia\u0142a\u0144.<\/p>\n\n\n\n<p>Zale\u017cy nam przede wszystkim na tym, by oswoi\u0107 m\u0142odych widz\u00f3w z j\u0119zykiem ta\u0144ca wsp\u00f3\u0142czesnego i da\u0107 im narz\u0119dzia, kt\u00f3re pomog\u0105 samodzielnie go odczytywa\u0107. Nie ma tu jednej w\u0142a\u015bciwej odpowiedzi ani jednej obowi\u0105zuj\u0105cej interpretacji. Wa\u017cne s\u0105 indywidualne do\u015bwiadczenia, emocje, skojarzenia i pytania, kt\u00f3re pojawiaj\u0105 si\u0119 w kontakcie ze sztuk\u0105.<\/p>\n\n\n\n<p>Projekt mo\u017ce stanowi\u0107 uzupe\u0142nienie dzia\u0142a\u0144 edukacyjnych prowadzonych w szko\u0142ach, m.in. w ramach zaj\u0119\u0107 zwi\u0105zanych z kultur\u0105, sztuk\u0105 czy j\u0119zykiem polskim. Jest tak\u017ce okazj\u0105 do spotkania z osobami tworz\u0105cymi spektakle \u2014 choreografami i choreografkami, tancerzami i tancerkami \u2014 oraz do przyjrzenia si\u0119 z bliska temu, jak powstaje wsp\u00f3\u0142czesna choreografia.<\/p>\n\n\n\n<p>Spotykamy si\u0119 w kameralnej przestrzeni studia Krakowskiego Centrum Choreograficznego, w atmosferze sprzyjaj\u0105cej swobodnej rozmowie i wymianie opinii. Chcemy, \u017ceby ka\u017cdy uczestnik i ka\u017cda uczestniczka mogli zadawa\u0107 pytania, wyra\u017ca\u0107 w\u0105tpliwo\u015bci i konfrontowa\u0107 swoje spojrzenie z innymi.<\/p>\n\n\n\n<p><strong>taniec.edu.<\/strong> to przede wszystkim zach\u0119ta do aktywnego i uwa\u017cnego spotkania ze sztuk\u0105 &#8211; bez obaw, \u017ce trzeba j\u0105 od razu \u201ezrozumie\u0107\u201d. Wierzymy, \u017ce ciekawo\u015b\u0107, otwarto\u015b\u0107 i w\u0142asne do\u015bwiadczenie s\u0105 najlepszym punktem wyj\u015bcia do rozmowy o ta\u0144cu wsp\u00f3\u0142czesnym.<\/p>\n\n\n\n<p><strong>Prowadzenie:<\/strong> cz\u0142onkinie Krakowskiego Centrum Choreograficznego<\/p>\n\n\n\n<p>&nbsp;<\/p>\n\n\n\n<p><strong>Kontakt:<\/strong>&nbsp;<a href=\"mailto:kcc@nck.krakow.pl\">kcc@nck.krakow.pl<\/a><\/p>\n\n\n\n<p>Ka\u017cdorazowo plan spotkania i temat s\u0105 ustalane w porozumieniu obydwu stron, zgodnie z potrzebami grupy i mo\u017cliwo\u015bciami KCC.<\/p>\n\n\n\n<p><strong>Koszt: 50 z\u0142 \/osoba &#8211; op\u0142ata jednorazowa \/ w kasie NCK \/ projekt.edu<\/strong><\/p>\n\n\n\n<p><strong>Czas trwania spotkania: 90 minut<\/strong><\/p>\n\n\n\n<figure class=\"wp-block-gallery has-nested-images columns-default is-cropped wp-block-gallery-1 is-layout-flex wp-block-gallery-is-layout-flex\">\n<figure class=\"wp-block-image size-large\"><a href=\"https:\/\/nck.krakow.pl\/kcc\/wp-content\/uploads\/2026\/08\/DSC5747_fot_klaudyna_schubert.jpg\"><img loading=\"lazy\" decoding=\"async\" width=\"1024\" height=\"683\" data-id=\"8961\" src=\"https:\/\/nck.krakow.pl\/kcc\/wp-content\/uploads\/2026\/08\/DSC5747_fot_klaudyna_schubert-1024x683.jpg\" alt=\"\" class=\"wp-image-8961\" srcset=\"https:\/\/nck.krakow.pl\/kcc\/wp-content\/uploads\/2026\/08\/DSC5747_fot_klaudyna_schubert-1024x683.jpg 1024w, https:\/\/nck.krakow.pl\/kcc\/wp-content\/uploads\/2026\/08\/DSC5747_fot_klaudyna_schubert-300x200.jpg 300w, https:\/\/nck.krakow.pl\/kcc\/wp-content\/uploads\/2026\/08\/DSC5747_fot_klaudyna_schubert-768x512.jpg 768w, https:\/\/nck.krakow.pl\/kcc\/wp-content\/uploads\/2026\/08\/DSC5747_fot_klaudyna_schubert-1536x1024.jpg 1536w, https:\/\/nck.krakow.pl\/kcc\/wp-content\/uploads\/2026\/08\/DSC5747_fot_klaudyna_schubert.jpg 1920w\" sizes=\"(max-width: 1024px) 100vw, 1024px\" \/><\/a><\/figure>\n\n\n\n<figure class=\"wp-block-image size-large\"><a href=\"https:\/\/nck.krakow.pl\/kcc\/wp-content\/uploads\/2026\/08\/DSC6144-NEF_DxO_PRIME_fot_klaudyna_schubert.jpg\"><img loading=\"lazy\" decoding=\"async\" width=\"1024\" height=\"683\" data-id=\"8959\" src=\"https:\/\/nck.krakow.pl\/kcc\/wp-content\/uploads\/2026\/08\/DSC6144-NEF_DxO_PRIME_fot_klaudyna_schubert-1024x683.jpg\" alt=\"\" class=\"wp-image-8959\" srcset=\"https:\/\/nck.krakow.pl\/kcc\/wp-content\/uploads\/2026\/08\/DSC6144-NEF_DxO_PRIME_fot_klaudyna_schubert-1024x683.jpg 1024w, https:\/\/nck.krakow.pl\/kcc\/wp-content\/uploads\/2026\/08\/DSC6144-NEF_DxO_PRIME_fot_klaudyna_schubert-300x200.jpg 300w, https:\/\/nck.krakow.pl\/kcc\/wp-content\/uploads\/2026\/08\/DSC6144-NEF_DxO_PRIME_fot_klaudyna_schubert-768x512.jpg 768w, https:\/\/nck.krakow.pl\/kcc\/wp-content\/uploads\/2026\/08\/DSC6144-NEF_DxO_PRIME_fot_klaudyna_schubert-1536x1024.jpg 1536w, https:\/\/nck.krakow.pl\/kcc\/wp-content\/uploads\/2026\/08\/DSC6144-NEF_DxO_PRIME_fot_klaudyna_schubert.jpg 2048w\" sizes=\"(max-width: 1024px) 100vw, 1024px\" \/><\/a><\/figure>\n\n\n\n<figure class=\"wp-block-image size-large\"><a href=\"https:\/\/nck.krakow.pl\/kcc\/wp-content\/uploads\/2026\/08\/6-2-scaled.jpg\"><img loading=\"lazy\" decoding=\"async\" width=\"768\" height=\"1024\" data-id=\"8962\" src=\"https:\/\/nck.krakow.pl\/kcc\/wp-content\/uploads\/2026\/08\/6-2-768x1024.jpg\" alt=\"\" class=\"wp-image-8962\" srcset=\"https:\/\/nck.krakow.pl\/kcc\/wp-content\/uploads\/2026\/08\/6-2-768x1024.jpg 768w, https:\/\/nck.krakow.pl\/kcc\/wp-content\/uploads\/2026\/08\/6-2-225x300.jpg 225w, https:\/\/nck.krakow.pl\/kcc\/wp-content\/uploads\/2026\/08\/6-2-1152x1536.jpg 1152w, https:\/\/nck.krakow.pl\/kcc\/wp-content\/uploads\/2026\/08\/6-2-1536x2048.jpg 1536w, https:\/\/nck.krakow.pl\/kcc\/wp-content\/uploads\/2026\/08\/6-2-scaled.jpg 1920w\" sizes=\"(max-width: 768px) 100vw, 768px\" \/><\/a><\/figure>\n\n\n\n<figure class=\"wp-block-image size-large\"><a href=\"https:\/\/nck.krakow.pl\/kcc\/wp-content\/uploads\/2026\/08\/DSC3577_fot_klaudyna_schubert-2.jpg\"><img loading=\"lazy\" decoding=\"async\" width=\"1024\" height=\"683\" data-id=\"8960\" src=\"https:\/\/nck.krakow.pl\/kcc\/wp-content\/uploads\/2026\/08\/DSC3577_fot_klaudyna_schubert-2-1024x683.jpg\" alt=\"\" class=\"wp-image-8960\" srcset=\"https:\/\/nck.krakow.pl\/kcc\/wp-content\/uploads\/2026\/08\/DSC3577_fot_klaudyna_schubert-2-1024x683.jpg 1024w, https:\/\/nck.krakow.pl\/kcc\/wp-content\/uploads\/2026\/08\/DSC3577_fot_klaudyna_schubert-2-300x200.jpg 300w, https:\/\/nck.krakow.pl\/kcc\/wp-content\/uploads\/2026\/08\/DSC3577_fot_klaudyna_schubert-2-768x512.jpg 768w, https:\/\/nck.krakow.pl\/kcc\/wp-content\/uploads\/2026\/08\/DSC3577_fot_klaudyna_schubert-2-1536x1024.jpg 1536w, https:\/\/nck.krakow.pl\/kcc\/wp-content\/uploads\/2026\/08\/DSC3577_fot_klaudyna_schubert-2.jpg 1999w\" sizes=\"(max-width: 1024px) 100vw, 1024px\" \/><\/a><\/figure>\n\n\n\n<figure class=\"wp-block-image size-large\"><a href=\"https:\/\/nck.krakow.pl\/kcc\/wp-content\/uploads\/2026\/08\/DSC6780_fot_klaudyna_schubert.jpg\"><img loading=\"lazy\" decoding=\"async\" width=\"1024\" height=\"683\" data-id=\"8963\" src=\"https:\/\/nck.krakow.pl\/kcc\/wp-content\/uploads\/2026\/08\/DSC6780_fot_klaudyna_schubert-1024x683.jpg\" alt=\"\" class=\"wp-image-8963\" srcset=\"https:\/\/nck.krakow.pl\/kcc\/wp-content\/uploads\/2026\/08\/DSC6780_fot_klaudyna_schubert-1024x683.jpg 1024w, https:\/\/nck.krakow.pl\/kcc\/wp-content\/uploads\/2026\/08\/DSC6780_fot_klaudyna_schubert-300x200.jpg 300w, https:\/\/nck.krakow.pl\/kcc\/wp-content\/uploads\/2026\/08\/DSC6780_fot_klaudyna_schubert-768x512.jpg 768w, https:\/\/nck.krakow.pl\/kcc\/wp-content\/uploads\/2026\/08\/DSC6780_fot_klaudyna_schubert-1536x1024.jpg 1536w, https:\/\/nck.krakow.pl\/kcc\/wp-content\/uploads\/2026\/08\/DSC6780_fot_klaudyna_schubert.jpg 1800w\" sizes=\"(max-width: 1024px) 100vw, 1024px\" \/><\/a><\/figure>\n\n\n\n<figure class=\"wp-block-image size-large\"><a href=\"https:\/\/nck.krakow.pl\/kcc\/wp-content\/uploads\/2026\/08\/0Y5A0442.jpg\"><img loading=\"lazy\" decoding=\"async\" width=\"1024\" height=\"683\" data-id=\"8964\" src=\"https:\/\/nck.krakow.pl\/kcc\/wp-content\/uploads\/2026\/08\/0Y5A0442-1024x683.jpg\" alt=\"\" class=\"wp-image-8964\" srcset=\"https:\/\/nck.krakow.pl\/kcc\/wp-content\/uploads\/2026\/08\/0Y5A0442-1024x683.jpg 1024w, https:\/\/nck.krakow.pl\/kcc\/wp-content\/uploads\/2026\/08\/0Y5A0442-300x200.jpg 300w, https:\/\/nck.krakow.pl\/kcc\/wp-content\/uploads\/2026\/08\/0Y5A0442-768x512.jpg 768w, https:\/\/nck.krakow.pl\/kcc\/wp-content\/uploads\/2026\/08\/0Y5A0442-1536x1024.jpg 1536w, https:\/\/nck.krakow.pl\/kcc\/wp-content\/uploads\/2026\/08\/0Y5A0442.jpg 1642w\" sizes=\"(max-width: 1024px) 100vw, 1024px\" \/><\/a><\/figure>\n<\/figure>\n\n\n\n<p>&nbsp;<\/p>\n","protected":false},"excerpt":{"rendered":"<p>Krakowskie Centrum Choreograficzne wraca z projektem edukacyjnym skierowanym do dzieci i m\u0142odzie\u017cy szkolnej. Pierwsza edycja taniec.edu. odby\u0142a si\u0119 w 2017 roku, a od 2026 roku projekt powraca w od\u015bwie\u017conej formule. taniec.edu. to zaproszenie do bezpo\u015bredniego kontaktu z ta\u0144cem wsp\u00f3\u0142czesnym, sztuk\u0105 performatywn\u0105 i nowymi formami choreografii. Chcemy pokaza\u0107 m\u0142odym odbiorcom, \u017ce sztuka ta\u0144ca mo\u017ce by\u0107 punktem [&hellip;]<\/p>\n","protected":false},"author":5,"featured_media":0,"parent":795,"menu_order":0,"comment_status":"closed","ping_status":"closed","template":"","meta":{"footnotes":""},"class_list":["post-2280","page","type-page","status-publish","hentry"],"yoast_head":"<!-- This site is optimized with the Yoast SEO plugin v19.12 - https:\/\/yoast.com\/wordpress\/plugins\/seo\/ -->\n<title>taniec.edu | projekt edukacyjny dla dzieci i m\u0142odzie\u017cy szkolnej - Krakowskie Centrum Choreograficzne<\/title>\n<meta name=\"robots\" content=\"index, follow, max-snippet:-1, max-image-preview:large, max-video-preview:-1\" \/>\n<link rel=\"canonical\" href=\"https:\/\/nck.krakow.pl\/kcc\/edukacja\/taniec-edu\/\" \/>\n<meta property=\"og:locale\" content=\"pl_PL\" \/>\n<meta property=\"og:type\" content=\"article\" \/>\n<meta property=\"og:title\" content=\"Projekt edukacyjny - taniec.edu\" \/>\n<meta property=\"og:description\" content=\"Zgodnie z ide\u0105 promocji ta\u0144ca wsp\u00f3\u0142czesnego na mo\u017cliwie szerok\u0105 skal\u0119 oraz zwi\u0105zan\u0105 z tym potrzeb\u0105 budowania dla niego publiczno\u015bci poprzez kszta\u0142cenie odbiorc\u00f3w sztuki tanecznej, przedstawiamy w\u0142asny projekt edukacyjny pod nazw\u0105 taniec.edu.\" \/>\n<meta property=\"og:url\" content=\"https:\/\/nck.krakow.pl\/kcc\/edukacja\/taniec-edu\/\" \/>\n<meta property=\"og:site_name\" content=\"Krakowskie Centrum Choreograficzne\" \/>\n<meta property=\"article:modified_time\" content=\"2026-08-25T09:22:33+00:00\" \/>\n<meta property=\"og:image\" content=\"https:\/\/nck.krakow.pl\/kcc\/wp-content\/uploads\/2026\/08\/DSC5747_fot_klaudyna_schubert-1024x683.jpg\" \/>\n<meta name=\"twitter:card\" content=\"summary_large_image\" \/>\n<meta name=\"twitter:label1\" content=\"Est. reading time\" \/>\n\t<meta name=\"twitter:data1\" content=\"4 minuty\" \/>\n<script type=\"application\/ld+json\" class=\"yoast-schema-graph\">{\"@context\":\"https:\/\/schema.org\",\"@graph\":[{\"@type\":\"WebPage\",\"@id\":\"https:\/\/nck.krakow.pl\/kcc\/edukacja\/taniec-edu\/\",\"url\":\"https:\/\/nck.krakow.pl\/kcc\/edukacja\/taniec-edu\/\",\"name\":\"taniec.edu | projekt edukacyjny dla dzieci i m\u0142odzie\u017cy szkolnej - Krakowskie Centrum Choreograficzne\",\"isPartOf\":{\"@id\":\"https:\/\/nck.krakow.pl\/kcc\/#website\"},\"datePublished\":\"2017-06-22T13:43:01+00:00\",\"dateModified\":\"2026-08-25T09:22:33+00:00\",\"breadcrumb\":{\"@id\":\"https:\/\/nck.krakow.pl\/kcc\/edukacja\/taniec-edu\/#breadcrumb\"},\"inLanguage\":\"pl-PL\",\"potentialAction\":[{\"@type\":\"ReadAction\",\"target\":[\"https:\/\/nck.krakow.pl\/kcc\/edukacja\/taniec-edu\/\"]}]},{\"@type\":\"BreadcrumbList\",\"@id\":\"https:\/\/nck.krakow.pl\/kcc\/edukacja\/taniec-edu\/#breadcrumb\",\"itemListElement\":[{\"@type\":\"ListItem\",\"position\":1,\"name\":\"Strona g\u0142\u00f3wna\",\"item\":\"https:\/\/nck.krakow.pl\/kcc\/\"},{\"@type\":\"ListItem\",\"position\":2,\"name\":\"edukacja\",\"item\":\"https:\/\/nck.krakow.pl\/kcc\/edukacja\/\"},{\"@type\":\"ListItem\",\"position\":3,\"name\":\"taniec.edu | projekt edukacyjny dla dzieci i m\u0142odzie\u017cy szkolnej\"}]},{\"@type\":\"WebSite\",\"@id\":\"https:\/\/nck.krakow.pl\/kcc\/#website\",\"url\":\"https:\/\/nck.krakow.pl\/kcc\/\",\"name\":\"Krakowskie Centrum Choreograficzne\",\"description\":\"\",\"publisher\":{\"@id\":\"https:\/\/nck.krakow.pl\/kcc\/#organization\"},\"potentialAction\":[{\"@type\":\"SearchAction\",\"target\":{\"@type\":\"EntryPoint\",\"urlTemplate\":\"https:\/\/nck.krakow.pl\/kcc\/?s={search_term_string}\"},\"query-input\":\"required name=search_term_string\"}],\"inLanguage\":\"pl-PL\"},{\"@type\":\"Organization\",\"@id\":\"https:\/\/nck.krakow.pl\/kcc\/#organization\",\"name\":\"Krakowskie Centrum Choreograficzne\",\"url\":\"https:\/\/nck.krakow.pl\/kcc\/\",\"logo\":{\"@type\":\"ImageObject\",\"inLanguage\":\"pl-PL\",\"@id\":\"https:\/\/nck.krakow.pl\/kcc\/#\/schema\/logo\/image\/\",\"url\":\"https:\/\/nck.krakow.pl\/kcc\/wp-content\/uploads\/2020\/01\/cropped-logo-kcc-2020.png\",\"contentUrl\":\"https:\/\/nck.krakow.pl\/kcc\/wp-content\/uploads\/2020\/01\/cropped-logo-kcc-2020.png\",\"width\":116,\"height\":55,\"caption\":\"Krakowskie Centrum Choreograficzne\"},\"image\":{\"@id\":\"https:\/\/nck.krakow.pl\/kcc\/#\/schema\/logo\/image\/\"}}]}<\/script>\n<!-- \/ Yoast SEO plugin. -->","yoast_head_json":{"title":"taniec.edu | projekt edukacyjny dla dzieci i m\u0142odzie\u017cy szkolnej - Krakowskie Centrum Choreograficzne","robots":{"index":"index","follow":"follow","max-snippet":"max-snippet:-1","max-image-preview":"max-image-preview:large","max-video-preview":"max-video-preview:-1"},"canonical":"https:\/\/nck.krakow.pl\/kcc\/edukacja\/taniec-edu\/","og_locale":"pl_PL","og_type":"article","og_title":"Projekt edukacyjny - taniec.edu","og_description":"Zgodnie z ide\u0105 promocji ta\u0144ca wsp\u00f3\u0142czesnego na mo\u017cliwie szerok\u0105 skal\u0119 oraz zwi\u0105zan\u0105 z tym potrzeb\u0105 budowania dla niego publiczno\u015bci poprzez kszta\u0142cenie odbiorc\u00f3w sztuki tanecznej, przedstawiamy w\u0142asny projekt edukacyjny pod nazw\u0105 taniec.edu.","og_url":"https:\/\/nck.krakow.pl\/kcc\/edukacja\/taniec-edu\/","og_site_name":"Krakowskie Centrum Choreograficzne","article_modified_time":"2026-08-25T09:22:33+00:00","og_image":[{"url":"https:\/\/nck.krakow.pl\/kcc\/wp-content\/uploads\/2026\/08\/DSC5747_fot_klaudyna_schubert-1024x683.jpg"}],"twitter_card":"summary_large_image","twitter_misc":{"Est. reading time":"4 minuty"},"schema":{"@context":"https:\/\/schema.org","@graph":[{"@type":"WebPage","@id":"https:\/\/nck.krakow.pl\/kcc\/edukacja\/taniec-edu\/","url":"https:\/\/nck.krakow.pl\/kcc\/edukacja\/taniec-edu\/","name":"taniec.edu | projekt edukacyjny dla dzieci i m\u0142odzie\u017cy szkolnej - Krakowskie Centrum Choreograficzne","isPartOf":{"@id":"https:\/\/nck.krakow.pl\/kcc\/#website"},"datePublished":"2017-06-22T13:43:01+00:00","dateModified":"2026-08-25T09:22:33+00:00","breadcrumb":{"@id":"https:\/\/nck.krakow.pl\/kcc\/edukacja\/taniec-edu\/#breadcrumb"},"inLanguage":"pl-PL","potentialAction":[{"@type":"ReadAction","target":["https:\/\/nck.krakow.pl\/kcc\/edukacja\/taniec-edu\/"]}]},{"@type":"BreadcrumbList","@id":"https:\/\/nck.krakow.pl\/kcc\/edukacja\/taniec-edu\/#breadcrumb","itemListElement":[{"@type":"ListItem","position":1,"name":"Strona g\u0142\u00f3wna","item":"https:\/\/nck.krakow.pl\/kcc\/"},{"@type":"ListItem","position":2,"name":"edukacja","item":"https:\/\/nck.krakow.pl\/kcc\/edukacja\/"},{"@type":"ListItem","position":3,"name":"taniec.edu | projekt edukacyjny dla dzieci i m\u0142odzie\u017cy szkolnej"}]},{"@type":"WebSite","@id":"https:\/\/nck.krakow.pl\/kcc\/#website","url":"https:\/\/nck.krakow.pl\/kcc\/","name":"Krakowskie Centrum Choreograficzne","description":"","publisher":{"@id":"https:\/\/nck.krakow.pl\/kcc\/#organization"},"potentialAction":[{"@type":"SearchAction","target":{"@type":"EntryPoint","urlTemplate":"https:\/\/nck.krakow.pl\/kcc\/?s={search_term_string}"},"query-input":"required name=search_term_string"}],"inLanguage":"pl-PL"},{"@type":"Organization","@id":"https:\/\/nck.krakow.pl\/kcc\/#organization","name":"Krakowskie Centrum Choreograficzne","url":"https:\/\/nck.krakow.pl\/kcc\/","logo":{"@type":"ImageObject","inLanguage":"pl-PL","@id":"https:\/\/nck.krakow.pl\/kcc\/#\/schema\/logo\/image\/","url":"https:\/\/nck.krakow.pl\/kcc\/wp-content\/uploads\/2020\/01\/cropped-logo-kcc-2020.png","contentUrl":"https:\/\/nck.krakow.pl\/kcc\/wp-content\/uploads\/2020\/01\/cropped-logo-kcc-2020.png","width":116,"height":55,"caption":"Krakowskie Centrum Choreograficzne"},"image":{"@id":"https:\/\/nck.krakow.pl\/kcc\/#\/schema\/logo\/image\/"}}]}},"_links":{"self":[{"href":"https:\/\/nck.krakow.pl\/kcc\/wp-json\/wp\/v2\/pages\/2280"}],"collection":[{"href":"https:\/\/nck.krakow.pl\/kcc\/wp-json\/wp\/v2\/pages"}],"about":[{"href":"https:\/\/nck.krakow.pl\/kcc\/wp-json\/wp\/v2\/types\/page"}],"author":[{"embeddable":true,"href":"https:\/\/nck.krakow.pl\/kcc\/wp-json\/wp\/v2\/users\/5"}],"replies":[{"embeddable":true,"href":"https:\/\/nck.krakow.pl\/kcc\/wp-json\/wp\/v2\/comments?post=2280"}],"version-history":[{"count":6,"href":"https:\/\/nck.krakow.pl\/kcc\/wp-json\/wp\/v2\/pages\/2280\/revisions"}],"predecessor-version":[{"id":8965,"href":"https:\/\/nck.krakow.pl\/kcc\/wp-json\/wp\/v2\/pages\/2280\/revisions\/8965"}],"up":[{"embeddable":true,"href":"https:\/\/nck.krakow.pl\/kcc\/wp-json\/wp\/v2\/pages\/795"}],"wp:attachment":[{"href":"https:\/\/nck.krakow.pl\/kcc\/wp-json\/wp\/v2\/media?parent=2280"}],"curies":[{"name":"wp","href":"https:\/\/api.w.org\/{rel}","templated":true}]}}