{"id":101,"date":"2023-04-21T23:25:52","date_gmt":"2023-04-21T21:25:52","guid":{"rendered":"https:\/\/nck.krakow.pl\/kcc\/krakowskifestiwaltanca\/?post_type=workshop&#038;p=101"},"modified":"2025-06-06T07:54:48","modified_gmt":"2025-06-06T05:54:48","slug":"program","status":"publish","type":"workshop","link":"https:\/\/nck.krakow.pl\/kcc\/krakowskifestiwaltanca\/warsztaty\/program\/","title":{"rendered":"Warsztaty"},"content":{"rendered":"\n<button type=\"button\" class=\"scroll-top\">\ndo g\u00f3ry\n<\/button>\n\n\n\n<div class=\"wp-block-group has-base-color has-accent-background-color has-text-color has-background is-layout-flow wp-block-group-is-layout-flow\" style=\"padding-right:var(--wp--preset--spacing--60);padding-left:var(--wp--preset--spacing--60)\">\n<div class=\"wp-block-columns is-layout-flex wp-container-core-columns-is-layout-1 wp-block-columns-is-layout-flex\" style=\"padding-bottom:var(--wp--preset--spacing--80)\">\n<div class=\"wp-block-column is-layout-flow wp-block-column-is-layout-flow\"><\/div>\n\n\n\n<div class=\"wp-block-column is-layout-flow wp-block-column-is-layout-flow\">\n<h2 class=\"wp-block-heading has-text-align-left has-heading-3-font-size\">3-8.08.2025<\/h2>\n<\/div>\n<\/div>\n<\/div>\n\n\n\n<div class=\"wp-block-group has-global-padding is-layout-constrained wp-block-group-is-layout-constrained\" style=\"margin-top:var(--wp--preset--spacing--70);margin-bottom:var(--wp--preset--spacing--50)\">\n<div class=\"wp-block-query workshops-list is-layout-flow wp-block-query-is-layout-flow\"><ul class=\"wp-block-post-template is-layout-flow wp-block-post-template-is-layout-flow\"><li class=\"wp-block-post post-97 workshop type-workshop status-publish has-post-thumbnail hentry tag-rozwoj tag-ruch tag-swiadomosc-ciala\">\n\n<div class=\"wp-block-columns is-layout-flex wp-container-core-columns-is-layout-2 wp-block-columns-is-layout-flex\">\n<div class=\"wp-block-column is-layout-flow wp-block-column-is-layout-flow\"><figure class=\"wp-block-post-featured-image\"><a href=\"https:\/\/nck.krakow.pl\/kcc\/krakowskifestiwaltanca\/warsztaty\/program\/warsztaty-ruchowe-grupa-poczatkujaca\/\" target=\"_self\"  ><img loading=\"lazy\" decoding=\"async\" width=\"1440\" height=\"700\" src=\"https:\/\/nck.krakow.pl\/kcc\/krakowskifestiwaltanca\/wp-content\/uploads\/sites\/10\/2023\/04\/WYROZNIAJACE-2.png\" class=\"attachment-post-thumbnail size-post-thumbnail wp-post-image\" alt=\"Warsztaty Ruchowe Grupa PoCZ\u0104TKUJ\u0104CA\" style=\"object-fit:cover;\" srcset=\"https:\/\/nck.krakow.pl\/kcc\/krakowskifestiwaltanca\/wp-content\/uploads\/sites\/10\/2023\/04\/WYROZNIAJACE-2.png 1440w, https:\/\/nck.krakow.pl\/kcc\/krakowskifestiwaltanca\/wp-content\/uploads\/sites\/10\/2023\/04\/WYROZNIAJACE-2-300x146.png 300w, https:\/\/nck.krakow.pl\/kcc\/krakowskifestiwaltanca\/wp-content\/uploads\/sites\/10\/2023\/04\/WYROZNIAJACE-2-1024x498.png 1024w, https:\/\/nck.krakow.pl\/kcc\/krakowskifestiwaltanca\/wp-content\/uploads\/sites\/10\/2023\/04\/WYROZNIAJACE-2-768x373.png 768w\" sizes=\"(max-width: 1440px) 100vw, 1440px\" \/><\/a><\/figure><\/div>\n\n\n\n<div class=\"wp-block-column space-between-column is-layout-flow wp-block-column-is-layout-flow\">\n<div class=\"wp-block-group has-global-padding is-layout-constrained wp-block-group-is-layout-constrained\"><h3 class=\"copy-link wp-block-post-title has-heading-4-font-size\"><a href=\"https:\/\/nck.krakow.pl\/kcc\/krakowskifestiwaltanca\/warsztaty\/program\/warsztaty-ruchowe-grupa-poczatkujaca\/\" target=\"_self\" >Warsztaty Ruchowe Grupa PoCZ\u0104TKUJ\u0104CA<\/a><\/h3>\n\n<div style=\"font-style:normal;font-weight:500\" class=\"taxonomy-post_tag has-link-color wp-elements-d4febd33b2fbec1556367641109395f4 wp-block-post-terms has-text-color has-grey-5-color\"><a href=\"https:\/\/nck.krakow.pl\/kcc\/krakowskifestiwaltanca\/tag\/rozwoj\/\" rel=\"tag\">rozw\u00f3j<\/a><span class=\"wp-block-post-terms__separator\"> <\/span><a href=\"https:\/\/nck.krakow.pl\/kcc\/krakowskifestiwaltanca\/tag\/ruch\/\" rel=\"tag\">ruch<\/a><span class=\"wp-block-post-terms__separator\"> <\/span><a href=\"https:\/\/nck.krakow.pl\/kcc\/krakowskifestiwaltanca\/tag\/swiadomosc-ciala\/\" rel=\"tag\">\u015bwiadomo\u015b\u0107 cia\u0142a<\/a><\/div>\n\n<div style=\"text-decoration:none; margin-top:0;\" class=\"btn-with-arrow wp-block-post-excerpt\"><p class=\"wp-block-post-excerpt__excerpt\">Pi\u0119ciodniowe warsztaty ruchowe z mi\u0119dzynarodow\u0105 kadr\u0105. Je\u015bli zaczynasz przygod\u0119 z ta\u0144cem, masz niewielkie do\u015bwiadczenie w ta\u0144cu wsp\u00f3\u0142czesnym i improwizacji, jeste\u015b pasjonatem_tk\u0105 ruchu \u2013 ten poziom jest dla Ciebie.<\/p><p class=\"wp-block-post-excerpt__more-text\"><a class=\"wp-block-post-excerpt__more-link\" href=\"https:\/\/nck.krakow.pl\/kcc\/krakowskifestiwaltanca\/warsztaty\/program\/warsztaty-ruchowe-grupa-poczatkujaca\/\">zobacz wi\u0119cej<\/a><\/p><\/div><\/div>\n\n\n\n<div class=\"wp-block-group has-unbounded-font-family has-heading-5-font-size has-global-padding is-content-justification-left is-layout-constrained wp-container-core-group-is-layout-3 wp-block-group-is-layout-constrained\"><p class=\"workshop-date\">\n  4-8.08.2025\n<\/p><\/div>\n<\/div>\n<\/div>\n\n<\/li><li class=\"wp-block-post post-100 workshop type-workshop status-publish has-post-thumbnail hentry tag-nowe_perspektywy tag-rozwoj tag-taniec\">\n\n<div class=\"wp-block-columns is-layout-flex wp-container-core-columns-is-layout-3 wp-block-columns-is-layout-flex\">\n<div class=\"wp-block-column is-layout-flow wp-block-column-is-layout-flow\"><figure class=\"wp-block-post-featured-image\"><a href=\"https:\/\/nck.krakow.pl\/kcc\/krakowskifestiwaltanca\/warsztaty\/program\/warsztaty-ruchowe-grupa-srednio-zaawansowana\/\" target=\"_self\"  ><img loading=\"lazy\" decoding=\"async\" width=\"1440\" height=\"700\" src=\"https:\/\/nck.krakow.pl\/kcc\/krakowskifestiwaltanca\/wp-content\/uploads\/sites\/10\/2023\/04\/wyrozniajace-3.png\" class=\"attachment-post-thumbnail size-post-thumbnail wp-post-image\" alt=\"Warsztaty Ruchowe Grupa \u015arednio \/ Zaawansowana\" style=\"object-fit:cover;\" srcset=\"https:\/\/nck.krakow.pl\/kcc\/krakowskifestiwaltanca\/wp-content\/uploads\/sites\/10\/2023\/04\/wyrozniajace-3.png 1440w, https:\/\/nck.krakow.pl\/kcc\/krakowskifestiwaltanca\/wp-content\/uploads\/sites\/10\/2023\/04\/wyrozniajace-3-300x146.png 300w, https:\/\/nck.krakow.pl\/kcc\/krakowskifestiwaltanca\/wp-content\/uploads\/sites\/10\/2023\/04\/wyrozniajace-3-1024x498.png 1024w, https:\/\/nck.krakow.pl\/kcc\/krakowskifestiwaltanca\/wp-content\/uploads\/sites\/10\/2023\/04\/wyrozniajace-3-768x373.png 768w\" sizes=\"(max-width: 1440px) 100vw, 1440px\" \/><\/a><\/figure><\/div>\n\n\n\n<div class=\"wp-block-column space-between-column is-layout-flow wp-block-column-is-layout-flow\">\n<div class=\"wp-block-group has-global-padding is-layout-constrained wp-block-group-is-layout-constrained\"><h3 class=\"copy-link wp-block-post-title has-heading-4-font-size\"><a href=\"https:\/\/nck.krakow.pl\/kcc\/krakowskifestiwaltanca\/warsztaty\/program\/warsztaty-ruchowe-grupa-srednio-zaawansowana\/\" target=\"_self\" >Warsztaty Ruchowe Grupa \u015arednio \/ Zaawansowana<\/a><\/h3>\n\n<div style=\"font-style:normal;font-weight:500\" class=\"taxonomy-post_tag has-link-color wp-elements-d4febd33b2fbec1556367641109395f4 wp-block-post-terms has-text-color has-grey-5-color\"><a href=\"https:\/\/nck.krakow.pl\/kcc\/krakowskifestiwaltanca\/tag\/nowe_perspektywy\/\" rel=\"tag\">nowe_perspektywy<\/a><span class=\"wp-block-post-terms__separator\"> <\/span><a href=\"https:\/\/nck.krakow.pl\/kcc\/krakowskifestiwaltanca\/tag\/rozwoj\/\" rel=\"tag\">rozw\u00f3j<\/a><span class=\"wp-block-post-terms__separator\"> <\/span><a href=\"https:\/\/nck.krakow.pl\/kcc\/krakowskifestiwaltanca\/tag\/taniec\/\" rel=\"tag\">taniec<\/a><\/div>\n\n<div style=\"text-decoration:none; margin-top:0;\" class=\"btn-with-arrow wp-block-post-excerpt\"><p class=\"wp-block-post-excerpt__excerpt\">Pi\u0119ciodniowe warsztaty ruchowe z mi\u0119dzynarodow\u0105 kadr\u0105. Je\u015bli masz min. 3-letnie do\u015bwiadczenie w ta\u0144cu wsp\u00f3\u0142czesnym, dobr\u0105 koordynacj\u0119 i \u015bwiadomo\u015b\u0107 cia\u0142a, regularnie ucz\u0119szczasz na warsztaty i\/lub zaj\u0119cia taneczne \u2013 ten poziom jest dla Ciebie.<\/p><p class=\"wp-block-post-excerpt__more-text\"><a class=\"wp-block-post-excerpt__more-link\" href=\"https:\/\/nck.krakow.pl\/kcc\/krakowskifestiwaltanca\/warsztaty\/program\/warsztaty-ruchowe-grupa-srednio-zaawansowana\/\">zobacz wi\u0119cej<\/a><\/p><\/div><\/div>\n\n\n\n<div class=\"wp-block-group has-unbounded-font-family has-heading-5-font-size has-global-padding is-content-justification-left is-layout-constrained wp-container-core-group-is-layout-5 wp-block-group-is-layout-constrained\"><p class=\"workshop-date\">\n  4-8.08.2025\n<\/p><\/div>\n<\/div>\n<\/div>\n\n<\/li><li class=\"wp-block-post post-2652 workshop type-workshop status-publish has-post-thumbnail hentry tag-doswiadczenie tag-obserwacja tag-pisanie\">\n\n<div class=\"wp-block-columns is-layout-flex wp-container-core-columns-is-layout-4 wp-block-columns-is-layout-flex\">\n<div class=\"wp-block-column is-layout-flow wp-block-column-is-layout-flow\"><figure class=\"wp-block-post-featured-image\"><a href=\"https:\/\/nck.krakow.pl\/kcc\/krakowskifestiwaltanca\/warsztaty\/program\/warsztaty-pisarskie\/\" target=\"_self\"  ><img loading=\"lazy\" decoding=\"async\" width=\"1440\" height=\"700\" src=\"https:\/\/nck.krakow.pl\/kcc\/krakowskifestiwaltanca\/wp-content\/uploads\/sites\/10\/2025\/06\/wyrozniajace.png\" class=\"attachment-post-thumbnail size-post-thumbnail wp-post-image\" alt=\"Warsztaty pisarskie\" style=\"object-fit:cover;\" srcset=\"https:\/\/nck.krakow.pl\/kcc\/krakowskifestiwaltanca\/wp-content\/uploads\/sites\/10\/2025\/06\/wyrozniajace.png 1440w, https:\/\/nck.krakow.pl\/kcc\/krakowskifestiwaltanca\/wp-content\/uploads\/sites\/10\/2025\/06\/wyrozniajace-300x146.png 300w, https:\/\/nck.krakow.pl\/kcc\/krakowskifestiwaltanca\/wp-content\/uploads\/sites\/10\/2025\/06\/wyrozniajace-1024x498.png 1024w, https:\/\/nck.krakow.pl\/kcc\/krakowskifestiwaltanca\/wp-content\/uploads\/sites\/10\/2025\/06\/wyrozniajace-768x373.png 768w\" sizes=\"(max-width: 1440px) 100vw, 1440px\" \/><\/a><\/figure><\/div>\n\n\n\n<div class=\"wp-block-column space-between-column is-layout-flow wp-block-column-is-layout-flow\">\n<div class=\"wp-block-group has-global-padding is-layout-constrained wp-block-group-is-layout-constrained\"><h3 class=\"copy-link wp-block-post-title has-heading-4-font-size\"><a href=\"https:\/\/nck.krakow.pl\/kcc\/krakowskifestiwaltanca\/warsztaty\/program\/warsztaty-pisarskie\/\" target=\"_self\" >Warsztaty pisarskie<\/a><\/h3>\n\n<div style=\"font-style:normal;font-weight:500\" class=\"taxonomy-post_tag has-link-color wp-elements-d4febd33b2fbec1556367641109395f4 wp-block-post-terms has-text-color has-grey-5-color\"><a href=\"https:\/\/nck.krakow.pl\/kcc\/krakowskifestiwaltanca\/tag\/doswiadczenie\/\" rel=\"tag\">do\u015bwiadczenie<\/a><span class=\"wp-block-post-terms__separator\"> <\/span><a href=\"https:\/\/nck.krakow.pl\/kcc\/krakowskifestiwaltanca\/tag\/obserwacja\/\" rel=\"tag\">obserwacja<\/a><span class=\"wp-block-post-terms__separator\"> <\/span><a href=\"https:\/\/nck.krakow.pl\/kcc\/krakowskifestiwaltanca\/tag\/pisanie\/\" rel=\"tag\">pisanie<\/a><\/div>\n\n<div style=\"text-decoration:none; margin-top:0;\" class=\"btn-with-arrow wp-block-post-excerpt\"><p class=\"wp-block-post-excerpt__excerpt\">2,5 godzinny warsztat, podczas kt\u00f3rego b\u0119dziemy zadawa\u0107 sobie pytania, kt\u00f3re pomog\u0105 nam zwi\u0119kszy\u0107 percepcj\u0119 na otoczenie i w\u0142asne cia\u0142o, szuka\u0107 s\u0142\u00f3w na cielesne doznania, eksperymentowa\u0107 z czynno\u015bci\u0105 pisania. Warsztaty otwarte dla wszystkich, niezale\u017cnie od stopnia zaawansowania w ta\u0144cu lub pisaniu.<\/p><p class=\"wp-block-post-excerpt__more-text\"><a class=\"wp-block-post-excerpt__more-link\" href=\"https:\/\/nck.krakow.pl\/kcc\/krakowskifestiwaltanca\/warsztaty\/program\/warsztaty-pisarskie\/\">zobacz wi\u0119cej<\/a><\/p><\/div><\/div>\n\n\n\n<div class=\"wp-block-group has-unbounded-font-family has-heading-5-font-size has-global-padding is-content-justification-left is-layout-constrained wp-container-core-group-is-layout-7 wp-block-group-is-layout-constrained\"><p class=\"workshop-date\">\n  3.08.2025\n<\/p><\/div>\n<\/div>\n<\/div>\n\n<\/li><li class=\"wp-block-post post-2682 workshop type-workshop status-publish has-post-thumbnail hentry tag-przyjemnosc-2 tag-ruch tag-spotkanie\">\n\n<div class=\"wp-block-columns is-layout-flex wp-container-core-columns-is-layout-5 wp-block-columns-is-layout-flex\">\n<div class=\"wp-block-column is-layout-flow wp-block-column-is-layout-flow\"><figure class=\"wp-block-post-featured-image\"><a href=\"https:\/\/nck.krakow.pl\/kcc\/krakowskifestiwaltanca\/warsztaty\/program\/warsztaty-kreatywne-dla-osob-60\/\" target=\"_self\"  ><img loading=\"lazy\" decoding=\"async\" width=\"1440\" height=\"700\" src=\"https:\/\/nck.krakow.pl\/kcc\/krakowskifestiwaltanca\/wp-content\/uploads\/sites\/10\/2025\/06\/wyrozniajace-1.png\" class=\"attachment-post-thumbnail size-post-thumbnail wp-post-image\" alt=\"Warsztaty KREATYWNE DLA OS\u00d3B 60+\" style=\"object-fit:cover;\" srcset=\"https:\/\/nck.krakow.pl\/kcc\/krakowskifestiwaltanca\/wp-content\/uploads\/sites\/10\/2025\/06\/wyrozniajace-1.png 1440w, https:\/\/nck.krakow.pl\/kcc\/krakowskifestiwaltanca\/wp-content\/uploads\/sites\/10\/2025\/06\/wyrozniajace-1-300x146.png 300w, https:\/\/nck.krakow.pl\/kcc\/krakowskifestiwaltanca\/wp-content\/uploads\/sites\/10\/2025\/06\/wyrozniajace-1-1024x498.png 1024w, https:\/\/nck.krakow.pl\/kcc\/krakowskifestiwaltanca\/wp-content\/uploads\/sites\/10\/2025\/06\/wyrozniajace-1-768x373.png 768w\" sizes=\"(max-width: 1440px) 100vw, 1440px\" \/><\/a><\/figure><\/div>\n\n\n\n<div class=\"wp-block-column space-between-column is-layout-flow wp-block-column-is-layout-flow\">\n<div class=\"wp-block-group has-global-padding is-layout-constrained wp-block-group-is-layout-constrained\"><h3 class=\"copy-link wp-block-post-title has-heading-4-font-size\"><a href=\"https:\/\/nck.krakow.pl\/kcc\/krakowskifestiwaltanca\/warsztaty\/program\/warsztaty-kreatywne-dla-osob-60\/\" target=\"_self\" >Warsztaty KREATYWNE DLA OS\u00d3B 60+<\/a><\/h3>\n\n<div style=\"font-style:normal;font-weight:500\" class=\"taxonomy-post_tag has-link-color wp-elements-d4febd33b2fbec1556367641109395f4 wp-block-post-terms has-text-color has-grey-5-color\"><a href=\"https:\/\/nck.krakow.pl\/kcc\/krakowskifestiwaltanca\/tag\/przyjemnosc-2\/\" rel=\"tag\">przyjemno\u015b\u0107<\/a><span class=\"wp-block-post-terms__separator\"> <\/span><a href=\"https:\/\/nck.krakow.pl\/kcc\/krakowskifestiwaltanca\/tag\/ruch\/\" rel=\"tag\">ruch<\/a><span class=\"wp-block-post-terms__separator\"> <\/span><a href=\"https:\/\/nck.krakow.pl\/kcc\/krakowskifestiwaltanca\/tag\/spotkanie\/\" rel=\"tag\">spotkanie<\/a><\/div>\n\n<div style=\"text-decoration:none; margin-top:0;\" class=\"btn-with-arrow wp-block-post-excerpt\"><p class=\"wp-block-post-excerpt__excerpt\">Jak nasze cia\u0142o mo\u017ce nas wesprze\u0107 w codziennych aktywno\u015bciach? Poprzez \u0107wiczenia z improwizacji zadaniowej i ta\u0144ca kreatywnego, b\u0119dziemy poszukiwa\u0107 takiego ruchu, kt\u00f3ry pozwoli odkry\u0107 rado\u015b\u0107 i przyjemno\u015b\u0107 w ciele. Warsztaty dla wszystkich zainteresowanych, niezale\u017cnie od do\u015bwiadczenia.<\/p><p class=\"wp-block-post-excerpt__more-text\"><a class=\"wp-block-post-excerpt__more-link\" href=\"https:\/\/nck.krakow.pl\/kcc\/krakowskifestiwaltanca\/warsztaty\/program\/warsztaty-kreatywne-dla-osob-60\/\">zobacz wi\u0119cej<\/a><\/p><\/div><\/div>\n\n\n\n<div class=\"wp-block-group has-unbounded-font-family has-heading-5-font-size has-global-padding is-content-justification-left is-layout-constrained wp-container-core-group-is-layout-9 wp-block-group-is-layout-constrained\"><p class=\"workshop-date\">\n  6.08.2025\n<\/p><\/div>\n<\/div>\n<\/div>\n\n<\/li><\/ul><\/div>\n<\/div>\n\n\n\n<div class=\"wp-block-group has-global-padding is-layout-constrained wp-container-core-group-is-layout-11 wp-block-group-is-layout-constrained\" style=\"padding-right:var(--wp--preset--spacing--60);padding-bottom:var(--wp--preset--spacing--60);padding-left:var(--wp--preset--spacing--60)\">\n<h2 class=\"wp-block-heading has-heading-3-font-size\" id=\"zapisy_na_warsztaty\" style=\"margin-top:var(--wp--preset--spacing--70);margin-bottom:var(--wp--preset--spacing--70)\">Zapisy na warsztaty<\/h2>\n\n\n\n<div class=\"wp-block-create-block-kft-steps is-style-grid\">\n<div class=\"embla embla-steps\"><ol class=\"wp-block-create-block-kft-steps-container embla__container\">\n<li class=\"wp-block-create-block-kft-step embla__slide\"><div class=\"content\">\n<h3 class=\"wp-block-heading has-heading-4-font-size\" style=\"margin-bottom:var(--wp--preset--spacing--30)\">Wybierz, co ci\u0119 rusza<\/h3>\n\n\n\n<p style=\"margin-top:0\">W zak\u0142adce warsztaty zapoznaj si\u0119 opisem zaj\u0119\u0107, harmonogramem i regulaminem.<\/p>\n<\/div><\/li>\n\n\n\n<li class=\"wp-block-create-block-kft-step embla__slide\"><div class=\"content\">\n<h3 class=\"wp-block-heading has-heading-4-font-size\" style=\"margin-bottom:var(--wp--preset--spacing--30)\">Wype\u0142nij formularz<\/h3>\n\n\n\n<p style=\"margin-top:0\">W formularzu wybierz poziom, kt\u00f3ry Ci odpowiada i&nbsp;wype\u0142nij wszystkie potrzebne nam informacje.&nbsp;<\/p>\n\n\n\n<div class=\"wp-block-create-block-kft-substep\">\n<h4 class=\"wp-block-heading has-heading-5-font-size\" style=\"margin-bottom:var(--wp--preset--spacing--30)\">Wybierasz si\u0119 na pojedyncze lekcje?<\/h4>\n\n\n\n<p style=\"margin-top:0\">27.07 pojawi si\u0119 lista pojedynczych warsztat\u00f3w, na kt\u00f3re b\u0119dziesz m\u00f3g\u0142_\u0142a si\u0119&nbsp;zapisa\u0107.<\/p>\n<\/div>\n<\/div><\/li>\n\n\n\n<li class=\"wp-block-create-block-kft-step embla__slide\"><div class=\"content\">\n<h3 class=\"wp-block-heading has-heading-4-font-size\" style=\"margin-bottom:var(--wp--preset--spacing--30)\">zaakceptuj i&nbsp;wy\u015blij<\/h3>\n\n\n\n<p style=\"margin-top:0\">Zaakceptuj regulamin i wy\u015blij zg\u0142oszenie. Upewnij si\u0119, \u017ce klikn\u0119\u0142_\u015b ostatni przycisk WY\u015aLIJ.&nbsp;Tylko po otrzymaniu informacji o zapisie dokonuj p\u0142atno\u015bci.<\/p>\n<\/div><\/li>\n\n\n\n<li class=\"wp-block-create-block-kft-step embla__slide\"><div class=\"content\">\n<h3 class=\"wp-block-heading has-heading-4-font-size\" style=\"margin-bottom:var(--wp--preset--spacing--30)\">przejd\u017a do OP\u0141AT<\/h3>\n\n\n\n<p style=\"margin-top:0\">W ci\u0105gu kilku dni wy\u015blemy Ci wiadomo\u015b\u0107 z&nbsp;potwierdzeniem zapisu na warsztaty. W niej znajdziesz te\u017c dane do przelewu.<\/p>\n\n\n\n<div class=\"wp-block-create-block-kft-substep\">\n<h4 class=\"wp-block-heading\" style=\"margin-bottom:var(--wp--preset--spacing--30)\">Do zobaczenia<\/h4>\n\n\n\n<p style=\"margin-top:0\">Te\u017c nie mo\u017cemy doczeka\u0107 si\u0119 spotkania z Tob\u0105!&nbsp;<\/p>\n<\/div>\n<\/div><\/li>\n<\/ol><div class=\"embla__dots-wrapper\"><div class=\"embla__dots\"><\/div><\/div><\/div>\n\n\n\n<div class=\"wp-block-create-block-kft-steps-additional-content\">\n<h3 class=\"wp-block-heading has-heading-5-font-size\">Wci\u0105\u017c masz jakie\u015b pytania?<\/h3>\n\n\n\n<p class=\"btn-with-arrow btn-kft btn-light\">Zajrzyj do <a href=\"https:\/\/nck.krakow.pl\/kcc\/krakowskifestiwaltanca\/kontakt\">FAQ<\/a><\/p>\n\n\n\n<p>lub napisz do nas:&nbsp; <a href=\"mailto:zapisy.kcc@nck.krakow\">zapisy.kcc@nck.krakow<\/a><\/p>\n<\/div>\n<\/div>\n<\/div>\n\n\n\n<aside class=\"wp-block-group custom-posts-slider is-layout-flow wp-block-group-is-layout-flow\" style=\"margin-top:1.25rem;margin-bottom:1.25rem\">\n<div class=\"wp-block-columns is-layout-flex wp-container-core-columns-is-layout-6 wp-block-columns-is-layout-flex\">\n<div class=\"wp-block-column custom-posts-slider-heading is-layout-flow wp-block-column-is-layout-flow\" style=\"padding-bottom:var(--wp--preset--spacing--70);flex-basis:33%\">\n<h2 class=\"has-heading-3-font-size wp-block-heading\">Zobacz te\u017c:<\/h2>\n<\/div>\n\n\n\n<div class=\"wp-block-column embla custom-posts-slider-content is-layout-flow wp-block-column-is-layout-flow\" style=\"padding-top:0;padding-right:0;padding-bottom:0\">\n<div class=\"wp-block-group embla__container custom-posts-slider-container is-nowrap is-layout-flex wp-container-core-group-is-layout-16 wp-block-group-is-layout-flex\" style=\"padding-right:0\">\n<div class=\"wp-block-query embla__slide is-layout-flow wp-block-query-is-layout-flow\"><ul class=\"wp-block-post-template is-layout-flow wp-block-post-template-is-layout-flow\"><li class=\"wp-block-post post-2563 event type-event status-publish has-post-thumbnail hentry category-sobota category-wydarzenia-towarzyszace tag-final tag-impreza tag-taniec\">\n\n<div class=\"wp-block-group is-layout-flow wp-block-group-is-layout-flow\"><p class=\"event-date\">\n<span>09.08<\/span><span>20:00<\/span>\n<\/p>\n\n\n<div class=\"wp-block-group image-wrapper is-layout-flow wp-block-group-is-layout-flow\"><figure class=\"image wp-block-post-featured-image\"><img loading=\"lazy\" decoding=\"async\" width=\"1440\" height=\"700\" src=\"https:\/\/nck.krakow.pl\/kcc\/krakowskifestiwaltanca\/wp-content\/uploads\/sites\/10\/2025\/05\/wyrozniajace-7.png\" class=\"attachment-post-thumbnail size-post-thumbnail wp-post-image\" alt=\"\" style=\"object-fit:cover;\" srcset=\"https:\/\/nck.krakow.pl\/kcc\/krakowskifestiwaltanca\/wp-content\/uploads\/sites\/10\/2025\/05\/wyrozniajace-7.png 1440w, https:\/\/nck.krakow.pl\/kcc\/krakowskifestiwaltanca\/wp-content\/uploads\/sites\/10\/2025\/05\/wyrozniajace-7-300x146.png 300w, https:\/\/nck.krakow.pl\/kcc\/krakowskifestiwaltanca\/wp-content\/uploads\/sites\/10\/2025\/05\/wyrozniajace-7-1024x498.png 1024w, https:\/\/nck.krakow.pl\/kcc\/krakowskifestiwaltanca\/wp-content\/uploads\/sites\/10\/2025\/05\/wyrozniajace-7-768x373.png 768w\" sizes=\"(max-width: 1440px) 100vw, 1440px\" \/><\/figure><\/div>\n\n\n<h3 style=\"margin-top:var(--wp--preset--spacing--30);margin-right:0;margin-bottom:var(--wp--preset--spacing--30);margin-left:0;\" class=\"wp-block-post-title has-heading-4-font-size\">SILENT DISCO<\/h3>\n\n<p class=\"event-additional-info\">\nDuet Tropicana Slim &#038; OG BB, Wojtek Kiwer\n<\/p>\n\n<div class=\"taxonomy-post_tag wp-block-post-terms has-gambetta-font-family\"><a href=\"https:\/\/nck.krakow.pl\/kcc\/krakowskifestiwaltanca\/tag\/final\/\" rel=\"tag\">fina\u0142<\/a><span class=\"wp-block-post-terms__separator\"> <\/span><a href=\"https:\/\/nck.krakow.pl\/kcc\/krakowskifestiwaltanca\/tag\/impreza\/\" rel=\"tag\">impreza<\/a><span class=\"wp-block-post-terms__separator\"> <\/span><a href=\"https:\/\/nck.krakow.pl\/kcc\/krakowskifestiwaltanca\/tag\/taniec\/\" rel=\"tag\">taniec<\/a><\/div>\n\n<div style=\"margin-top:0;margin-right:0;margin-bottom:0;margin-left:0;\" class=\"btn-with-arrow btn-kft btn-light wp-block-post-excerpt\"><p class=\"wp-block-post-excerpt__excerpt\">Na fina\u0142 5. edycji Krakowskiego Festiwalu Ta\u0144ca zapraszamy na silent disco w klimatycznej przestrzeni Bia\u0142ej Galerii CENTRUM.<\/p><p class=\"wp-block-post-excerpt__more-text\"><a class=\"wp-block-post-excerpt__more-link\" href=\"https:\/\/nck.krakow.pl\/kcc\/krakowskifestiwaltanca\/wydarzenia\/program\/silent-disco\/\">zobacz wi\u0119cej<\/a><\/p><\/div><\/div>\n\n<\/li><\/ul><\/div>\n\n\n\n<div class=\"wp-block-query embla__slide is-layout-flow wp-block-query-is-layout-flow\"><ul class=\"wp-block-post-template is-layout-flow wp-block-post-template-is-layout-flow\"><li class=\"wp-block-post post-2487 event type-event status-publish has-post-thumbnail hentry category-wtorek tag-cialo-glos tag-daj_sobie_czas tag-spektakl-instalacja\">\n\n<div class=\"wp-block-group is-layout-flow wp-block-group-is-layout-flow\"><p class=\"event-date\">\n<span>05.08<\/span><span>18:00 lub 19:15<\/span>\n<\/p>\n\n\n<div class=\"wp-block-group image-wrapper is-layout-flow wp-block-group-is-layout-flow\"><figure class=\"image wp-block-post-featured-image\"><img loading=\"lazy\" decoding=\"async\" width=\"1440\" height=\"700\" src=\"https:\/\/nck.krakow.pl\/kcc\/krakowskifestiwaltanca\/wp-content\/uploads\/sites\/10\/2025\/05\/wyrozniajace-3.png\" class=\"attachment-post-thumbnail size-post-thumbnail wp-post-image\" alt=\"\" style=\"object-fit:cover;\" srcset=\"https:\/\/nck.krakow.pl\/kcc\/krakowskifestiwaltanca\/wp-content\/uploads\/sites\/10\/2025\/05\/wyrozniajace-3.png 1440w, https:\/\/nck.krakow.pl\/kcc\/krakowskifestiwaltanca\/wp-content\/uploads\/sites\/10\/2025\/05\/wyrozniajace-3-300x146.png 300w, https:\/\/nck.krakow.pl\/kcc\/krakowskifestiwaltanca\/wp-content\/uploads\/sites\/10\/2025\/05\/wyrozniajace-3-1024x498.png 1024w, https:\/\/nck.krakow.pl\/kcc\/krakowskifestiwaltanca\/wp-content\/uploads\/sites\/10\/2025\/05\/wyrozniajace-3-768x373.png 768w\" sizes=\"(max-width: 1440px) 100vw, 1440px\" \/><\/figure><\/div>\n\n\n<h3 style=\"margin-top:var(--wp--preset--spacing--30);margin-right:0;margin-bottom:var(--wp--preset--spacing--30);margin-left:0;\" class=\"wp-block-post-title has-heading-4-font-size\">UNEARTH<\/h3>\n\n<p class=\"event-additional-info\">\nJefta van Dinther\n<\/p>\n\n<div class=\"taxonomy-post_tag wp-block-post-terms has-gambetta-font-family\"><a href=\"https:\/\/nck.krakow.pl\/kcc\/krakowskifestiwaltanca\/tag\/cialo-glos\/\" rel=\"tag\">cia\u0142o-g\u0142os<\/a><span class=\"wp-block-post-terms__separator\"> <\/span><a href=\"https:\/\/nck.krakow.pl\/kcc\/krakowskifestiwaltanca\/tag\/daj_sobie_czas\/\" rel=\"tag\">daj_sobie_czas<\/a><span class=\"wp-block-post-terms__separator\"> <\/span><a href=\"https:\/\/nck.krakow.pl\/kcc\/krakowskifestiwaltanca\/tag\/spektakl-instalacja\/\" rel=\"tag\">spektakl-instalacja<\/a><\/div>\n\n<div style=\"margin-top:0;margin-right:0;margin-bottom:0;margin-left:0;\" class=\"btn-with-arrow btn-kft btn-light wp-block-post-excerpt\"><p class=\"wp-block-post-excerpt__excerpt\">W Unearth Jefta van Dinther gromadzi dziesi\u0119ciu tancerzy w odwa\u017cnej, minimalistycznej choreografii cia\u0142a i g\u0142osu. To widzowie_ki decyduj\u0105, jak d\u0142ugo chc\u0105 uczestniczy\u0107 w spektaklu.<\/p><p class=\"wp-block-post-excerpt__more-text\"><a class=\"wp-block-post-excerpt__more-link\" href=\"https:\/\/nck.krakow.pl\/kcc\/krakowskifestiwaltanca\/wydarzenia\/program\/unearth\/\">zobacz wi\u0119cej<\/a><\/p><\/div><\/div>\n\n<\/li><\/ul><\/div>\n<\/div>\n\n\n\n<button class=\"embla__prev\" title=\"Poprzedni\">\n  Poprzedni\n<\/button>\n<button class=\"embla__next\" title=\"Nast\u0119pny\">\n  Nast\u0119pny\n<\/button>\n<\/div>\n<\/div>\n<\/aside>\n","protected":false},"excerpt":{"rendered":"<p>3-8.08.2025<\/p>\n","protected":false},"featured_media":0,"parent":0,"menu_order":0,"template":"programme-page","categories":[],"tags":[],"class_list":["post-101","workshop","type-workshop","status-publish","hentry"],"yoast_head":"<!-- This site is optimized with the Yoast SEO plugin v19.12 - https:\/\/yoast.com\/wordpress\/plugins\/seo\/ -->\n<title>Warsztaty - Krakowski Festiwal Ta\u0144ca<\/title>\n<meta name=\"robots\" content=\"index, follow, max-snippet:-1, max-image-preview:large, max-video-preview:-1\" \/>\n<link rel=\"canonical\" href=\"https:\/\/nck.krakow.pl\/kcc\/krakowskifestiwaltanca\/warsztaty\/program\/\" \/>\n<meta property=\"og:locale\" content=\"pl_PL\" \/>\n<meta property=\"og:type\" content=\"article\" \/>\n<meta property=\"og:title\" content=\"Warsztaty - Krakowski Festiwal Ta\u0144ca\" \/>\n<meta property=\"og:description\" content=\"3-8.08.2025\" \/>\n<meta property=\"og:url\" content=\"https:\/\/nck.krakow.pl\/kcc\/krakowskifestiwaltanca\/warsztaty\/program\/\" \/>\n<meta property=\"og:site_name\" content=\"Krakowski Festiwal Ta\u0144ca\" \/>\n<meta property=\"article:modified_time\" content=\"2025-06-06T05:54:48+00:00\" \/>\n<meta name=\"twitter:card\" content=\"summary_large_image\" \/>\n<meta name=\"twitter:label1\" content=\"Est. reading time\" \/>\n\t<meta name=\"twitter:data1\" content=\"1 minuta\" \/>\n<script type=\"application\/ld+json\" class=\"yoast-schema-graph\">{\"@context\":\"https:\/\/schema.org\",\"@graph\":[{\"@type\":\"WebPage\",\"@id\":\"https:\/\/nck.krakow.pl\/kcc\/krakowskifestiwaltanca\/warsztaty\/program\/\",\"url\":\"https:\/\/nck.krakow.pl\/kcc\/krakowskifestiwaltanca\/warsztaty\/program\/\",\"name\":\"Warsztaty - Krakowski Festiwal Ta\u0144ca\",\"isPartOf\":{\"@id\":\"https:\/\/nck.krakow.pl\/kcc\/krakowskifestiwaltanca\/#website\"},\"datePublished\":\"2023-04-21T21:25:52+00:00\",\"dateModified\":\"2025-06-06T05:54:48+00:00\",\"breadcrumb\":{\"@id\":\"https:\/\/nck.krakow.pl\/kcc\/krakowskifestiwaltanca\/warsztaty\/program\/#breadcrumb\"},\"inLanguage\":\"pl-PL\",\"potentialAction\":[{\"@type\":\"ReadAction\",\"target\":[\"https:\/\/nck.krakow.pl\/kcc\/krakowskifestiwaltanca\/warsztaty\/program\/\"]}]},{\"@type\":\"BreadcrumbList\",\"@id\":\"https:\/\/nck.krakow.pl\/kcc\/krakowskifestiwaltanca\/warsztaty\/program\/#breadcrumb\",\"itemListElement\":[{\"@type\":\"ListItem\",\"position\":1,\"name\":\"Strona g\u0142\u00f3wna\",\"item\":\"https:\/\/nck.krakow.pl\/kcc\/krakowskifestiwaltanca\/\"},{\"@type\":\"ListItem\",\"position\":2,\"name\":\"Warsztaty\"}]},{\"@type\":\"WebSite\",\"@id\":\"https:\/\/nck.krakow.pl\/kcc\/krakowskifestiwaltanca\/#website\",\"url\":\"https:\/\/nck.krakow.pl\/kcc\/krakowskifestiwaltanca\/\",\"name\":\"Krakowski Festiwal Ta\u0144ca\",\"description\":\"\",\"publisher\":{\"@id\":\"https:\/\/nck.krakow.pl\/kcc\/krakowskifestiwaltanca\/#organization\"},\"potentialAction\":[{\"@type\":\"SearchAction\",\"target\":{\"@type\":\"EntryPoint\",\"urlTemplate\":\"https:\/\/nck.krakow.pl\/kcc\/krakowskifestiwaltanca\/?s={search_term_string}\"},\"query-input\":\"required name=search_term_string\"}],\"inLanguage\":\"pl-PL\"},{\"@type\":\"Organization\",\"@id\":\"https:\/\/nck.krakow.pl\/kcc\/krakowskifestiwaltanca\/#organization\",\"name\":\"Krakowski Festiwal Ta\u0144ca\",\"url\":\"https:\/\/nck.krakow.pl\/kcc\/krakowskifestiwaltanca\/\",\"logo\":{\"@type\":\"ImageObject\",\"inLanguage\":\"pl-PL\",\"@id\":\"https:\/\/nck.krakow.pl\/kcc\/krakowskifestiwaltanca\/#\/schema\/logo\/image\/\",\"url\":\"https:\/\/nck.krakow.pl\/kcc\/krakowskifestiwaltanca\/wp-content\/uploads\/sites\/10\/2023\/04\/logo.png\",\"contentUrl\":\"https:\/\/nck.krakow.pl\/kcc\/krakowskifestiwaltanca\/wp-content\/uploads\/sites\/10\/2023\/04\/logo.png\",\"width\":579,\"height\":217,\"caption\":\"Krakowski Festiwal Ta\u0144ca\"},\"image\":{\"@id\":\"https:\/\/nck.krakow.pl\/kcc\/krakowskifestiwaltanca\/#\/schema\/logo\/image\/\"}}]}<\/script>\n<!-- \/ Yoast SEO plugin. -->","yoast_head_json":{"title":"Warsztaty - Krakowski Festiwal Ta\u0144ca","robots":{"index":"index","follow":"follow","max-snippet":"max-snippet:-1","max-image-preview":"max-image-preview:large","max-video-preview":"max-video-preview:-1"},"canonical":"https:\/\/nck.krakow.pl\/kcc\/krakowskifestiwaltanca\/warsztaty\/program\/","og_locale":"pl_PL","og_type":"article","og_title":"Warsztaty - Krakowski Festiwal Ta\u0144ca","og_description":"3-8.08.2025","og_url":"https:\/\/nck.krakow.pl\/kcc\/krakowskifestiwaltanca\/warsztaty\/program\/","og_site_name":"Krakowski Festiwal Ta\u0144ca","article_modified_time":"2025-06-06T05:54:48+00:00","twitter_card":"summary_large_image","twitter_misc":{"Est. reading time":"1 minuta"},"schema":{"@context":"https:\/\/schema.org","@graph":[{"@type":"WebPage","@id":"https:\/\/nck.krakow.pl\/kcc\/krakowskifestiwaltanca\/warsztaty\/program\/","url":"https:\/\/nck.krakow.pl\/kcc\/krakowskifestiwaltanca\/warsztaty\/program\/","name":"Warsztaty - Krakowski Festiwal Ta\u0144ca","isPartOf":{"@id":"https:\/\/nck.krakow.pl\/kcc\/krakowskifestiwaltanca\/#website"},"datePublished":"2023-04-21T21:25:52+00:00","dateModified":"2025-06-06T05:54:48+00:00","breadcrumb":{"@id":"https:\/\/nck.krakow.pl\/kcc\/krakowskifestiwaltanca\/warsztaty\/program\/#breadcrumb"},"inLanguage":"pl-PL","potentialAction":[{"@type":"ReadAction","target":["https:\/\/nck.krakow.pl\/kcc\/krakowskifestiwaltanca\/warsztaty\/program\/"]}]},{"@type":"BreadcrumbList","@id":"https:\/\/nck.krakow.pl\/kcc\/krakowskifestiwaltanca\/warsztaty\/program\/#breadcrumb","itemListElement":[{"@type":"ListItem","position":1,"name":"Strona g\u0142\u00f3wna","item":"https:\/\/nck.krakow.pl\/kcc\/krakowskifestiwaltanca\/"},{"@type":"ListItem","position":2,"name":"Warsztaty"}]},{"@type":"WebSite","@id":"https:\/\/nck.krakow.pl\/kcc\/krakowskifestiwaltanca\/#website","url":"https:\/\/nck.krakow.pl\/kcc\/krakowskifestiwaltanca\/","name":"Krakowski Festiwal Ta\u0144ca","description":"","publisher":{"@id":"https:\/\/nck.krakow.pl\/kcc\/krakowskifestiwaltanca\/#organization"},"potentialAction":[{"@type":"SearchAction","target":{"@type":"EntryPoint","urlTemplate":"https:\/\/nck.krakow.pl\/kcc\/krakowskifestiwaltanca\/?s={search_term_string}"},"query-input":"required name=search_term_string"}],"inLanguage":"pl-PL"},{"@type":"Organization","@id":"https:\/\/nck.krakow.pl\/kcc\/krakowskifestiwaltanca\/#organization","name":"Krakowski Festiwal Ta\u0144ca","url":"https:\/\/nck.krakow.pl\/kcc\/krakowskifestiwaltanca\/","logo":{"@type":"ImageObject","inLanguage":"pl-PL","@id":"https:\/\/nck.krakow.pl\/kcc\/krakowskifestiwaltanca\/#\/schema\/logo\/image\/","url":"https:\/\/nck.krakow.pl\/kcc\/krakowskifestiwaltanca\/wp-content\/uploads\/sites\/10\/2023\/04\/logo.png","contentUrl":"https:\/\/nck.krakow.pl\/kcc\/krakowskifestiwaltanca\/wp-content\/uploads\/sites\/10\/2023\/04\/logo.png","width":579,"height":217,"caption":"Krakowski Festiwal Ta\u0144ca"},"image":{"@id":"https:\/\/nck.krakow.pl\/kcc\/krakowskifestiwaltanca\/#\/schema\/logo\/image\/"}}]}},"_links":{"self":[{"href":"https:\/\/nck.krakow.pl\/kcc\/krakowskifestiwaltanca\/wp-json\/wp\/v2\/workshop\/101"}],"collection":[{"href":"https:\/\/nck.krakow.pl\/kcc\/krakowskifestiwaltanca\/wp-json\/wp\/v2\/workshop"}],"about":[{"href":"https:\/\/nck.krakow.pl\/kcc\/krakowskifestiwaltanca\/wp-json\/wp\/v2\/types\/workshop"}],"wp:attachment":[{"href":"https:\/\/nck.krakow.pl\/kcc\/krakowskifestiwaltanca\/wp-json\/wp\/v2\/media?parent=101"}],"wp:term":[{"taxonomy":"category","embeddable":true,"href":"https:\/\/nck.krakow.pl\/kcc\/krakowskifestiwaltanca\/wp-json\/wp\/v2\/categories?post=101"},{"taxonomy":"post_tag","embeddable":true,"href":"https:\/\/nck.krakow.pl\/kcc\/krakowskifestiwaltanca\/wp-json\/wp\/v2\/tags?post=101"}],"curies":[{"name":"wp","href":"https:\/\/api.w.org\/{rel}","templated":true}]}}