{"id":153,"date":"2023-04-24T16:28:54","date_gmt":"2023-04-24T14:28:54","guid":{"rendered":"https:\/\/nck.krakow.pl\/kcc\/krakowskifestiwaltanca\/?post_type=festival-archive&#038;p=153"},"modified":"2025-01-03T15:41:38","modified_gmt":"2025-01-03T14:41:38","slug":"2022","status":"publish","type":"festival-archive","link":"https:\/\/nck.krakow.pl\/kcc\/krakowskifestiwaltanca\/archiwum-festiwalu\/2022\/","title":{"rendered":"2022"},"content":{"rendered":"\n<figure class=\"wp-block-image size-large mobile-only\"><img loading=\"lazy\" decoding=\"async\" width=\"1024\" height=\"1024\" src=\"https:\/\/nck.krakow.pl\/kcc\/krakowskifestiwaltanca\/wp-content\/uploads\/sites\/10\/2023\/04\/KFT2_mobile-1024x1024.jpeg\" alt=\"Plakat Krakowskiego Festiwalu Ta\u0144ca 2022\" class=\"wp-image-1723\" srcset=\"https:\/\/nck.krakow.pl\/kcc\/krakowskifestiwaltanca\/wp-content\/uploads\/sites\/10\/2023\/04\/KFT2_mobile-1024x1024.jpeg 1024w, https:\/\/nck.krakow.pl\/kcc\/krakowskifestiwaltanca\/wp-content\/uploads\/sites\/10\/2023\/04\/KFT2_mobile-300x300.jpeg 300w, https:\/\/nck.krakow.pl\/kcc\/krakowskifestiwaltanca\/wp-content\/uploads\/sites\/10\/2023\/04\/KFT2_mobile-150x150.jpeg 150w, https:\/\/nck.krakow.pl\/kcc\/krakowskifestiwaltanca\/wp-content\/uploads\/sites\/10\/2023\/04\/KFT2_mobile-768x768.jpeg 768w, https:\/\/nck.krakow.pl\/kcc\/krakowskifestiwaltanca\/wp-content\/uploads\/sites\/10\/2023\/04\/KFT2_mobile.jpeg 1251w\" sizes=\"(max-width: 1024px) 100vw, 1024px\" \/><\/figure>\n\n\n<figure class=\"desktop-only wp-block-post-featured-image\"><img loading=\"lazy\" decoding=\"async\" width=\"1440\" height=\"700\" src=\"https:\/\/nck.krakow.pl\/kcc\/krakowskifestiwaltanca\/wp-content\/uploads\/sites\/10\/2023\/04\/1440_wyrozniajace.jpg\" class=\"attachment-post-thumbnail size-post-thumbnail wp-post-image\" alt=\"Grafika promuj\u0105ca drug\u0105 edycj\u0119 Krakowskiego Festiwalu Ta\u0144ca.\" style=\"object-fit:cover;\" srcset=\"https:\/\/nck.krakow.pl\/kcc\/krakowskifestiwaltanca\/wp-content\/uploads\/sites\/10\/2023\/04\/1440_wyrozniajace.jpg 1440w, https:\/\/nck.krakow.pl\/kcc\/krakowskifestiwaltanca\/wp-content\/uploads\/sites\/10\/2023\/04\/1440_wyrozniajace-300x146.jpg 300w, https:\/\/nck.krakow.pl\/kcc\/krakowskifestiwaltanca\/wp-content\/uploads\/sites\/10\/2023\/04\/1440_wyrozniajace-1024x498.jpg 1024w, https:\/\/nck.krakow.pl\/kcc\/krakowskifestiwaltanca\/wp-content\/uploads\/sites\/10\/2023\/04\/1440_wyrozniajace-768x373.jpg 768w\" sizes=\"(max-width: 1440px) 100vw, 1440px\" \/><\/figure>\n\n\n<div class=\"wp-block-group has-grey-3-background-color has-background has-global-padding is-layout-constrained wp-container-core-group-is-layout-2 wp-block-group-is-layout-constrained\" style=\"padding-top:var(--wp--preset--spacing--70);padding-right:var(--wp--preset--spacing--60);padding-bottom:var(--wp--preset--spacing--70);padding-left:var(--wp--preset--spacing--60)\">\n<div class=\"wp-block-columns is-layout-flex wp-container-core-columns-is-layout-2 wp-block-columns-is-layout-flex\">\n<div class=\"wp-block-column is-layout-flow wp-block-column-is-layout-flow\" style=\"flex-basis:46.5%\">\n<h2 class=\"wp-block-heading has-heading-3-font-size\">1-7.08.2022<\/h2>\n\n\n\n<h3 class=\"wp-block-heading\" style=\"margin-top:var(--wp--preset--spacing--50);margin-bottom:var(--wp--preset--spacing--50)\">Tu i teraz w niesko\u0144czono\u015b\u0107<\/h3>\n\n\n\n<p>W programie II. edycji Krakowskiego Festiwalu Ta\u0144ca kilkukrotnie zwracamy uwag\u0119 widza_dzki na poj\u0119cia <em>czasu<\/em>. Aby czas nie by\u0142 wyabstrahowanym konceptem, potrzebuje cia\u0142a. To dzi\u0119ki cia\u0142u do\u015bwiadczanie czasu staje si\u0119 mo\u017cliwe i to nasze cia\u0142o nadaje mu kolejnych w\u0142a\u015bciwo\u015bci.<\/p>\n\n\n\n<div style=\"height:20px\" aria-hidden=\"true\" class=\"wp-block-spacer\"><\/div>\n\n\n\n<p>W spektaklu <em>THE OTHERS<\/em> mamy mo\u017cliwo\u015b\u0107 odbioru ekstremalnej i wirtuozerskiej szybko\u015bci, wykorzystanej w kontek\u015bcie kryzysu ekologicznego. W<em> The voice of seniors <\/em>na nowo mo\u017cemy negocjowa\u0107 z poj\u0119ciem przemijania. W<em> Guppy 13<\/em> tw\u00f3rcy_czynie odnosz\u0105 si\u0119 do tematu podr\u00f3\u017cy, a o wizjach <em>Niesko\u0144czonego cia\u0142a<\/em> b\u0119dziemy mogli pos\u0142ucha\u0107 i pomy\u015ble\u0107 podczas spotka\u0144 online z Wojtkiem Klimczykiem. Nie zabraknie te\u017c wydarze\u0144 towarzysz\u0105cych, w tym <em>VISUAL AMBIENT JAM SESSION<\/em>, podczas kt\u00f3rego proces robienia zdj\u0119\u0107 uwolnimy z funkcji dokumentuj\u0105cej, na rzecz zanurzenia si\u0119 w fotografii, kt\u00f3r\u0105 widzimy tu i teraz w asy\u015bcie ambientowych d\u017awi\u0119k\u00f3w. A to zaledwie kilka wybranych pozycji z programu tegorocznego festiwalu.<\/p>\n\n\n\n<div style=\"height:20px\" aria-hidden=\"true\" class=\"wp-block-spacer\"><\/div>\n\n\n\n<p>Czy niesko\u0144czono\u015b\u0107 jest niemo\u017cliwym konceptem? By\u0107 mo\u017ce, cho\u0107 zaryzykujemy stwierdzeniem, \u017ce w do\u015bwiadczeniu ta\u0144ca niesko\u0144czono\u015b\u0107 staje si\u0119 namacalna. Taniec to proces, ci\u0105g\u0142y ruch, ci\u0105g\u0142e stawanie si\u0119. W momencie wszechotaczaj\u0105cych ko\u0144c\u00f3w \u015bwiata, praca ze zmys\u0142ami, wyobra\u017ani\u0105 oraz uwa\u017cno\u015bci\u0105, przesuwa i nagina ow\u0105 nieuchronno\u015b\u0107 ko\u0144ca. Has\u0142o tegorocznej edycji Krakowskiego Festiwalu Ta\u0144ca ma w sobie tak\u017ce pragnienie sprawcze, bliskie wypowiedzi performatywnej, jakby chcia\u0142o wp\u0142yn\u0105\u0107 na otaczaj\u0105c\u0105 rzeczywisto\u015b\u0107, zatrzymuj\u0105c do\u015bwiadczenie tera\u017aniejszo\u015bci. Wsp\u00f3\u0142czesne choreografie t\u0119 ide\u0119 wspieraj\u0105, wymykaj\u0105c si\u0119 statycznym, sko\u0144czonym odbiorom i interpretacjom. Pracuj\u0105 na podsycanie ciekawo\u015bci, zapraszaj\u0105 do procesu pytania i podwa\u017cania.&nbsp;<\/p>\n\n\n\n<div style=\"height:20px\" aria-hidden=\"true\" class=\"wp-block-spacer\"><\/div>\n\n\n\n<p>TU I TERAZ zapraszamy Was W NIESKO\u0143CZONO\u015a\u0106.&nbsp;<\/p>\n\n\n\n<div style=\"height:0.75rem\" aria-hidden=\"true\" class=\"wp-block-spacer mobile-only\"><\/div>\n\n\n\n<h4 class=\"wp-block-heading\" style=\"margin-top:var(--wp--preset--spacing--40);margin-bottom:var(--wp--preset--spacing--40)\">Przeczytaj relacj\u0119<\/h4>\n\n\n\n<h5 class=\"wp-block-heading\" style=\"text-transform:none\">Afirmacja i apele<\/h5>\n\n\n\n<p>Hanna Raszewska-Kursa<\/p>\n\n\n\n<p class=\"btn-kft btn-with-arrow btn-light\"><a href=\"https:\/\/nck.krakow.pl\/kcc\/blog\/afirmacja-i-apele-relacja-hanny-raszewskiej-kursy-z-2-edycji-krakowskiego-festiwalu-tanca\/\" target=\"_blank\" rel=\"noreferrer noopener\">relacja na stronie KCC<\/a><\/p>\n<\/div>\n\n\n\n<div class=\"wp-block-column is-layout-flow wp-block-column-is-layout-flow\">\n<h4 class=\"wp-block-heading\" style=\"margin-bottom:var(--wp--preset--spacing--40)\">Program g\u0142\u00f3wny<\/h4>\n\n\n\n<div class=\"wp-block-create-block-kft-simple-popup\"><button type=\"button\" class=\"simple-popup-open icon-after-plus\">Otw\u00f3rz rozk\u0142ad<\/button><div class=\"simple-popup\"><button type=\"button\" class=\"simple-popup-close icon-after-close\" title=\"Zamknij\">Zamknij<\/button>\n<div class=\"wp-block-group is-layout-flow wp-block-group-is-layout-flow\">\n<h3 class=\"wp-block-heading has-heading-2-font-size\" style=\"margin-bottom:1.25rem\">Program 2022<\/h3>\n\n\n\n<div class=\"wp-block-columns is-layout-flex wp-container-core-columns-is-layout-1 wp-block-columns-is-layout-flex\">\n<div class=\"wp-block-column is-layout-flow wp-block-column-is-layout-flow\">\n<h4 class=\"wp-block-heading\" style=\"margin-top:1.25rem\">1.08 poniedzia\u0142ek<\/h4>\n\n\n\n<p>\u201cThe Lion\u2019s Den\u201d \u2013 POCKETART \/ Johana Pockov\u00e1, Sabina Bo\u010dkov\u00e1<br>rozmowa z artystami_tkami, prowadzenie: Dominik Wi\u0119cek<\/p>\n\n\n\n<h4 class=\"wp-block-heading\" style=\"margin-top:1.25rem\">2.08 wtorek<\/h4>\n\n\n\n<p>PREMIERA \u201cThe voice of seniors\u201d \u2013 Barbara Bujakowska, Karol Mi\u0119kina, \u0141ukasz Laxy<\/p>\n\n\n\n<p>\u201cThe Others\u201d- ANTON LACHKY COMPANY<\/p>\n\n\n\n<p>rozmowa z artystami_tkami, prowadzenie: Dominik Wi\u0119cek<\/p>\n\n\n\n<h4 class=\"wp-block-heading\" style=\"margin-top:1.25rem\">3.08 \u015broda<\/h4>\n\n\n\n<p>\u201cMISSPIECE\u201d \u2013 Dominika Wiak<br>\u201cCaf\u00e9 M\u00fcller\u201d \u2013 Dominik Wi\u0119cek\u00a0<br>rozmowa z artystami_tkami, prowadzenie: Hanna Raszewska-Kursa<\/p>\n<\/div>\n\n\n\n<div class=\"wp-block-column is-layout-flow wp-block-column-is-layout-flow\">\n<h4 class=\"wp-block-heading\" style=\"margin-top:1.25rem\">4.08 czwartek<\/h4>\n\n\n\n<p>PREMIERA \u201cTymczasowe no\u015bniki krajobrazu\u201d \u2013 Aleksandra Bo\u017cek-Muszy\u0144ska, Gieorgij Puchalski, REZYDENCJA KCC<br>rozmowa z artystami_tkami, prowadzenie: Hanna Raszewska-Kursa<\/p>\n\n\n\n<h4 class=\"wp-block-heading\" style=\"margin-top:1.25rem\">5.08 PI\u0104TEK<\/h4>\n\n\n\n<p>11. edycja konkursu choreograficznego 3\u20262\u20261\u2026TANIEC!<br>rozmowa z uczestnikami konkursu, jury oraz publiczno\u015bci\u0105<\/p>\n\n\n\n<h4 class=\"wp-block-heading\" style=\"margin-top:1.25rem\">6.08 sobota<\/h4>\n\n\n\n<p>PREMIERA \u201cGuppy 13\u201d \u2013 Wojtek Klimczyk, Filip Kogut, Klaudyna Schubert, Marta Wo\u0142owiec<\/p>\n\n\n\n<p>rozmowa z artystami_tkami, prowadzenie: Hanna Raszewska-Kursa<\/p>\n\n\n\n<h4 class=\"wp-block-heading\" style=\"margin-top:1.25rem\">7.08 niedziela<\/h4>\n\n\n\n<p>\u201cCz\u0119\u015bci cia\u0142a\u201d \u2013 Ramona Nagabczy\u0144ska<\/p>\n\n\n\n<p>rozmowa z artystami_tkami, prowadzenie: Dominika Szala-Wentland<\/p>\n<\/div>\n<\/div>\n<\/div>\n<\/div><\/div>\n\n\n\n<div class=\"wp-block-file\"><\/div>\n\n\n\n<h4 class=\"wp-block-heading\" style=\"margin-top:var(--wp--preset--spacing--60);margin-bottom:var(--wp--preset--spacing--40)\">Wydarzenia Towarzysz\u0105ce<\/h4>\n\n\n\n<p><a href=\"https:\/\/nck.krakow.pl\/kcc\/krakowski-festiwal-tanca-2022\/krakowski-festiwal-tanca-wystawa\/\">KRAKOWSKI FESTIWAL TA\u0143CA wystawa fotografii z I edycji KFT autorstwa Klaudyny Schubert<\/a> (Hevre), <a href=\"https:\/\/nck.krakow.pl\/kcc\/krakowski-festiwal-tanca-2022\/nieskonczone-cialo-spotkania-online-z-wojtkiem-klimczykiem\/\">Niesko\u0144czone cia\u0142o \u2013 spotkania online z Wojtkiem Klimczykiem<\/a>.<\/p>\n\n\n\n<h4 class=\"wp-block-heading\" style=\"margin-top:var(--wp--preset--spacing--60);margin-bottom:var(--wp--preset--spacing--40)\">Warsztaty poprowadzili<\/h4>\n\n\n\n<p>Lewis Cooke, Aleksandra Bo\u017cek-Muszy\u0144ska, Gieorgij Puchalski, Katarzyna Pastuszak, Dominik Wi\u0119cek, Marta Wo\u0142owiec, Johana Pockova, Pawe\u0142 Urbanowicz, Barbara Bujakowska, Dominika Wiak, Sighia Sandra J\u0119drzejowska&nbsp;(poranny rozruch),<strong> <\/strong>Hanna Raszewska-Kursa (warsztaty krytyczne), Natalia Iwaniec (Gaga).<\/p>\n<\/div>\n<\/div>\n\n\n\n<div class=\"wp-block-create-block-kft-vimeo\"><div class=\"video\" data-video-id=\"755103362\"><\/div><\/div>\n\n\n\n<div class=\"wp-block-columns is-layout-flex wp-container-core-columns-is-layout-3 wp-block-columns-is-layout-flex\">\n<div class=\"wp-block-column is-layout-flow wp-block-column-is-layout-flow\"><\/div>\n\n\n\n<div class=\"wp-block-column is-layout-flow wp-block-column-is-layout-flow\" style=\"flex-basis:75%\">\n<div class=\"wp-block-create-block-kft-gallery\">\n<figure class=\"wp-block-image size-full\"><a href=\"https:\/\/nck.krakow.pl\/kcc\/krakowskifestiwaltanca\/wp-content\/uploads\/sites\/10\/2023\/06\/1.png\"><img loading=\"lazy\" decoding=\"async\" width=\"1015\" height=\"710\" src=\"https:\/\/nck.krakow.pl\/kcc\/krakowskifestiwaltanca\/wp-content\/uploads\/sites\/10\/2023\/06\/1.png\" alt=\"Zdj\u0119cie z Krakowskiego Festiwalu Ta\u0144ca 2022\" class=\"wp-image-1603\" srcset=\"https:\/\/nck.krakow.pl\/kcc\/krakowskifestiwaltanca\/wp-content\/uploads\/sites\/10\/2023\/06\/1.png 1015w, https:\/\/nck.krakow.pl\/kcc\/krakowskifestiwaltanca\/wp-content\/uploads\/sites\/10\/2023\/06\/1-300x210.png 300w, https:\/\/nck.krakow.pl\/kcc\/krakowskifestiwaltanca\/wp-content\/uploads\/sites\/10\/2023\/06\/1-768x537.png 768w\" sizes=\"(max-width: 1015px) 100vw, 1015px\" \/><\/a><figcaption class=\"wp-element-caption\">fot. Klaudyna Schubert<\/figcaption><\/figure>\n\n\n\n<figure class=\"wp-block-image size-full is-resized\"><a href=\"https:\/\/nck.krakow.pl\/kcc\/krakowskifestiwaltanca\/wp-content\/uploads\/sites\/10\/2023\/06\/2.png\"><img loading=\"lazy\" decoding=\"async\" width=\"1015\" height=\"710\" src=\"https:\/\/nck.krakow.pl\/kcc\/krakowskifestiwaltanca\/wp-content\/uploads\/sites\/10\/2023\/06\/2.png\" alt=\"Zdj\u0119cie z Krakowskiego Festiwalu Ta\u0144ca 2022\" class=\"wp-image-1604\" style=\"width:808px;height:565px\" srcset=\"https:\/\/nck.krakow.pl\/kcc\/krakowskifestiwaltanca\/wp-content\/uploads\/sites\/10\/2023\/06\/2.png 1015w, https:\/\/nck.krakow.pl\/kcc\/krakowskifestiwaltanca\/wp-content\/uploads\/sites\/10\/2023\/06\/2-300x210.png 300w, https:\/\/nck.krakow.pl\/kcc\/krakowskifestiwaltanca\/wp-content\/uploads\/sites\/10\/2023\/06\/2-768x537.png 768w\" sizes=\"(max-width: 1015px) 100vw, 1015px\" \/><\/a><figcaption class=\"wp-element-caption\">fot. Klaudyna Schubert<\/figcaption><\/figure>\n\n\n\n<figure class=\"wp-block-image size-full\"><a href=\"https:\/\/nck.krakow.pl\/kcc\/krakowskifestiwaltanca\/wp-content\/uploads\/sites\/10\/2023\/06\/3.png\"><img loading=\"lazy\" decoding=\"async\" width=\"1015\" height=\"710\" src=\"https:\/\/nck.krakow.pl\/kcc\/krakowskifestiwaltanca\/wp-content\/uploads\/sites\/10\/2023\/06\/3.png\" alt=\"Zdj\u0119cie z Krakowskiego Festiwalu Ta\u0144ca 2022\" class=\"wp-image-1605\" srcset=\"https:\/\/nck.krakow.pl\/kcc\/krakowskifestiwaltanca\/wp-content\/uploads\/sites\/10\/2023\/06\/3.png 1015w, https:\/\/nck.krakow.pl\/kcc\/krakowskifestiwaltanca\/wp-content\/uploads\/sites\/10\/2023\/06\/3-300x210.png 300w, https:\/\/nck.krakow.pl\/kcc\/krakowskifestiwaltanca\/wp-content\/uploads\/sites\/10\/2023\/06\/3-768x537.png 768w\" sizes=\"(max-width: 1015px) 100vw, 1015px\" \/><\/a><figcaption class=\"wp-element-caption\">fot. Klaudyna Schubert<\/figcaption><\/figure>\n\n\n\n<figure class=\"wp-block-image size-full\"><a href=\"https:\/\/nck.krakow.pl\/kcc\/krakowskifestiwaltanca\/wp-content\/uploads\/sites\/10\/2023\/06\/4.png\"><img loading=\"lazy\" decoding=\"async\" width=\"1015\" height=\"710\" src=\"https:\/\/nck.krakow.pl\/kcc\/krakowskifestiwaltanca\/wp-content\/uploads\/sites\/10\/2023\/06\/4.png\" alt=\"Zdj\u0119cie z Krakowskiego Festiwalu Ta\u0144ca 2022\" class=\"wp-image-1606\" srcset=\"https:\/\/nck.krakow.pl\/kcc\/krakowskifestiwaltanca\/wp-content\/uploads\/sites\/10\/2023\/06\/4.png 1015w, https:\/\/nck.krakow.pl\/kcc\/krakowskifestiwaltanca\/wp-content\/uploads\/sites\/10\/2023\/06\/4-300x210.png 300w, https:\/\/nck.krakow.pl\/kcc\/krakowskifestiwaltanca\/wp-content\/uploads\/sites\/10\/2023\/06\/4-768x537.png 768w\" sizes=\"(max-width: 1015px) 100vw, 1015px\" \/><\/a><figcaption class=\"wp-element-caption\">fot. Klaudyna Schubert<\/figcaption><\/figure>\n\n\n\n<figure class=\"wp-block-image size-full\"><a href=\"https:\/\/nck.krakow.pl\/kcc\/krakowskifestiwaltanca\/wp-content\/uploads\/sites\/10\/2023\/06\/5.png\"><img loading=\"lazy\" decoding=\"async\" width=\"1015\" height=\"710\" src=\"https:\/\/nck.krakow.pl\/kcc\/krakowskifestiwaltanca\/wp-content\/uploads\/sites\/10\/2023\/06\/5.png\" alt=\"Zdj\u0119cie z Krakowskiego Festiwalu Ta\u0144ca 2022\" class=\"wp-image-1607\" srcset=\"https:\/\/nck.krakow.pl\/kcc\/krakowskifestiwaltanca\/wp-content\/uploads\/sites\/10\/2023\/06\/5.png 1015w, https:\/\/nck.krakow.pl\/kcc\/krakowskifestiwaltanca\/wp-content\/uploads\/sites\/10\/2023\/06\/5-300x210.png 300w, https:\/\/nck.krakow.pl\/kcc\/krakowskifestiwaltanca\/wp-content\/uploads\/sites\/10\/2023\/06\/5-768x537.png 768w\" sizes=\"(max-width: 1015px) 100vw, 1015px\" \/><\/a><figcaption class=\"wp-element-caption\">fot. Klaudyna Schubert<\/figcaption><\/figure>\n\n\n\n<figure class=\"wp-block-image size-full\"><a href=\"https:\/\/nck.krakow.pl\/kcc\/krakowskifestiwaltanca\/wp-content\/uploads\/sites\/10\/2023\/06\/6.png\"><img loading=\"lazy\" decoding=\"async\" width=\"1015\" height=\"710\" src=\"https:\/\/nck.krakow.pl\/kcc\/krakowskifestiwaltanca\/wp-content\/uploads\/sites\/10\/2023\/06\/6.png\" alt=\"Zdj\u0119cie z Krakowskiego Festiwalu Ta\u0144ca 2022\" class=\"wp-image-1608\" srcset=\"https:\/\/nck.krakow.pl\/kcc\/krakowskifestiwaltanca\/wp-content\/uploads\/sites\/10\/2023\/06\/6.png 1015w, https:\/\/nck.krakow.pl\/kcc\/krakowskifestiwaltanca\/wp-content\/uploads\/sites\/10\/2023\/06\/6-300x210.png 300w, https:\/\/nck.krakow.pl\/kcc\/krakowskifestiwaltanca\/wp-content\/uploads\/sites\/10\/2023\/06\/6-768x537.png 768w\" sizes=\"(max-width: 1015px) 100vw, 1015px\" \/><\/a><figcaption class=\"wp-element-caption\">fot. Klaudyna Schubert<\/figcaption><\/figure>\n\n\n\n<figure class=\"wp-block-image size-full\"><a href=\"https:\/\/nck.krakow.pl\/kcc\/krakowskifestiwaltanca\/wp-content\/uploads\/sites\/10\/2023\/06\/7.png\"><img loading=\"lazy\" decoding=\"async\" width=\"1015\" height=\"710\" src=\"https:\/\/nck.krakow.pl\/kcc\/krakowskifestiwaltanca\/wp-content\/uploads\/sites\/10\/2023\/06\/7.png\" alt=\"Zdj\u0119cie z Krakowskiego Festiwalu Ta\u0144ca 2022\" class=\"wp-image-1609\" srcset=\"https:\/\/nck.krakow.pl\/kcc\/krakowskifestiwaltanca\/wp-content\/uploads\/sites\/10\/2023\/06\/7.png 1015w, https:\/\/nck.krakow.pl\/kcc\/krakowskifestiwaltanca\/wp-content\/uploads\/sites\/10\/2023\/06\/7-300x210.png 300w, https:\/\/nck.krakow.pl\/kcc\/krakowskifestiwaltanca\/wp-content\/uploads\/sites\/10\/2023\/06\/7-768x537.png 768w\" sizes=\"(max-width: 1015px) 100vw, 1015px\" \/><\/a><figcaption class=\"wp-element-caption\">fot. Klaudyna Schubert<\/figcaption><\/figure>\n\n\n\n<figure class=\"wp-block-image size-full\"><a href=\"https:\/\/nck.krakow.pl\/kcc\/krakowskifestiwaltanca\/wp-content\/uploads\/sites\/10\/2023\/06\/8.png\"><img loading=\"lazy\" decoding=\"async\" width=\"1015\" height=\"710\" src=\"https:\/\/nck.krakow.pl\/kcc\/krakowskifestiwaltanca\/wp-content\/uploads\/sites\/10\/2023\/06\/8.png\" alt=\"Zdj\u0119cie z Krakowskiego Festiwalu Ta\u0144ca 2022\" class=\"wp-image-1611\" srcset=\"https:\/\/nck.krakow.pl\/kcc\/krakowskifestiwaltanca\/wp-content\/uploads\/sites\/10\/2023\/06\/8.png 1015w, https:\/\/nck.krakow.pl\/kcc\/krakowskifestiwaltanca\/wp-content\/uploads\/sites\/10\/2023\/06\/8-300x210.png 300w, https:\/\/nck.krakow.pl\/kcc\/krakowskifestiwaltanca\/wp-content\/uploads\/sites\/10\/2023\/06\/8-768x537.png 768w\" sizes=\"(max-width: 1015px) 100vw, 1015px\" \/><\/a><figcaption class=\"wp-element-caption\">fot. Klaudyna Schubert<\/figcaption><\/figure>\n\n\n\n<figure class=\"wp-block-image size-full\"><a href=\"https:\/\/nck.krakow.pl\/kcc\/krakowskifestiwaltanca\/wp-content\/uploads\/sites\/10\/2023\/06\/9.png\"><img loading=\"lazy\" decoding=\"async\" width=\"1015\" height=\"710\" src=\"https:\/\/nck.krakow.pl\/kcc\/krakowskifestiwaltanca\/wp-content\/uploads\/sites\/10\/2023\/06\/9.png\" alt=\"Zdj\u0119cie z Krakowskiego Festiwalu Ta\u0144ca 2022\" class=\"wp-image-1612\" srcset=\"https:\/\/nck.krakow.pl\/kcc\/krakowskifestiwaltanca\/wp-content\/uploads\/sites\/10\/2023\/06\/9.png 1015w, https:\/\/nck.krakow.pl\/kcc\/krakowskifestiwaltanca\/wp-content\/uploads\/sites\/10\/2023\/06\/9-300x210.png 300w, https:\/\/nck.krakow.pl\/kcc\/krakowskifestiwaltanca\/wp-content\/uploads\/sites\/10\/2023\/06\/9-768x537.png 768w\" sizes=\"(max-width: 1015px) 100vw, 1015px\" \/><\/a><figcaption class=\"wp-element-caption\">fot. Klaudyna Schubert<\/figcaption><\/figure>\n\n\n\n<figure class=\"wp-block-image size-full\"><a href=\"https:\/\/nck.krakow.pl\/kcc\/krakowskifestiwaltanca\/wp-content\/uploads\/sites\/10\/2023\/06\/10.png\"><img loading=\"lazy\" decoding=\"async\" width=\"1015\" height=\"710\" src=\"https:\/\/nck.krakow.pl\/kcc\/krakowskifestiwaltanca\/wp-content\/uploads\/sites\/10\/2023\/06\/10.png\" alt=\"Zdj\u0119cie z Krakowskiego Festiwalu Ta\u0144ca 2022\" class=\"wp-image-1613\" srcset=\"https:\/\/nck.krakow.pl\/kcc\/krakowskifestiwaltanca\/wp-content\/uploads\/sites\/10\/2023\/06\/10.png 1015w, https:\/\/nck.krakow.pl\/kcc\/krakowskifestiwaltanca\/wp-content\/uploads\/sites\/10\/2023\/06\/10-300x210.png 300w, https:\/\/nck.krakow.pl\/kcc\/krakowskifestiwaltanca\/wp-content\/uploads\/sites\/10\/2023\/06\/10-768x537.png 768w\" sizes=\"(max-width: 1015px) 100vw, 1015px\" \/><\/a><figcaption class=\"wp-element-caption\">fot. Klaudyna Schubert<\/figcaption><\/figure>\n\n\n\n<figure class=\"wp-block-image size-full is-resized\"><a href=\"https:\/\/nck.krakow.pl\/kcc\/krakowskifestiwaltanca\/wp-content\/uploads\/sites\/10\/2023\/06\/11.png\"><img loading=\"lazy\" decoding=\"async\" width=\"1015\" height=\"710\" src=\"https:\/\/nck.krakow.pl\/kcc\/krakowskifestiwaltanca\/wp-content\/uploads\/sites\/10\/2023\/06\/11.png\" alt=\"Zdj\u0119cie z Krakowskiego Festiwalu Ta\u0144ca 2022\" class=\"wp-image-1614\" style=\"width:808px;height:565px\" srcset=\"https:\/\/nck.krakow.pl\/kcc\/krakowskifestiwaltanca\/wp-content\/uploads\/sites\/10\/2023\/06\/11.png 1015w, https:\/\/nck.krakow.pl\/kcc\/krakowskifestiwaltanca\/wp-content\/uploads\/sites\/10\/2023\/06\/11-300x210.png 300w, https:\/\/nck.krakow.pl\/kcc\/krakowskifestiwaltanca\/wp-content\/uploads\/sites\/10\/2023\/06\/11-768x537.png 768w\" sizes=\"(max-width: 1015px) 100vw, 1015px\" \/><\/a><figcaption class=\"wp-element-caption\">fot. Klaudyna Schubert<\/figcaption><\/figure>\n\n\n\n<figure class=\"wp-block-image size-full\"><a href=\"https:\/\/nck.krakow.pl\/kcc\/krakowskifestiwaltanca\/wp-content\/uploads\/sites\/10\/2023\/06\/12.png\"><img loading=\"lazy\" decoding=\"async\" width=\"1015\" height=\"710\" src=\"https:\/\/nck.krakow.pl\/kcc\/krakowskifestiwaltanca\/wp-content\/uploads\/sites\/10\/2023\/06\/12.png\" alt=\"Zdj\u0119cie z Krakowskiego Festiwalu Ta\u0144ca 2022\" class=\"wp-image-1615\" srcset=\"https:\/\/nck.krakow.pl\/kcc\/krakowskifestiwaltanca\/wp-content\/uploads\/sites\/10\/2023\/06\/12.png 1015w, https:\/\/nck.krakow.pl\/kcc\/krakowskifestiwaltanca\/wp-content\/uploads\/sites\/10\/2023\/06\/12-300x210.png 300w, https:\/\/nck.krakow.pl\/kcc\/krakowskifestiwaltanca\/wp-content\/uploads\/sites\/10\/2023\/06\/12-768x537.png 768w\" sizes=\"(max-width: 1015px) 100vw, 1015px\" \/><\/a><figcaption class=\"wp-element-caption\">fot. Klaudyna Schubert<\/figcaption><\/figure>\n<\/div>\n\n\n\n<p class=\"has-medium-font-size\">fot. Klaudyna Schubert<\/p>\n<\/div>\n<\/div>\n<\/div>\n","protected":false},"excerpt":{"rendered":"<p>1-7.08.2022 Tu i teraz w niesko\u0144czono\u015b\u0107 W programie II. edycji Krakowskiego Festiwalu Ta\u0144ca kilkukrotnie zwracamy uwag\u0119 widza_dzki na poj\u0119cia czasu. Aby czas nie by\u0142 wyabstrahowanym konceptem, potrzebuje cia\u0142a. To dzi\u0119ki cia\u0142u do\u015bwiadczanie czasu staje si\u0119 mo\u017cliwe i to nasze cia\u0142o nadaje mu kolejnych w\u0142a\u015bciwo\u015bci. W spektaklu THE OTHERS mamy mo\u017cliwo\u015b\u0107 odbioru ekstremalnej i wirtuozerskiej szybko\u015bci, [&hellip;]<\/p>\n","protected":false},"featured_media":1643,"menu_order":0,"template":"archive-page","class_list":["post-153","festival-archive","type-festival-archive","status-publish","has-post-thumbnail","hentry"],"yoast_head":"<!-- This site is optimized with the Yoast SEO plugin v19.12 - https:\/\/yoast.com\/wordpress\/plugins\/seo\/ -->\n<title>2022 - Krakowski Festiwal Ta\u0144ca<\/title>\n<meta name=\"robots\" content=\"index, follow, max-snippet:-1, max-image-preview:large, max-video-preview:-1\" \/>\n<link rel=\"canonical\" href=\"https:\/\/nck.krakow.pl\/kcc\/krakowskifestiwaltanca\/archiwum-festiwalu\/2022\/\" \/>\n<meta property=\"og:locale\" content=\"pl_PL\" \/>\n<meta property=\"og:type\" content=\"article\" \/>\n<meta property=\"og:title\" content=\"2022 - Krakowski Festiwal Ta\u0144ca\" \/>\n<meta property=\"og:description\" content=\"1-7.08.2022 Tu i teraz w niesko\u0144czono\u015b\u0107 W programie II. edycji Krakowskiego Festiwalu Ta\u0144ca kilkukrotnie zwracamy uwag\u0119 widza_dzki na poj\u0119cia czasu. Aby czas nie by\u0142 wyabstrahowanym konceptem, potrzebuje cia\u0142a. To dzi\u0119ki cia\u0142u do\u015bwiadczanie czasu staje si\u0119 mo\u017cliwe i to nasze cia\u0142o nadaje mu kolejnych w\u0142a\u015bciwo\u015bci. W spektaklu THE OTHERS mamy mo\u017cliwo\u015b\u0107 odbioru ekstremalnej i wirtuozerskiej szybko\u015bci, [&hellip;]\" \/>\n<meta property=\"og:url\" content=\"https:\/\/nck.krakow.pl\/kcc\/krakowskifestiwaltanca\/archiwum-festiwalu\/2022\/\" \/>\n<meta property=\"og:site_name\" content=\"Krakowski Festiwal Ta\u0144ca\" \/>\n<meta property=\"article:modified_time\" content=\"2025-01-03T14:41:38+00:00\" \/>\n<meta property=\"og:image\" content=\"https:\/\/nck.krakow.pl\/kcc\/krakowskifestiwaltanca\/wp-content\/uploads\/sites\/10\/2023\/04\/1440_wyrozniajace.jpg\" \/>\n\t<meta property=\"og:image:width\" content=\"1440\" \/>\n\t<meta property=\"og:image:height\" content=\"700\" \/>\n\t<meta property=\"og:image:type\" content=\"image\/jpeg\" \/>\n<meta name=\"twitter:card\" content=\"summary_large_image\" \/>\n<meta name=\"twitter:label1\" content=\"Est. reading time\" \/>\n\t<meta name=\"twitter:data1\" content=\"5 minut\" \/>\n<script type=\"application\/ld+json\" class=\"yoast-schema-graph\">{\"@context\":\"https:\/\/schema.org\",\"@graph\":[{\"@type\":\"WebPage\",\"@id\":\"https:\/\/nck.krakow.pl\/kcc\/krakowskifestiwaltanca\/archiwum-festiwalu\/2022\/\",\"url\":\"https:\/\/nck.krakow.pl\/kcc\/krakowskifestiwaltanca\/archiwum-festiwalu\/2022\/\",\"name\":\"2022 - Krakowski Festiwal Ta\u0144ca\",\"isPartOf\":{\"@id\":\"https:\/\/nck.krakow.pl\/kcc\/krakowskifestiwaltanca\/#website\"},\"datePublished\":\"2023-04-24T14:28:54+00:00\",\"dateModified\":\"2025-01-03T14:41:38+00:00\",\"breadcrumb\":{\"@id\":\"https:\/\/nck.krakow.pl\/kcc\/krakowskifestiwaltanca\/archiwum-festiwalu\/2022\/#breadcrumb\"},\"inLanguage\":\"pl-PL\",\"potentialAction\":[{\"@type\":\"ReadAction\",\"target\":[\"https:\/\/nck.krakow.pl\/kcc\/krakowskifestiwaltanca\/archiwum-festiwalu\/2022\/\"]}]},{\"@type\":\"BreadcrumbList\",\"@id\":\"https:\/\/nck.krakow.pl\/kcc\/krakowskifestiwaltanca\/archiwum-festiwalu\/2022\/#breadcrumb\",\"itemListElement\":[{\"@type\":\"ListItem\",\"position\":1,\"name\":\"Strona g\u0142\u00f3wna\",\"item\":\"https:\/\/nck.krakow.pl\/kcc\/krakowskifestiwaltanca\/\"},{\"@type\":\"ListItem\",\"position\":2,\"name\":\"2022\"}]},{\"@type\":\"WebSite\",\"@id\":\"https:\/\/nck.krakow.pl\/kcc\/krakowskifestiwaltanca\/#website\",\"url\":\"https:\/\/nck.krakow.pl\/kcc\/krakowskifestiwaltanca\/\",\"name\":\"Krakowski Festiwal Ta\u0144ca\",\"description\":\"\",\"publisher\":{\"@id\":\"https:\/\/nck.krakow.pl\/kcc\/krakowskifestiwaltanca\/#organization\"},\"potentialAction\":[{\"@type\":\"SearchAction\",\"target\":{\"@type\":\"EntryPoint\",\"urlTemplate\":\"https:\/\/nck.krakow.pl\/kcc\/krakowskifestiwaltanca\/?s={search_term_string}\"},\"query-input\":\"required name=search_term_string\"}],\"inLanguage\":\"pl-PL\"},{\"@type\":\"Organization\",\"@id\":\"https:\/\/nck.krakow.pl\/kcc\/krakowskifestiwaltanca\/#organization\",\"name\":\"Krakowski Festiwal Ta\u0144ca\",\"url\":\"https:\/\/nck.krakow.pl\/kcc\/krakowskifestiwaltanca\/\",\"logo\":{\"@type\":\"ImageObject\",\"inLanguage\":\"pl-PL\",\"@id\":\"https:\/\/nck.krakow.pl\/kcc\/krakowskifestiwaltanca\/#\/schema\/logo\/image\/\",\"url\":\"https:\/\/nck.krakow.pl\/kcc\/krakowskifestiwaltanca\/wp-content\/uploads\/sites\/10\/2023\/04\/logo.png\",\"contentUrl\":\"https:\/\/nck.krakow.pl\/kcc\/krakowskifestiwaltanca\/wp-content\/uploads\/sites\/10\/2023\/04\/logo.png\",\"width\":579,\"height\":217,\"caption\":\"Krakowski Festiwal Ta\u0144ca\"},\"image\":{\"@id\":\"https:\/\/nck.krakow.pl\/kcc\/krakowskifestiwaltanca\/#\/schema\/logo\/image\/\"}}]}<\/script>\n<!-- \/ Yoast SEO plugin. -->","yoast_head_json":{"title":"2022 - Krakowski Festiwal Ta\u0144ca","robots":{"index":"index","follow":"follow","max-snippet":"max-snippet:-1","max-image-preview":"max-image-preview:large","max-video-preview":"max-video-preview:-1"},"canonical":"https:\/\/nck.krakow.pl\/kcc\/krakowskifestiwaltanca\/archiwum-festiwalu\/2022\/","og_locale":"pl_PL","og_type":"article","og_title":"2022 - Krakowski Festiwal Ta\u0144ca","og_description":"1-7.08.2022 Tu i teraz w niesko\u0144czono\u015b\u0107 W programie II. edycji Krakowskiego Festiwalu Ta\u0144ca kilkukrotnie zwracamy uwag\u0119 widza_dzki na poj\u0119cia czasu. Aby czas nie by\u0142 wyabstrahowanym konceptem, potrzebuje cia\u0142a. To dzi\u0119ki cia\u0142u do\u015bwiadczanie czasu staje si\u0119 mo\u017cliwe i to nasze cia\u0142o nadaje mu kolejnych w\u0142a\u015bciwo\u015bci. W spektaklu THE OTHERS mamy mo\u017cliwo\u015b\u0107 odbioru ekstremalnej i wirtuozerskiej szybko\u015bci, [&hellip;]","og_url":"https:\/\/nck.krakow.pl\/kcc\/krakowskifestiwaltanca\/archiwum-festiwalu\/2022\/","og_site_name":"Krakowski Festiwal Ta\u0144ca","article_modified_time":"2025-01-03T14:41:38+00:00","og_image":[{"width":1440,"height":700,"url":"https:\/\/nck.krakow.pl\/kcc\/krakowskifestiwaltanca\/wp-content\/uploads\/sites\/10\/2023\/04\/1440_wyrozniajace.jpg","type":"image\/jpeg"}],"twitter_card":"summary_large_image","twitter_misc":{"Est. reading time":"5 minut"},"schema":{"@context":"https:\/\/schema.org","@graph":[{"@type":"WebPage","@id":"https:\/\/nck.krakow.pl\/kcc\/krakowskifestiwaltanca\/archiwum-festiwalu\/2022\/","url":"https:\/\/nck.krakow.pl\/kcc\/krakowskifestiwaltanca\/archiwum-festiwalu\/2022\/","name":"2022 - Krakowski Festiwal Ta\u0144ca","isPartOf":{"@id":"https:\/\/nck.krakow.pl\/kcc\/krakowskifestiwaltanca\/#website"},"datePublished":"2023-04-24T14:28:54+00:00","dateModified":"2025-01-03T14:41:38+00:00","breadcrumb":{"@id":"https:\/\/nck.krakow.pl\/kcc\/krakowskifestiwaltanca\/archiwum-festiwalu\/2022\/#breadcrumb"},"inLanguage":"pl-PL","potentialAction":[{"@type":"ReadAction","target":["https:\/\/nck.krakow.pl\/kcc\/krakowskifestiwaltanca\/archiwum-festiwalu\/2022\/"]}]},{"@type":"BreadcrumbList","@id":"https:\/\/nck.krakow.pl\/kcc\/krakowskifestiwaltanca\/archiwum-festiwalu\/2022\/#breadcrumb","itemListElement":[{"@type":"ListItem","position":1,"name":"Strona g\u0142\u00f3wna","item":"https:\/\/nck.krakow.pl\/kcc\/krakowskifestiwaltanca\/"},{"@type":"ListItem","position":2,"name":"2022"}]},{"@type":"WebSite","@id":"https:\/\/nck.krakow.pl\/kcc\/krakowskifestiwaltanca\/#website","url":"https:\/\/nck.krakow.pl\/kcc\/krakowskifestiwaltanca\/","name":"Krakowski Festiwal Ta\u0144ca","description":"","publisher":{"@id":"https:\/\/nck.krakow.pl\/kcc\/krakowskifestiwaltanca\/#organization"},"potentialAction":[{"@type":"SearchAction","target":{"@type":"EntryPoint","urlTemplate":"https:\/\/nck.krakow.pl\/kcc\/krakowskifestiwaltanca\/?s={search_term_string}"},"query-input":"required name=search_term_string"}],"inLanguage":"pl-PL"},{"@type":"Organization","@id":"https:\/\/nck.krakow.pl\/kcc\/krakowskifestiwaltanca\/#organization","name":"Krakowski Festiwal Ta\u0144ca","url":"https:\/\/nck.krakow.pl\/kcc\/krakowskifestiwaltanca\/","logo":{"@type":"ImageObject","inLanguage":"pl-PL","@id":"https:\/\/nck.krakow.pl\/kcc\/krakowskifestiwaltanca\/#\/schema\/logo\/image\/","url":"https:\/\/nck.krakow.pl\/kcc\/krakowskifestiwaltanca\/wp-content\/uploads\/sites\/10\/2023\/04\/logo.png","contentUrl":"https:\/\/nck.krakow.pl\/kcc\/krakowskifestiwaltanca\/wp-content\/uploads\/sites\/10\/2023\/04\/logo.png","width":579,"height":217,"caption":"Krakowski Festiwal Ta\u0144ca"},"image":{"@id":"https:\/\/nck.krakow.pl\/kcc\/krakowskifestiwaltanca\/#\/schema\/logo\/image\/"}}]}},"_links":{"self":[{"href":"https:\/\/nck.krakow.pl\/kcc\/krakowskifestiwaltanca\/wp-json\/wp\/v2\/festival-archive\/153"}],"collection":[{"href":"https:\/\/nck.krakow.pl\/kcc\/krakowskifestiwaltanca\/wp-json\/wp\/v2\/festival-archive"}],"about":[{"href":"https:\/\/nck.krakow.pl\/kcc\/krakowskifestiwaltanca\/wp-json\/wp\/v2\/types\/festival-archive"}],"wp:featuredmedia":[{"embeddable":true,"href":"https:\/\/nck.krakow.pl\/kcc\/krakowskifestiwaltanca\/wp-json\/wp\/v2\/media\/1643"}],"wp:attachment":[{"href":"https:\/\/nck.krakow.pl\/kcc\/krakowskifestiwaltanca\/wp-json\/wp\/v2\/media?parent=153"}],"curies":[{"name":"wp","href":"https:\/\/api.w.org\/{rel}","templated":true}]}}