{"id":563,"date":"2023-04-29T12:07:45","date_gmt":"2023-04-29T10:07:45","guid":{"rendered":"https:\/\/nck.krakow.pl\/kcc\/krakowskifestiwaltanca\/?post_type=event&#038;p=563"},"modified":"2024-06-13T17:52:32","modified_gmt":"2024-06-13T15:52:32","slug":"zle-ziele","status":"publish","type":"event","link":"https:\/\/nck.krakow.pl\/kcc\/krakowskifestiwaltanca\/wydarzenia\/program\/zle-ziele\/","title":{"rendered":"Z\u0141E ZIELE"},"content":{"rendered":"\n<div class=\"wp-block-group has-global-padding is-layout-constrained wp-block-group-is-layout-constrained\">\n<div class=\"wp-block-columns is-layout-flex wp-container-core-columns-is-layout-1 wp-block-columns-is-layout-flex\">\n<div class=\"wp-block-column is-layout-flow wp-block-column-is-layout-flow\" style=\"padding-top:0;padding-right:0;padding-bottom:0;padding-left:0\">\n<p><strong>TW\u00d3RCZYNIE:<\/strong><\/p>\n\n\n\n<p><strong>Koncepcja:<\/strong> Magda J\u0119dra, Anka Herbut<\/p>\n\n\n\n<p><strong>Choreografia, performans<\/strong>: Magda J\u0119dra<\/p>\n\n\n\n<p><strong>Tekst, dramaturgia:<\/strong> Anka Herbut<\/p>\n\n\n\n<p><strong>Muzyka:<\/strong> Justyna Stasiowska<\/p>\n\n\n\n<p><strong>Kostium, przestrze\u0144:<\/strong> Marta Szypulska<\/p>\n\n\n\n<p><strong>Re\u017cyseria \u015bwiat\u0142a:<\/strong> Jacqueline Sobiszewski<\/p>\n\n\n\n<p><strong>Produkcja:<\/strong> Fundacja Cia\u0142o\/Umys\u0142<\/p>\n\n\n\n<p><strong>Koprodukcja: <\/strong>Centrum Kultury w Lublinie, Goyki 3 Art Inkubator<\/p>\n\n\n\n<p><strong>Premiera: <\/strong>8.10.2021 w ramach Mi\u0119dzynarodowego Festiwalu Sztuki Ta\u0144ca i Performansu Cia\u0142o\/Umys\u0142<\/p>\n<\/div>\n\n\n\n<div class=\"wp-block-column is-layout-flow wp-block-column-is-layout-flow\" style=\"padding-top:0;padding-right:0;padding-bottom:0;padding-left:0\">\n<p><strong>O SPEKTAKLU:<\/strong><\/p>\n\n\n\n<p>Performans Z\u0142e ziele to pr\u00f3ba wykszta\u0142cenia czu\u0142ej praktyki bycia z odrzuconymi ro\u015blinami, poznawania ich potrzeb i do\u015bwiadczania ich sprawczej mocy. Od kilku lat Magda J\u0119dra pog\u0142\u0119bia wiedz\u0119 na temat przyrody, szukaj\u0105c kana\u0142\u00f3w komunikacji cia\u0142a ludzkiego z cia\u0142em ro\u015bl-innym. Miejscem, z kt\u00f3rego zaczyna towarzyszenie ro\u015blinom w ich procesach \u017cyciowych, jest to, co na potrzeby projektu nazywa cia\u0142em botanicznym: wpisane w ro\u015blinne ekosystemy cia\u0142o o porowatych, przepuszczalnych granicach, funkcjonuj\u0105ce w sieci wzajemnych ludzko-nieludzkich splot\u00f3w i zale\u017cno\u015bci. Tym razem artystka zaw\u0119\u017ca swoje zainteresowania, skupiaj\u0105c si\u0119 na ro\u015blinno\u015bci dziko rosn\u0105cej, panosz\u0105cej si\u0119 i niemile widzianej \u2013 takiej, kt\u00f3ra zagra\u017ca nie tylko ludzkiej potrzebie porz\u0105dku i kontroli, ale i antropocentrycznej wizji rzeczywisto\u015bci. Chwasty rosn\u0105 jak chc\u0105. Zapuszczaj\u0105 korzenie tam, gdzie nie s\u0105 chciane, s\u0105 zawsze nie na miejscu. Rozrastaj\u0105 si\u0119, cho\u0107 nie zosta\u0142y przez nikogo zasadzone. S\u0105 wsz\u0119dzie, mimo, \u017ce wi\u0119kszo\u015b\u0107 z nas nawet ich nie zauwa\u017ca. \u017baden z nich po\u017cytek \u2013 pleni\u0105 si\u0119, zajmuj\u0105 miejsce. Przy okazji ustanawiaj\u0105 jednak modele dla spo\u0142ecznych technik adaptacyjnych, miejskich strategii przetrwania i oporu. Dzisiejsze ruchy polityczne to przecie\u017c ruchy na wskro\u015b wegetalne: akefaliczne, zdecentralizowane, o zmiennym kszta\u0142cie i strukturze. Czerpi\u0105c si\u0142\u0119 z odrzucenia rozprzestrzeniaj\u0105 si\u0119 po powierzchni Ziemi i w\u0142adzy. W Z\u0142ym zielu nawi\u0105zujemy do idei trzeciego krajobrazu \u2013 francuski teoretyk Gilles Cl\u00e9ment okre\u015bli\u0142 w ten spos\u00f3b miejsca zaniedbane, bujne i r\u00f3\u017cnorodne biologicznie, ale cz\u0142owiekowi niepotrzebne, bo niemo\u017cliwe do skapitalizowania. Koncepcja trzeciego krajobrazu wywodzi si\u0119 za\u015b z poj\u0119cia stanu trzeciego \u2013 grupy spo\u0142ecznej opisywanej przez Emmanuela-Josepha Sieysa w 1789 roku w manife\u015bcie Rewolucji Francuskiej jako nic, kt\u00f3re \u017c\u0105da, \u017ceby sta\u0107 si\u0119 czym\u015b. Marginalizowane, s\u0142abe cia\u0142a ludzi-i-ro\u015blin porastaj\u0105 trzecie krajobrazy. Magda J\u0119dra eksploruje strefy kontaktu mi\u0119dzy w\u0142asnym cia\u0142em i otoczeniem, sonduje przestrze\u0144 w poszukiwaniu mo\u017cliwych punkt\u00f3w styku i zakorzenienia \u2013 tak na poziomie fizycznym, jak i symbolicznym. Wchodz\u0105c w interakcje ze zmieniaj\u0105cym si\u0119 \u015brodowiskiem i inicjuj\u0105c wymian\u0119 energii kinetycznej, \u0142\u0105czy prac\u0119 z bezruchem z elementami parkouru, a za pomoc\u0105 strategii storytellingowych wchodzi w dyskusj\u0119 z ludzk\u0105 ro\u015blino-\u015blepot\u0105 (plant blindness), kt\u00f3ra nie pozwala zauwa\u017cy\u0107 ro\u015blin w ich naturalnym \u015brodowisku. Piel\u0119gnuj\u0105c relacje ze z\u0142ym zielem na poziomie jednostkowym, uruchamia wizje spo\u0142ecznego uchwastowienia.<\/p>\n<\/div>\n<\/div>\n\n\n\n<div style=\"height:3.5rem\" aria-hidden=\"true\" class=\"wp-block-spacer desktop-only\"><\/div>\n\n\n\n<div style=\"height:2.5rem\" aria-hidden=\"true\" class=\"wp-block-spacer mobile-only\"><\/div>\n\n\n\n<p><\/p>\n<\/div>\n\n\n\n<div class=\"wp-block-group is-layout-flow wp-container-core-group-is-layout-2 wp-block-group-is-layout-flow\">\n<figure class=\"wp-block-image size-full w-100\"><img loading=\"lazy\" decoding=\"async\" width=\"1440\" height=\"700\" src=\"https:\/\/nck.krakow.pl\/kcc\/krakowskifestiwaltanca\/wp-content\/uploads\/sites\/10\/2023\/05\/1440_grafika-3.png\" alt=\"\" class=\"wp-image-1238\" srcset=\"https:\/\/nck.krakow.pl\/kcc\/krakowskifestiwaltanca\/wp-content\/uploads\/sites\/10\/2023\/05\/1440_grafika-3.png 1440w, https:\/\/nck.krakow.pl\/kcc\/krakowskifestiwaltanca\/wp-content\/uploads\/sites\/10\/2023\/05\/1440_grafika-3-300x146.png 300w, https:\/\/nck.krakow.pl\/kcc\/krakowskifestiwaltanca\/wp-content\/uploads\/sites\/10\/2023\/05\/1440_grafika-3-1024x498.png 1024w, https:\/\/nck.krakow.pl\/kcc\/krakowskifestiwaltanca\/wp-content\/uploads\/sites\/10\/2023\/05\/1440_grafika-3-768x373.png 768w\" sizes=\"(max-width: 1440px) 100vw, 1440px\" \/><\/figure>\n\n\n\n<figure class=\"wp-block-image size-full w-100\"><img loading=\"lazy\" decoding=\"async\" width=\"1440\" height=\"700\" src=\"https:\/\/nck.krakow.pl\/kcc\/krakowskifestiwaltanca\/wp-content\/uploads\/sites\/10\/2023\/05\/1440_grafika-2.png\" alt=\"\" class=\"wp-image-1237\" srcset=\"https:\/\/nck.krakow.pl\/kcc\/krakowskifestiwaltanca\/wp-content\/uploads\/sites\/10\/2023\/05\/1440_grafika-2.png 1440w, https:\/\/nck.krakow.pl\/kcc\/krakowskifestiwaltanca\/wp-content\/uploads\/sites\/10\/2023\/05\/1440_grafika-2-300x146.png 300w, https:\/\/nck.krakow.pl\/kcc\/krakowskifestiwaltanca\/wp-content\/uploads\/sites\/10\/2023\/05\/1440_grafika-2-1024x498.png 1024w, https:\/\/nck.krakow.pl\/kcc\/krakowskifestiwaltanca\/wp-content\/uploads\/sites\/10\/2023\/05\/1440_grafika-2-768x373.png 768w\" sizes=\"(max-width: 1440px) 100vw, 1440px\" \/><\/figure>\n\n\n\n<p><strong>Fot: Marta Ankiersztejn, Monika Orpik<\/strong><\/p>\n<\/div>\n\n\n\n<div class=\"wp-block-group has-global-padding is-layout-constrained wp-container-core-group-is-layout-3 wp-block-group-is-layout-constrained\"><\/div>\n\n\n\n<div class=\"wp-block-group is-layout-flow wp-block-group-is-layout-flow\" style=\"padding-top:3.75rem;padding-right:var(--wp--preset--spacing--60);padding-bottom:3.75rem;padding-left:var(--wp--preset--spacing--60)\">\n<div class=\"wp-block-columns is-layout-flex wp-container-core-columns-is-layout-2 wp-block-columns-is-layout-flex\">\n<div class=\"wp-block-column is-layout-flow wp-block-column-is-layout-flow\" style=\"flex-basis:66%\">\n<div class=\"wp-block-group is-layout-flow wp-block-group-is-layout-flow\">\n<div class=\"wp-block-group is-content-justification-center is-nowrap is-layout-flex wp-container-core-group-is-layout-4 wp-block-group-is-layout-flex\">\n<figure class=\"wp-block-image size-full is-resized\"><img loading=\"lazy\" decoding=\"async\" src=\"https:\/\/nck.krakow.pl\/kcc\/krakowskifestiwaltanca\/wp-content\/uploads\/sites\/10\/2023\/05\/LTT-logo-1-1.jpg\" alt=\"\" class=\"wp-image-1327\" width=\"254\" height=\"254\" srcset=\"https:\/\/nck.krakow.pl\/kcc\/krakowskifestiwaltanca\/wp-content\/uploads\/sites\/10\/2023\/05\/LTT-logo-1-1.jpg 1016w, https:\/\/nck.krakow.pl\/kcc\/krakowskifestiwaltanca\/wp-content\/uploads\/sites\/10\/2023\/05\/LTT-logo-1-1-300x300.jpg 300w, https:\/\/nck.krakow.pl\/kcc\/krakowskifestiwaltanca\/wp-content\/uploads\/sites\/10\/2023\/05\/LTT-logo-1-1-150x150.jpg 150w, https:\/\/nck.krakow.pl\/kcc\/krakowskifestiwaltanca\/wp-content\/uploads\/sites\/10\/2023\/05\/LTT-logo-1-1-768x768.jpg 768w\" sizes=\"(max-width: 254px) 100vw, 254px\" \/><\/figure>\n\n\n\n<figure class=\"wp-block-image size-full\"><img loading=\"lazy\" decoding=\"async\" width=\"150\" height=\"43\" src=\"https:\/\/nck.krakow.pl\/kcc\/krakowskifestiwaltanca\/wp-content\/uploads\/sites\/10\/2023\/05\/goyki3_logo-1-1.png\" alt=\"\" class=\"wp-image-1328\"\/><\/figure>\n<\/div>\n<\/div>\n<\/div>\n\n\n\n<div class=\"wp-block-column is-layout-flow wp-block-column-is-layout-flow\">\n<p class=\"has-small-font-size\"><\/p>\n<\/div>\n<\/div>\n<\/div>\n\n\n\n<div class=\"wp-block-group has-base-color has-accent-background-color has-text-color has-background has-link-color wp-elements-97567048120fb84cd380968ca47bd006 has-global-padding is-layout-constrained wp-block-group-is-layout-constrained\">\n<div class=\"wp-block-group tickets is-layout-flow wp-block-group-is-layout-flow\" style=\"padding-top:0;padding-bottom:0\">\n<div class=\"wp-block-columns is-layout-flex wp-container-core-columns-is-layout-3 wp-block-columns-is-layout-flex\" style=\"padding-top:var(--wp--preset--spacing--70);padding-bottom:var(--wp--preset--spacing--70)\">\n<div class=\"wp-block-column is-vertically-aligned-center is-layout-flow wp-block-column-is-layout-flow\" style=\"padding-top:0;padding-bottom:0;flex-basis:33%\">\n<h2 class=\"wp-block-heading has-heading-3-font-size\" style=\"padding-top:0\">Bilety <br>i Karnety<\/h2>\n\n\n\n<p class=\"has-unbounded-font-family has-heading-5-font-size\" style=\"text-transform:lowercase\">na spektakle<\/p>\n<\/div>\n\n\n\n<div class=\"wp-block-column is-vertically-aligned-center is-layout-flow wp-block-column-is-layout-flow\" style=\"padding-right:0;flex-basis:33%\">\n<p class=\"has-unbounded-font-family has-heading-5-font-size\" style=\"padding-right:var(--wp--preset--spacing--80)\">Sprzeda\u017c bilet\u00f3w zako\u0144czona.<\/p>\n<\/div>\n\n\n\n<div class=\"wp-block-column is-vertically-aligned-center is-layout-flow wp-block-column-is-layout-flow\" style=\"flex-basis:33%\">\n<p class=\"btn-kft btn-with-arrow btn-with-border btn-dark btn-mobile-inline\">sprawd\u017a na biletyna.pl<\/p>\n<\/div>\n<\/div>\n<\/div>\n<\/div>\n\n\n\n<aside class=\"wp-block-group custom-posts-slider is-layout-flow wp-block-group-is-layout-flow\" style=\"margin-top:1.25rem;margin-bottom:1.25rem\">\n<div class=\"wp-block-columns is-layout-flex wp-container-core-columns-is-layout-4 wp-block-columns-is-layout-flex\">\n<div class=\"wp-block-column custom-posts-slider-heading is-layout-flow wp-block-column-is-layout-flow\" style=\"padding-bottom:var(--wp--preset--spacing--70);flex-basis:33%\">\n<h2 class=\"has-heading-3-font-size wp-block-heading\">SPRAWD\u0179 R\u00d3WNIE\u017b:<\/h2>\n<\/div>\n\n\n\n<div class=\"wp-block-column is-layout-flow wp-block-column-is-layout-flow\" style=\"padding-top:0;padding-right:0;padding-bottom:0\">\n<div class=\"wp-block-group is-nowrap is-layout-flex wp-container-core-group-is-layout-11 wp-block-group-is-layout-flex\" style=\"padding-right:0\">\n<div class=\"wp-block-query embla custom-posts-slider-content is-layout-flow wp-block-query-is-layout-flow\">\n<button class=\"embla__prev\" title=\"Poprzedni\">\n  Poprzedni\n<\/button>\n<button class=\"embla__next\" title=\"Nast\u0119pny\">\n  Nast\u0119pny\n<\/button>\n\n\n<ul class=\"embla__container custom-posts-slider-container width-100 wp-block-post-template is-layout-flow wp-block-post-template-is-layout-flow\"><li class=\"wp-block-post post-2499 event type-event status-publish has-post-thumbnail hentry category-sroda tag-humor tag-starzenie_sie tag-teart_tanca\">\n\n<div class=\"wp-block-group embla__slide is-layout-flow wp-block-group-is-layout-flow\"><p class=\"event-date\">\n<span>06.08<\/span><span>19:30<\/span>\n<\/p>\n\n\n<div class=\"wp-block-group image-wrapper is-layout-flow wp-block-group-is-layout-flow\"><figure class=\"image wp-block-post-featured-image\"><img loading=\"lazy\" decoding=\"async\" width=\"1440\" height=\"700\" src=\"https:\/\/nck.krakow.pl\/kcc\/krakowskifestiwaltanca\/wp-content\/uploads\/sites\/10\/2025\/05\/wyrozniajace-4.png\" class=\"attachment-post-thumbnail size-post-thumbnail wp-post-image\" alt=\"\" style=\"object-fit:cover;\" srcset=\"https:\/\/nck.krakow.pl\/kcc\/krakowskifestiwaltanca\/wp-content\/uploads\/sites\/10\/2025\/05\/wyrozniajace-4.png 1440w, https:\/\/nck.krakow.pl\/kcc\/krakowskifestiwaltanca\/wp-content\/uploads\/sites\/10\/2025\/05\/wyrozniajace-4-300x146.png 300w, https:\/\/nck.krakow.pl\/kcc\/krakowskifestiwaltanca\/wp-content\/uploads\/sites\/10\/2025\/05\/wyrozniajace-4-1024x498.png 1024w, https:\/\/nck.krakow.pl\/kcc\/krakowskifestiwaltanca\/wp-content\/uploads\/sites\/10\/2025\/05\/wyrozniajace-4-768x373.png 768w\" sizes=\"(max-width: 1440px) 100vw, 1440px\" \/><\/figure><\/div>\n\n\n<h3 style=\"margin-top:var(--wp--preset--spacing--30);margin-right:0;margin-bottom:var(--wp--preset--spacing--30);margin-left:0;\" class=\"wp-block-post-title has-heading-4-font-size\">DANCES LIKE A BOMB<\/h3>\n\n<p class=\"event-additional-info\">\nJessica Kennedy, Megan Kennedy, Junk Ensemble\n<\/p>\n\n<div class=\"taxonomy-post_tag wp-block-post-terms\"><a href=\"https:\/\/nck.krakow.pl\/kcc\/krakowskifestiwaltanca\/tag\/humor\/\" rel=\"tag\">humor<\/a><span class=\"wp-block-post-terms__separator\"> <\/span><a href=\"https:\/\/nck.krakow.pl\/kcc\/krakowskifestiwaltanca\/tag\/starzenie_sie\/\" rel=\"tag\">starzenie_si\u0119<\/a><span class=\"wp-block-post-terms__separator\"> <\/span><a href=\"https:\/\/nck.krakow.pl\/kcc\/krakowskifestiwaltanca\/tag\/teart_tanca\/\" rel=\"tag\">teart_ta\u0144ca<\/a><\/div>\n\n<div style=\"margin-top:0;margin-right:0;margin-bottom:0;margin-left:0;\" class=\"btn-with-arrow btn-kft btn-light wp-block-post-excerpt\"><p class=\"wp-block-post-excerpt__excerpt\">Spektakl celebruje si\u0142\u0119 dojrza\u0142ych cia\u0142 i rzuca wyzwanie kultowi m\u0142odo\u015bci. Na scenie: by\u0142y tancerz Sasha Waltz &#038; Guest Luc Dunberry i by\u0142a tancerka Tanztheater Wuppertal Piny Bausch Finola Cronin.<\/p><p class=\"wp-block-post-excerpt__more-text\"><a class=\"wp-block-post-excerpt__more-link\" href=\"https:\/\/nck.krakow.pl\/kcc\/krakowskifestiwaltanca\/wydarzenia\/program\/dances-like-a-bomb\/\">zobacz wi\u0119cej<\/a><\/p><\/div><\/div>\n\n<\/li><\/ul><\/div>\n<\/div>\n<\/div>\n<\/div>\n<\/aside>\n","protected":false},"excerpt":{"rendered":"<p>Performans Z\u0142e ziele to pr\u00f3ba wykszta\u0142cenia czu\u0142ej praktyki bycia z odrzuconymi ro\u015blinami, poznawania ich potrzeb i do\u015bwiadczania ich sprawczej mocy.<\/p>\n","protected":false},"featured_media":1235,"parent":79,"menu_order":0,"template":"event-page","categories":[],"tags":[27,28,26],"class_list":["post-563","event","type-event","status-publish","has-post-thumbnail","hentry","tag-chwasty","tag-inny","tag-posthumanizm"],"yoast_head":"<!-- This site is optimized with the Yoast SEO plugin v19.12 - https:\/\/yoast.com\/wordpress\/plugins\/seo\/ -->\n<title>Z\u0141E ZIELE - Krakowski Festiwal Ta\u0144ca<\/title>\n<meta name=\"robots\" content=\"index, follow, max-snippet:-1, max-image-preview:large, max-video-preview:-1\" \/>\n<link rel=\"canonical\" href=\"https:\/\/nck.krakow.pl\/kcc\/krakowskifestiwaltanca\/wydarzenia\/program\/zle-ziele\/\" \/>\n<meta property=\"og:locale\" content=\"pl_PL\" \/>\n<meta property=\"og:type\" content=\"article\" \/>\n<meta property=\"og:title\" content=\"Z\u0141E ZIELE - Krakowski Festiwal Ta\u0144ca\" \/>\n<meta property=\"og:description\" content=\"Performans Z\u0142e ziele to pr\u00f3ba wykszta\u0142cenia czu\u0142ej praktyki bycia z odrzuconymi ro\u015blinami, poznawania ich potrzeb i do\u015bwiadczania ich sprawczej mocy.\" \/>\n<meta property=\"og:url\" content=\"https:\/\/nck.krakow.pl\/kcc\/krakowskifestiwaltanca\/wydarzenia\/program\/zle-ziele\/\" \/>\n<meta property=\"og:site_name\" content=\"Krakowski Festiwal Ta\u0144ca\" \/>\n<meta property=\"article:modified_time\" content=\"2024-06-13T15:52:32+00:00\" \/>\n<meta property=\"og:image\" content=\"https:\/\/nck.krakow.pl\/kcc\/krakowskifestiwaltanca\/wp-content\/uploads\/sites\/10\/2023\/04\/1440_-wyrozniajace.png\" \/>\n\t<meta property=\"og:image:width\" content=\"1440\" \/>\n\t<meta property=\"og:image:height\" content=\"700\" \/>\n\t<meta property=\"og:image:type\" content=\"image\/png\" \/>\n<meta name=\"twitter:card\" content=\"summary_large_image\" \/>\n<meta name=\"twitter:label1\" content=\"Est. reading time\" \/>\n\t<meta name=\"twitter:data1\" content=\"4 minuty\" \/>\n<script type=\"application\/ld+json\" class=\"yoast-schema-graph\">{\"@context\":\"https:\/\/schema.org\",\"@graph\":[{\"@type\":\"WebPage\",\"@id\":\"https:\/\/nck.krakow.pl\/kcc\/krakowskifestiwaltanca\/wydarzenia\/program\/zle-ziele\/\",\"url\":\"https:\/\/nck.krakow.pl\/kcc\/krakowskifestiwaltanca\/wydarzenia\/program\/zle-ziele\/\",\"name\":\"Z\u0141E ZIELE - Krakowski Festiwal Ta\u0144ca\",\"isPartOf\":{\"@id\":\"https:\/\/nck.krakow.pl\/kcc\/krakowskifestiwaltanca\/#website\"},\"datePublished\":\"2023-04-29T10:07:45+00:00\",\"dateModified\":\"2024-06-13T15:52:32+00:00\",\"breadcrumb\":{\"@id\":\"https:\/\/nck.krakow.pl\/kcc\/krakowskifestiwaltanca\/wydarzenia\/program\/zle-ziele\/#breadcrumb\"},\"inLanguage\":\"pl-PL\",\"potentialAction\":[{\"@type\":\"ReadAction\",\"target\":[\"https:\/\/nck.krakow.pl\/kcc\/krakowskifestiwaltanca\/wydarzenia\/program\/zle-ziele\/\"]}]},{\"@type\":\"BreadcrumbList\",\"@id\":\"https:\/\/nck.krakow.pl\/kcc\/krakowskifestiwaltanca\/wydarzenia\/program\/zle-ziele\/#breadcrumb\",\"itemListElement\":[{\"@type\":\"ListItem\",\"position\":1,\"name\":\"Strona g\u0142\u00f3wna\",\"item\":\"https:\/\/nck.krakow.pl\/kcc\/krakowskifestiwaltanca\/\"},{\"@type\":\"ListItem\",\"position\":2,\"name\":\"Program\",\"item\":\"https:\/\/nck.krakow.pl\/kcc\/krakowskifestiwaltanca\/wydarzenia\/program\/\"},{\"@type\":\"ListItem\",\"position\":3,\"name\":\"Z\u0141E ZIELE\"}]},{\"@type\":\"WebSite\",\"@id\":\"https:\/\/nck.krakow.pl\/kcc\/krakowskifestiwaltanca\/#website\",\"url\":\"https:\/\/nck.krakow.pl\/kcc\/krakowskifestiwaltanca\/\",\"name\":\"Krakowski Festiwal Ta\u0144ca\",\"description\":\"\",\"publisher\":{\"@id\":\"https:\/\/nck.krakow.pl\/kcc\/krakowskifestiwaltanca\/#organization\"},\"potentialAction\":[{\"@type\":\"SearchAction\",\"target\":{\"@type\":\"EntryPoint\",\"urlTemplate\":\"https:\/\/nck.krakow.pl\/kcc\/krakowskifestiwaltanca\/?s={search_term_string}\"},\"query-input\":\"required name=search_term_string\"}],\"inLanguage\":\"pl-PL\"},{\"@type\":\"Organization\",\"@id\":\"https:\/\/nck.krakow.pl\/kcc\/krakowskifestiwaltanca\/#organization\",\"name\":\"Krakowski Festiwal Ta\u0144ca\",\"url\":\"https:\/\/nck.krakow.pl\/kcc\/krakowskifestiwaltanca\/\",\"logo\":{\"@type\":\"ImageObject\",\"inLanguage\":\"pl-PL\",\"@id\":\"https:\/\/nck.krakow.pl\/kcc\/krakowskifestiwaltanca\/#\/schema\/logo\/image\/\",\"url\":\"https:\/\/nck.krakow.pl\/kcc\/krakowskifestiwaltanca\/wp-content\/uploads\/sites\/10\/2023\/04\/logo.png\",\"contentUrl\":\"https:\/\/nck.krakow.pl\/kcc\/krakowskifestiwaltanca\/wp-content\/uploads\/sites\/10\/2023\/04\/logo.png\",\"width\":579,\"height\":217,\"caption\":\"Krakowski Festiwal Ta\u0144ca\"},\"image\":{\"@id\":\"https:\/\/nck.krakow.pl\/kcc\/krakowskifestiwaltanca\/#\/schema\/logo\/image\/\"}}]}<\/script>\n<!-- \/ Yoast SEO plugin. -->","yoast_head_json":{"title":"Z\u0141E ZIELE - Krakowski Festiwal Ta\u0144ca","robots":{"index":"index","follow":"follow","max-snippet":"max-snippet:-1","max-image-preview":"max-image-preview:large","max-video-preview":"max-video-preview:-1"},"canonical":"https:\/\/nck.krakow.pl\/kcc\/krakowskifestiwaltanca\/wydarzenia\/program\/zle-ziele\/","og_locale":"pl_PL","og_type":"article","og_title":"Z\u0141E ZIELE - Krakowski Festiwal Ta\u0144ca","og_description":"Performans Z\u0142e ziele to pr\u00f3ba wykszta\u0142cenia czu\u0142ej praktyki bycia z odrzuconymi ro\u015blinami, poznawania ich potrzeb i do\u015bwiadczania ich sprawczej mocy.","og_url":"https:\/\/nck.krakow.pl\/kcc\/krakowskifestiwaltanca\/wydarzenia\/program\/zle-ziele\/","og_site_name":"Krakowski Festiwal Ta\u0144ca","article_modified_time":"2024-06-13T15:52:32+00:00","og_image":[{"width":1440,"height":700,"url":"https:\/\/nck.krakow.pl\/kcc\/krakowskifestiwaltanca\/wp-content\/uploads\/sites\/10\/2023\/04\/1440_-wyrozniajace.png","type":"image\/png"}],"twitter_card":"summary_large_image","twitter_misc":{"Est. reading time":"4 minuty"},"schema":{"@context":"https:\/\/schema.org","@graph":[{"@type":"WebPage","@id":"https:\/\/nck.krakow.pl\/kcc\/krakowskifestiwaltanca\/wydarzenia\/program\/zle-ziele\/","url":"https:\/\/nck.krakow.pl\/kcc\/krakowskifestiwaltanca\/wydarzenia\/program\/zle-ziele\/","name":"Z\u0141E ZIELE - Krakowski Festiwal Ta\u0144ca","isPartOf":{"@id":"https:\/\/nck.krakow.pl\/kcc\/krakowskifestiwaltanca\/#website"},"datePublished":"2023-04-29T10:07:45+00:00","dateModified":"2024-06-13T15:52:32+00:00","breadcrumb":{"@id":"https:\/\/nck.krakow.pl\/kcc\/krakowskifestiwaltanca\/wydarzenia\/program\/zle-ziele\/#breadcrumb"},"inLanguage":"pl-PL","potentialAction":[{"@type":"ReadAction","target":["https:\/\/nck.krakow.pl\/kcc\/krakowskifestiwaltanca\/wydarzenia\/program\/zle-ziele\/"]}]},{"@type":"BreadcrumbList","@id":"https:\/\/nck.krakow.pl\/kcc\/krakowskifestiwaltanca\/wydarzenia\/program\/zle-ziele\/#breadcrumb","itemListElement":[{"@type":"ListItem","position":1,"name":"Strona g\u0142\u00f3wna","item":"https:\/\/nck.krakow.pl\/kcc\/krakowskifestiwaltanca\/"},{"@type":"ListItem","position":2,"name":"Program","item":"https:\/\/nck.krakow.pl\/kcc\/krakowskifestiwaltanca\/wydarzenia\/program\/"},{"@type":"ListItem","position":3,"name":"Z\u0141E ZIELE"}]},{"@type":"WebSite","@id":"https:\/\/nck.krakow.pl\/kcc\/krakowskifestiwaltanca\/#website","url":"https:\/\/nck.krakow.pl\/kcc\/krakowskifestiwaltanca\/","name":"Krakowski Festiwal Ta\u0144ca","description":"","publisher":{"@id":"https:\/\/nck.krakow.pl\/kcc\/krakowskifestiwaltanca\/#organization"},"potentialAction":[{"@type":"SearchAction","target":{"@type":"EntryPoint","urlTemplate":"https:\/\/nck.krakow.pl\/kcc\/krakowskifestiwaltanca\/?s={search_term_string}"},"query-input":"required name=search_term_string"}],"inLanguage":"pl-PL"},{"@type":"Organization","@id":"https:\/\/nck.krakow.pl\/kcc\/krakowskifestiwaltanca\/#organization","name":"Krakowski Festiwal Ta\u0144ca","url":"https:\/\/nck.krakow.pl\/kcc\/krakowskifestiwaltanca\/","logo":{"@type":"ImageObject","inLanguage":"pl-PL","@id":"https:\/\/nck.krakow.pl\/kcc\/krakowskifestiwaltanca\/#\/schema\/logo\/image\/","url":"https:\/\/nck.krakow.pl\/kcc\/krakowskifestiwaltanca\/wp-content\/uploads\/sites\/10\/2023\/04\/logo.png","contentUrl":"https:\/\/nck.krakow.pl\/kcc\/krakowskifestiwaltanca\/wp-content\/uploads\/sites\/10\/2023\/04\/logo.png","width":579,"height":217,"caption":"Krakowski Festiwal Ta\u0144ca"},"image":{"@id":"https:\/\/nck.krakow.pl\/kcc\/krakowskifestiwaltanca\/#\/schema\/logo\/image\/"}}]}},"_links":{"self":[{"href":"https:\/\/nck.krakow.pl\/kcc\/krakowskifestiwaltanca\/wp-json\/wp\/v2\/event\/563"}],"collection":[{"href":"https:\/\/nck.krakow.pl\/kcc\/krakowskifestiwaltanca\/wp-json\/wp\/v2\/event"}],"about":[{"href":"https:\/\/nck.krakow.pl\/kcc\/krakowskifestiwaltanca\/wp-json\/wp\/v2\/types\/event"}],"up":[{"embeddable":true,"href":"https:\/\/nck.krakow.pl\/kcc\/krakowskifestiwaltanca\/wp-json\/wp\/v2\/event\/79"}],"wp:featuredmedia":[{"embeddable":true,"href":"https:\/\/nck.krakow.pl\/kcc\/krakowskifestiwaltanca\/wp-json\/wp\/v2\/media\/1235"}],"wp:attachment":[{"href":"https:\/\/nck.krakow.pl\/kcc\/krakowskifestiwaltanca\/wp-json\/wp\/v2\/media?parent=563"}],"wp:term":[{"taxonomy":"category","embeddable":true,"href":"https:\/\/nck.krakow.pl\/kcc\/krakowskifestiwaltanca\/wp-json\/wp\/v2\/categories?post=563"},{"taxonomy":"post_tag","embeddable":true,"href":"https:\/\/nck.krakow.pl\/kcc\/krakowskifestiwaltanca\/wp-json\/wp\/v2\/tags?post=563"}],"curies":[{"name":"wp","href":"https:\/\/api.w.org\/{rel}","templated":true}]}}