{"id":2508,"date":"2025-05-22T14:26:58","date_gmt":"2025-05-22T12:26:58","guid":{"rendered":"https:\/\/nck.krakow.pl\/kcc\/krakowskifestiwaltanca\/?post_type=event&#038;p=2508"},"modified":"2025-08-14T15:42:05","modified_gmt":"2025-08-14T13:42:05","slug":"monolog-wewnetrzny","status":"publish","type":"event","link":"https:\/\/nck.krakow.pl\/kcc\/krakowskifestiwaltanca\/wydarzenia\/program\/monolog-wewnetrzny\/","title":{"rendered":"MONOLOG WEWN\u0118TRZNY"},"content":{"rendered":"\n<div class=\"wp-block-group has-global-padding is-layout-constrained wp-block-group-is-layout-constrained\">\n<div class=\"wp-block-columns is-layout-flex wp-container-core-columns-is-layout-1 wp-block-columns-is-layout-flex\">\n<div class=\"wp-block-column is-layout-flow wp-block-column-is-layout-flow\" style=\"padding-top:0;padding-right:0;padding-bottom:0;padding-left:0\">\n<h2 class=\"wp-block-heading has-heading-5-font-size\" style=\"margin-bottom:var(--wp--preset--spacing--30);text-transform:uppercase\">TW\u00d3RCY_CZYNIE:<\/h2>\n\n\n\n<p><strong>Tekst, re\u017cyseria, wykonanie:<\/strong> Wojtek Ziemilski<br><strong>Research, wsp\u00f3\u0142praca dramaturgiczna:<\/strong> Jowita Mazurkiewicz<br><strong>Research, devising:<\/strong> Sean Palmer<br><strong>D\u017awi\u0119k:<\/strong> Jacek Mazurkiewicz<br><strong>Produkcja:<\/strong> Olga Kozi\u0144ska<br><strong>Kurator:<\/strong> Tomasz Plata<\/p>\n\n\n\n<p><strong>Konsultacje naukowe:<\/strong> prof. dr hab. n. med. Piotr Albrecht, dr Nicolas Gold<br><strong>Podzi\u0119kowania: <\/strong>Sodja Lotker, Lea Kukovi\u010di\u010d, Janek Turkowski, Dorota G\u0142a\u017cewska-Ziemilska, Pawe\u0142 Ziemilski, Marcin Kosakowski, Micha\u0142 Libera, Asa Horvitz, lekarki i lekarze Pa\u0144stwowego Instytutu Medycznego MSWiA<\/p>\n\n\n\n<p><strong>Produkcja\/kooprodukcja\/wsparcie: <\/strong>Teatr Komuna Warszawa<\/p>\n\n\n\n<p>&nbsp;<\/p>\n<\/div>\n\n\n\n<div class=\"wp-block-column is-layout-flow wp-block-column-is-layout-flow\" style=\"padding-top:0;padding-right:0;padding-bottom:0;padding-left:0\">\n<h2 class=\"wp-block-heading has-heading-5-font-size\" style=\"margin-bottom:var(--wp--preset--spacing--30);text-transform:uppercase\">O SPEKTAKLU:<\/h2>\n\n\n\n<p>\u201eLe\u017c\u0119 na scenie i rozmawiam ze swoim jelitem. Przyk\u0142adam mikrofon do brzucha i nas\u0142uchuj\u0119, co \u00abm\u00f3wi do mnie\u00bb moja mikrobiota. Pr\u00f3buj\u0119 zrozumie\u0107, jak mo\u017cemy si\u0119 dogada\u0107. A jednocze\u015bnie niekoniecznie wierz\u0119, \u017ce kto\u015b mi odpowiada. Waham si\u0119 mi\u0119dzy antropomorfizacj\u0105 bakterii a obaw\u0105, \u017ce to kompletnie bez sensu. Cho\u0107 kiedy m\u00f3wi\u0119 do tego, co jest w moich jelitach, nie zwracam si\u0119 do abstrakcji \u2013 do boga, duszy czy samopoczucia. M\u00f3wi\u0119 do bardzo konkretnej grupy \u017cywych istot, z kt\u00f3rej ka\u017cda ma sw\u00f3j charakter, swoje preferencje i potrzeby, ka\u017cda istotnie wp\u0142ywa na moje funkcjonowanie. Warto z nimi negocjowa\u0107. Szkoda tylko, \u017ce nie ma \u017cadnych, znanych nam, ludzkich sposob\u00f3w na skuteczn\u0105 komunikacj\u0119.\u201d<\/p>\n\n\n\n<p>Punktem wyj\u015bcia najnowszego spektaklu Wojtka Ziemilskiego by\u0142a choroba, z kt\u00f3r\u0105 re\u017cyser zmaga si\u0119 od o\u015bmiu lat. Uci\u0105\u017cliwa, trudna do opanowania, niemo\u017cliwa do wyleczenia. Kolejne kuracje nie przynosi\u0142y poprawy, lekarze rozk\u0142adali r\u0119ce, alternatywne metody zawodzi\u0142y. A\u017c w ko\u0144cu pojawi\u0142a si\u0119 nadzieja: jeden z globalnych koncern\u00f3w farmaceutycznych wypu\u015bci\u0142 na rynek nowy lek. Nie do ko\u0144ca bezpieczny \u2013 ale obiecuj\u0105cy.<\/p>\n\n\n\n<p>Tylko \u017ce wzruszaj\u0105ca opowie\u015b\u0107 o chorobie by\u0142aby za prosta. Zamiast tego, Ziemilski przygl\u0105da si\u0119 absurdowi swojej kondycji, testuje granice w\u0142asnej wyobra\u017ani i \u015bmieje si\u0119 z romantyzowania. Nie wiadomo, kiedy proces, kt\u00f3rego do\u015bwiadczaj\u0105 widzowie, jest powa\u017cn\u0105 konfrontacj\u0105 z w\u0142asn\u0105 u\u0142omno\u015bci\u0105, a kiedy staje si\u0119 parodi\u0105.<\/p>\n\n\n\n<div style=\"height:30px\" aria-hidden=\"true\" class=\"wp-block-spacer\"><\/div>\n\n\n\n<p><em>\u201cZ pozoru bardzo prosta, minimalistyczna pod wzgl\u0119dem inscenizacyjnym, a jednocze\u015bnie nader g\u0142\u0119boka opowie\u015b\u0107 o cz\u0142owieku, teatrze i \u015bwiecie. Ziemilski w tym \u201cmonologu na 38 bilion\u00f3w g\u0142os\u00f3w plus jeden\u201d m\u00f3wi o tym, jak cz\u0142owiek zale\u017cy od bakterii, podwa\u017ca wi\u0119c ludzkie przekonanie o w\u0142asnej podmiotowo\u015bci i pe\u0142nej mo\u017cliwo\u015bci decydowania o sobie, poszerzaj\u0105c zarazem granice postulatu w\u0142\u0105czania r\u00f3\u017cnych istot nieludzkich w procesy tw\u00f3rcze. Odwa\u017cnie opowiada te\u017c o swojej ci\u0119\u017ckiej, z kulturowego punktu widzenia mocno wstydliwej, chorobie.\u201d<\/em><\/p>\n\n\n\n<p><strong>GULDA POLECA&nbsp; \u2605\u2605\u2605\u2605\u2605<\/strong><\/p>\n\n\n\n<div style=\"height:30px\" aria-hidden=\"true\" class=\"wp-block-spacer\"><\/div>\n\n\n\n<p class=\"btn-kft btn-with-arrow btn-light\"><strong>PODCAST Andy Rottenberg \u201eInna strona \u015bwiata\u201d Vogue.pl<br><\/strong><a href=\"https:\/\/www.vogue.pl\/a\/podcast-inna-strona-swiata-s-4-odc-3-o-zlozonej-tozsamosci-z-wojtkiem-ziemilskim\" target=\"_blank\" rel=\"noreferrer noopener\">S\u0142ucham podcastu<\/a><\/p>\n<\/div>\n<\/div>\n\n\n\n<div style=\"height:3.5rem\" aria-hidden=\"true\" class=\"wp-block-spacer desktop-only\"><\/div>\n\n\n\n<div style=\"height:2.5rem\" aria-hidden=\"true\" class=\"wp-block-spacer mobile-only\"><\/div>\n<\/div>\n\n\n\n<div class=\"wp-block-group is-layout-flow wp-container-core-group-is-layout-2 wp-block-group-is-layout-flow\" style=\"margin-top:0;margin-bottom:0;padding-top:0;padding-right:0;padding-bottom:0;padding-left:0\">\n<figure class=\"wp-block-image size-large w-100\"><img loading=\"lazy\" decoding=\"async\" width=\"1024\" height=\"498\" src=\"https:\/\/nck.krakow.pl\/kcc\/krakowskifestiwaltanca\/wp-content\/uploads\/sites\/10\/2025\/05\/2-7-1024x498.png\" alt=\"\" class=\"wp-image-2510\" srcset=\"https:\/\/nck.krakow.pl\/kcc\/krakowskifestiwaltanca\/wp-content\/uploads\/sites\/10\/2025\/05\/2-7-1024x498.png 1024w, https:\/\/nck.krakow.pl\/kcc\/krakowskifestiwaltanca\/wp-content\/uploads\/sites\/10\/2025\/05\/2-7-300x146.png 300w, https:\/\/nck.krakow.pl\/kcc\/krakowskifestiwaltanca\/wp-content\/uploads\/sites\/10\/2025\/05\/2-7-768x373.png 768w, https:\/\/nck.krakow.pl\/kcc\/krakowskifestiwaltanca\/wp-content\/uploads\/sites\/10\/2025\/05\/2-7.png 1440w\" sizes=\"(max-width: 1024px) 100vw, 1024px\" \/><\/figure>\n\n\n\n<figure class=\"wp-block-image size-large w-100\"><img loading=\"lazy\" decoding=\"async\" width=\"1024\" height=\"498\" src=\"https:\/\/nck.krakow.pl\/kcc\/krakowskifestiwaltanca\/wp-content\/uploads\/sites\/10\/2025\/05\/3-6-1024x498.png\" alt=\"\" class=\"wp-image-2511\" srcset=\"https:\/\/nck.krakow.pl\/kcc\/krakowskifestiwaltanca\/wp-content\/uploads\/sites\/10\/2025\/05\/3-6-1024x498.png 1024w, https:\/\/nck.krakow.pl\/kcc\/krakowskifestiwaltanca\/wp-content\/uploads\/sites\/10\/2025\/05\/3-6-300x146.png 300w, https:\/\/nck.krakow.pl\/kcc\/krakowskifestiwaltanca\/wp-content\/uploads\/sites\/10\/2025\/05\/3-6-768x373.png 768w, https:\/\/nck.krakow.pl\/kcc\/krakowskifestiwaltanca\/wp-content\/uploads\/sites\/10\/2025\/05\/3-6.png 1440w\" sizes=\"(max-width: 1024px) 100vw, 1024px\" \/><\/figure>\n<\/div>\n\n\n\n<div class=\"wp-block-group is-layout-flow wp-block-group-is-layout-flow\">\n<p>fot. Pat Mic<\/p>\n\n\n\n<div class=\"wp-block-group has-base-color has-accent-background-color has-text-color has-background has-link-color wp-elements-97567048120fb84cd380968ca47bd006 has-global-padding is-layout-constrained wp-block-group-is-layout-constrained\">\n<div class=\"wp-block-group tickets is-layout-flow wp-block-group-is-layout-flow\" style=\"padding-top:0;padding-bottom:0\">\n<div class=\"wp-block-columns is-layout-flex wp-container-core-columns-is-layout-2 wp-block-columns-is-layout-flex\" style=\"padding-top:var(--wp--preset--spacing--70);padding-bottom:var(--wp--preset--spacing--70)\">\n<div class=\"wp-block-column is-vertically-aligned-center is-layout-flow wp-block-column-is-layout-flow\" style=\"padding-top:0;padding-bottom:0;flex-basis:33%\">\n<h2 class=\"wp-block-heading has-heading-3-font-size\" style=\"padding-top:0\">Bilety <br>i Karnety<\/h2>\n\n\n\n<p class=\"has-unbounded-font-family has-heading-5-font-size\" style=\"text-transform:lowercase\">na spektakle<\/p>\n<\/div>\n\n\n\n<div class=\"wp-block-column is-vertically-aligned-center is-layout-flow wp-block-column-is-layout-flow\" style=\"padding-right:0;flex-basis:33%\">\n<p class=\"has-unbounded-font-family has-heading-5-font-size\" style=\"padding-right:var(--wp--preset--spacing--80)\">Sprzeda\u017c bilet\u00f3w zako\u0144czona.<\/p>\n<\/div>\n\n\n\n<div class=\"wp-block-column is-vertically-aligned-center is-layout-flow wp-block-column-is-layout-flow\" style=\"flex-basis:33%\">\n<p class=\"btn-kft btn-with-arrow btn-with-border btn-dark btn-mobile-inline\">sprawd\u017a na biletyna.pl<\/p>\n<\/div>\n<\/div>\n<\/div>\n<\/div>\n<\/div>\n\n\n\n<aside class=\"wp-block-group custom-posts-slider is-layout-flow wp-block-group-is-layout-flow\" style=\"margin-top:1.25rem;margin-bottom:1.25rem\">\n<div class=\"wp-block-columns is-layout-flex wp-container-core-columns-is-layout-3 wp-block-columns-is-layout-flex\">\n<div class=\"wp-block-column custom-posts-slider-heading is-layout-flow wp-block-column-is-layout-flow\" style=\"padding-bottom:var(--wp--preset--spacing--70);flex-basis:33%\">\n<h2 class=\"wp-block-heading has-heading-3-font-size\">SPRAWD\u0179 R\u00d3WNIE\u017b:<\/h2>\n<\/div>\n\n\n\n<div class=\"wp-block-column is-layout-flow wp-block-column-is-layout-flow\" style=\"padding-top:0;padding-right:0;padding-bottom:0\">\n<div class=\"wp-block-group is-nowrap is-layout-flex wp-container-core-group-is-layout-10 wp-block-group-is-layout-flex\" style=\"padding-right:0\">\n<div class=\"wp-block-query embla custom-posts-slider-content is-layout-flow wp-block-query-is-layout-flow\">\n<button class=\"embla__prev\" title=\"Poprzedni\">\n  Poprzedni\n<\/button>\n<button class=\"embla__next\" title=\"Nast\u0119pny\">\n  Nast\u0119pny\n<\/button>\n\n\n<ul class=\"embla__container custom-posts-slider-container width-100 wp-block-post-template is-layout-flow wp-block-post-template-is-layout-flow\"><li class=\"wp-block-post post-2487 event type-event status-publish has-post-thumbnail hentry category-wtorek tag-cialo-glos tag-daj_sobie_czas tag-spektakl-instalacja\">\n\n<div class=\"wp-block-group embla__slide is-layout-flow wp-block-group-is-layout-flow\">\n<div class=\"wp-block-group image-wrapper is-layout-flow wp-block-group-is-layout-flow\"><figure class=\"image wp-block-post-featured-image\"><img loading=\"lazy\" decoding=\"async\" width=\"1440\" height=\"700\" src=\"https:\/\/nck.krakow.pl\/kcc\/krakowskifestiwaltanca\/wp-content\/uploads\/sites\/10\/2025\/05\/wyrozniajace-3.png\" class=\"attachment-post-thumbnail size-post-thumbnail wp-post-image\" alt=\"\" style=\"object-fit:cover;\" srcset=\"https:\/\/nck.krakow.pl\/kcc\/krakowskifestiwaltanca\/wp-content\/uploads\/sites\/10\/2025\/05\/wyrozniajace-3.png 1440w, https:\/\/nck.krakow.pl\/kcc\/krakowskifestiwaltanca\/wp-content\/uploads\/sites\/10\/2025\/05\/wyrozniajace-3-300x146.png 300w, https:\/\/nck.krakow.pl\/kcc\/krakowskifestiwaltanca\/wp-content\/uploads\/sites\/10\/2025\/05\/wyrozniajace-3-1024x498.png 1024w, https:\/\/nck.krakow.pl\/kcc\/krakowskifestiwaltanca\/wp-content\/uploads\/sites\/10\/2025\/05\/wyrozniajace-3-768x373.png 768w\" sizes=\"(max-width: 1440px) 100vw, 1440px\" \/><\/figure><\/div>\n\n\n<h3 style=\"margin-top:var(--wp--preset--spacing--30);margin-right:0;margin-bottom:var(--wp--preset--spacing--30);margin-left:0;\" class=\"wp-block-post-title has-heading-4-font-size\">UNEARTH<\/h3>\n\n<div class=\"taxonomy-post_tag wp-block-post-terms\"><a href=\"https:\/\/nck.krakow.pl\/kcc\/krakowskifestiwaltanca\/tag\/cialo-glos\/\" rel=\"tag\">cia\u0142o-g\u0142os<\/a><span class=\"wp-block-post-terms__separator\"> <\/span><a href=\"https:\/\/nck.krakow.pl\/kcc\/krakowskifestiwaltanca\/tag\/daj_sobie_czas\/\" rel=\"tag\">daj_sobie_czas<\/a><span class=\"wp-block-post-terms__separator\"> <\/span><a href=\"https:\/\/nck.krakow.pl\/kcc\/krakowskifestiwaltanca\/tag\/spektakl-instalacja\/\" rel=\"tag\">spektakl-instalacja<\/a><\/div>\n\n<div style=\"margin-top:0;margin-right:0;margin-bottom:0;margin-left:0;\" class=\"btn-with-arrow btn-kft btn-light wp-block-post-excerpt\"><p class=\"wp-block-post-excerpt__excerpt\">W Unearth Jefta van Dinther gromadzi dziesi\u0119ciu tancerzy w odwa\u017cnej, minimalistycznej choreografii cia\u0142a i g\u0142osu. To widzowie_ki decyduj\u0105, jak d\u0142ugo chc\u0105 uczestniczy\u0107 w spektaklu.<\/p><p class=\"wp-block-post-excerpt__more-text\"><a class=\"wp-block-post-excerpt__more-link\" href=\"https:\/\/nck.krakow.pl\/kcc\/krakowskifestiwaltanca\/wydarzenia\/program\/unearth\/\">zobacz wi\u0119cej<\/a><\/p><\/div><\/div>\n\n<\/li><li class=\"wp-block-post post-2508 event type-event status-publish has-post-thumbnail hentry category-sobota tag-osobista__historia tag-taniec_wewnatrz_ciala\">\n\n<div class=\"wp-block-group embla__slide is-layout-flow wp-block-group-is-layout-flow\">\n<div class=\"wp-block-group image-wrapper is-layout-flow wp-block-group-is-layout-flow\"><figure class=\"image wp-block-post-featured-image\"><img loading=\"lazy\" decoding=\"async\" width=\"1440\" height=\"700\" src=\"https:\/\/nck.krakow.pl\/kcc\/krakowskifestiwaltanca\/wp-content\/uploads\/sites\/10\/2025\/05\/wyrozniajace-6.png\" class=\"attachment-post-thumbnail size-post-thumbnail wp-post-image\" alt=\"\" style=\"object-fit:cover;\" srcset=\"https:\/\/nck.krakow.pl\/kcc\/krakowskifestiwaltanca\/wp-content\/uploads\/sites\/10\/2025\/05\/wyrozniajace-6.png 1440w, https:\/\/nck.krakow.pl\/kcc\/krakowskifestiwaltanca\/wp-content\/uploads\/sites\/10\/2025\/05\/wyrozniajace-6-300x146.png 300w, https:\/\/nck.krakow.pl\/kcc\/krakowskifestiwaltanca\/wp-content\/uploads\/sites\/10\/2025\/05\/wyrozniajace-6-1024x498.png 1024w, https:\/\/nck.krakow.pl\/kcc\/krakowskifestiwaltanca\/wp-content\/uploads\/sites\/10\/2025\/05\/wyrozniajace-6-768x373.png 768w\" sizes=\"(max-width: 1440px) 100vw, 1440px\" \/><\/figure><\/div>\n\n\n<h3 style=\"margin-top:var(--wp--preset--spacing--30);margin-right:0;margin-bottom:var(--wp--preset--spacing--30);margin-left:0;\" class=\"wp-block-post-title has-heading-4-font-size\">MONOLOG WEWN\u0118TRZNY<\/h3>\n\n<div class=\"taxonomy-post_tag wp-block-post-terms\"><a href=\"https:\/\/nck.krakow.pl\/kcc\/krakowskifestiwaltanca\/tag\/osobista__historia\/\" rel=\"tag\">osobista__historia<\/a><span class=\"wp-block-post-terms__separator\"> <\/span><a href=\"https:\/\/nck.krakow.pl\/kcc\/krakowskifestiwaltanca\/tag\/taniec_wewnatrz_ciala\/\" rel=\"tag\">taniec_wewn\u0105trz_cia\u0142a<\/a><\/div>\n\n<div style=\"margin-top:0;margin-right:0;margin-bottom:0;margin-left:0;\" class=\"btn-with-arrow btn-kft btn-light wp-block-post-excerpt\"><p class=\"wp-block-post-excerpt__excerpt\">Punktem wyj\u015bcia najnowszego spektaklu Wojtka Ziemilskiego by\u0142a choroba, z kt\u00f3r\u0105 re\u017cyser zmaga si\u0119 od o\u015bmiu lat. Spektakl b\u0119dzie po raz pierwszy prezentowany w Krakowie.<\/p><p class=\"wp-block-post-excerpt__more-text\"><a class=\"wp-block-post-excerpt__more-link\" href=\"https:\/\/nck.krakow.pl\/kcc\/krakowskifestiwaltanca\/wydarzenia\/program\/monolog-wewnetrzny\/\">zobacz wi\u0119cej<\/a><\/p><\/div><\/div>\n\n<\/li><\/ul><\/div>\n<\/div>\n<\/div>\n<\/div>\n<\/aside>\n","protected":false},"excerpt":{"rendered":"<p>Punktem wyj\u015bcia najnowszego spektaklu Wojtka Ziemilskiego by\u0142a choroba, z kt\u00f3r\u0105 re\u017cyser zmaga si\u0119 od o\u015bmiu lat. Spektakl b\u0119dzie po raz pierwszy prezentowany w Krakowie. <\/p>\n","protected":false},"featured_media":2509,"parent":79,"menu_order":0,"template":"event-page","categories":[13],"tags":[117,116],"class_list":["post-2508","event","type-event","status-publish","has-post-thumbnail","hentry","category-sobota","tag-osobista__historia","tag-taniec_wewnatrz_ciala"],"yoast_head":"<!-- This site is optimized with the Yoast SEO plugin v19.12 - https:\/\/yoast.com\/wordpress\/plugins\/seo\/ -->\n<title>MONOLOG WEWN\u0118TRZNY - Krakowski Festiwal Ta\u0144ca<\/title>\n<meta name=\"robots\" content=\"index, follow, max-snippet:-1, max-image-preview:large, max-video-preview:-1\" \/>\n<link rel=\"canonical\" href=\"https:\/\/nck.krakow.pl\/kcc\/krakowskifestiwaltanca\/wydarzenia\/program\/monolog-wewnetrzny\/\" \/>\n<meta property=\"og:locale\" content=\"pl_PL\" \/>\n<meta property=\"og:type\" content=\"article\" \/>\n<meta property=\"og:title\" content=\"MONOLOG WEWN\u0118TRZNY - Krakowski Festiwal Ta\u0144ca\" \/>\n<meta property=\"og:description\" content=\"Punktem wyj\u015bcia najnowszego spektaklu Wojtka Ziemilskiego by\u0142a choroba, z kt\u00f3r\u0105 re\u017cyser zmaga si\u0119 od o\u015bmiu lat. Spektakl b\u0119dzie po raz pierwszy prezentowany w Krakowie.\" \/>\n<meta property=\"og:url\" content=\"https:\/\/nck.krakow.pl\/kcc\/krakowskifestiwaltanca\/wydarzenia\/program\/monolog-wewnetrzny\/\" \/>\n<meta property=\"og:site_name\" content=\"Krakowski Festiwal Ta\u0144ca\" \/>\n<meta property=\"article:modified_time\" content=\"2025-08-14T13:42:05+00:00\" \/>\n<meta property=\"og:image\" content=\"https:\/\/nck.krakow.pl\/kcc\/krakowskifestiwaltanca\/wp-content\/uploads\/sites\/10\/2025\/05\/wyrozniajace-6.png\" \/>\n\t<meta property=\"og:image:width\" content=\"1440\" \/>\n\t<meta property=\"og:image:height\" content=\"700\" \/>\n\t<meta property=\"og:image:type\" content=\"image\/png\" \/>\n<meta name=\"twitter:card\" content=\"summary_large_image\" \/>\n<meta name=\"twitter:label1\" content=\"Est. reading time\" \/>\n\t<meta name=\"twitter:data1\" content=\"3 minuty\" \/>\n<script type=\"application\/ld+json\" class=\"yoast-schema-graph\">{\"@context\":\"https:\/\/schema.org\",\"@graph\":[{\"@type\":\"WebPage\",\"@id\":\"https:\/\/nck.krakow.pl\/kcc\/krakowskifestiwaltanca\/wydarzenia\/program\/monolog-wewnetrzny\/\",\"url\":\"https:\/\/nck.krakow.pl\/kcc\/krakowskifestiwaltanca\/wydarzenia\/program\/monolog-wewnetrzny\/\",\"name\":\"MONOLOG WEWN\u0118TRZNY - Krakowski Festiwal Ta\u0144ca\",\"isPartOf\":{\"@id\":\"https:\/\/nck.krakow.pl\/kcc\/krakowskifestiwaltanca\/#website\"},\"datePublished\":\"2025-05-22T12:26:58+00:00\",\"dateModified\":\"2025-08-14T13:42:05+00:00\",\"breadcrumb\":{\"@id\":\"https:\/\/nck.krakow.pl\/kcc\/krakowskifestiwaltanca\/wydarzenia\/program\/monolog-wewnetrzny\/#breadcrumb\"},\"inLanguage\":\"pl-PL\",\"potentialAction\":[{\"@type\":\"ReadAction\",\"target\":[\"https:\/\/nck.krakow.pl\/kcc\/krakowskifestiwaltanca\/wydarzenia\/program\/monolog-wewnetrzny\/\"]}]},{\"@type\":\"BreadcrumbList\",\"@id\":\"https:\/\/nck.krakow.pl\/kcc\/krakowskifestiwaltanca\/wydarzenia\/program\/monolog-wewnetrzny\/#breadcrumb\",\"itemListElement\":[{\"@type\":\"ListItem\",\"position\":1,\"name\":\"Strona g\u0142\u00f3wna\",\"item\":\"https:\/\/nck.krakow.pl\/kcc\/krakowskifestiwaltanca\/\"},{\"@type\":\"ListItem\",\"position\":2,\"name\":\"Program\",\"item\":\"https:\/\/nck.krakow.pl\/kcc\/krakowskifestiwaltanca\/wydarzenia\/program\/\"},{\"@type\":\"ListItem\",\"position\":3,\"name\":\"MONOLOG WEWN\u0118TRZNY\"}]},{\"@type\":\"WebSite\",\"@id\":\"https:\/\/nck.krakow.pl\/kcc\/krakowskifestiwaltanca\/#website\",\"url\":\"https:\/\/nck.krakow.pl\/kcc\/krakowskifestiwaltanca\/\",\"name\":\"Krakowski Festiwal Ta\u0144ca\",\"description\":\"\",\"publisher\":{\"@id\":\"https:\/\/nck.krakow.pl\/kcc\/krakowskifestiwaltanca\/#organization\"},\"potentialAction\":[{\"@type\":\"SearchAction\",\"target\":{\"@type\":\"EntryPoint\",\"urlTemplate\":\"https:\/\/nck.krakow.pl\/kcc\/krakowskifestiwaltanca\/?s={search_term_string}\"},\"query-input\":\"required name=search_term_string\"}],\"inLanguage\":\"pl-PL\"},{\"@type\":\"Organization\",\"@id\":\"https:\/\/nck.krakow.pl\/kcc\/krakowskifestiwaltanca\/#organization\",\"name\":\"Krakowski Festiwal Ta\u0144ca\",\"url\":\"https:\/\/nck.krakow.pl\/kcc\/krakowskifestiwaltanca\/\",\"logo\":{\"@type\":\"ImageObject\",\"inLanguage\":\"pl-PL\",\"@id\":\"https:\/\/nck.krakow.pl\/kcc\/krakowskifestiwaltanca\/#\/schema\/logo\/image\/\",\"url\":\"https:\/\/nck.krakow.pl\/kcc\/krakowskifestiwaltanca\/wp-content\/uploads\/sites\/10\/2023\/04\/logo.png\",\"contentUrl\":\"https:\/\/nck.krakow.pl\/kcc\/krakowskifestiwaltanca\/wp-content\/uploads\/sites\/10\/2023\/04\/logo.png\",\"width\":579,\"height\":217,\"caption\":\"Krakowski Festiwal Ta\u0144ca\"},\"image\":{\"@id\":\"https:\/\/nck.krakow.pl\/kcc\/krakowskifestiwaltanca\/#\/schema\/logo\/image\/\"}}]}<\/script>\n<!-- \/ Yoast SEO plugin. -->","yoast_head_json":{"title":"MONOLOG WEWN\u0118TRZNY - Krakowski Festiwal Ta\u0144ca","robots":{"index":"index","follow":"follow","max-snippet":"max-snippet:-1","max-image-preview":"max-image-preview:large","max-video-preview":"max-video-preview:-1"},"canonical":"https:\/\/nck.krakow.pl\/kcc\/krakowskifestiwaltanca\/wydarzenia\/program\/monolog-wewnetrzny\/","og_locale":"pl_PL","og_type":"article","og_title":"MONOLOG WEWN\u0118TRZNY - Krakowski Festiwal Ta\u0144ca","og_description":"Punktem wyj\u015bcia najnowszego spektaklu Wojtka Ziemilskiego by\u0142a choroba, z kt\u00f3r\u0105 re\u017cyser zmaga si\u0119 od o\u015bmiu lat. Spektakl b\u0119dzie po raz pierwszy prezentowany w Krakowie.","og_url":"https:\/\/nck.krakow.pl\/kcc\/krakowskifestiwaltanca\/wydarzenia\/program\/monolog-wewnetrzny\/","og_site_name":"Krakowski Festiwal Ta\u0144ca","article_modified_time":"2025-08-14T13:42:05+00:00","og_image":[{"width":1440,"height":700,"url":"https:\/\/nck.krakow.pl\/kcc\/krakowskifestiwaltanca\/wp-content\/uploads\/sites\/10\/2025\/05\/wyrozniajace-6.png","type":"image\/png"}],"twitter_card":"summary_large_image","twitter_misc":{"Est. reading time":"3 minuty"},"schema":{"@context":"https:\/\/schema.org","@graph":[{"@type":"WebPage","@id":"https:\/\/nck.krakow.pl\/kcc\/krakowskifestiwaltanca\/wydarzenia\/program\/monolog-wewnetrzny\/","url":"https:\/\/nck.krakow.pl\/kcc\/krakowskifestiwaltanca\/wydarzenia\/program\/monolog-wewnetrzny\/","name":"MONOLOG WEWN\u0118TRZNY - Krakowski Festiwal Ta\u0144ca","isPartOf":{"@id":"https:\/\/nck.krakow.pl\/kcc\/krakowskifestiwaltanca\/#website"},"datePublished":"2025-05-22T12:26:58+00:00","dateModified":"2025-08-14T13:42:05+00:00","breadcrumb":{"@id":"https:\/\/nck.krakow.pl\/kcc\/krakowskifestiwaltanca\/wydarzenia\/program\/monolog-wewnetrzny\/#breadcrumb"},"inLanguage":"pl-PL","potentialAction":[{"@type":"ReadAction","target":["https:\/\/nck.krakow.pl\/kcc\/krakowskifestiwaltanca\/wydarzenia\/program\/monolog-wewnetrzny\/"]}]},{"@type":"BreadcrumbList","@id":"https:\/\/nck.krakow.pl\/kcc\/krakowskifestiwaltanca\/wydarzenia\/program\/monolog-wewnetrzny\/#breadcrumb","itemListElement":[{"@type":"ListItem","position":1,"name":"Strona g\u0142\u00f3wna","item":"https:\/\/nck.krakow.pl\/kcc\/krakowskifestiwaltanca\/"},{"@type":"ListItem","position":2,"name":"Program","item":"https:\/\/nck.krakow.pl\/kcc\/krakowskifestiwaltanca\/wydarzenia\/program\/"},{"@type":"ListItem","position":3,"name":"MONOLOG WEWN\u0118TRZNY"}]},{"@type":"WebSite","@id":"https:\/\/nck.krakow.pl\/kcc\/krakowskifestiwaltanca\/#website","url":"https:\/\/nck.krakow.pl\/kcc\/krakowskifestiwaltanca\/","name":"Krakowski Festiwal Ta\u0144ca","description":"","publisher":{"@id":"https:\/\/nck.krakow.pl\/kcc\/krakowskifestiwaltanca\/#organization"},"potentialAction":[{"@type":"SearchAction","target":{"@type":"EntryPoint","urlTemplate":"https:\/\/nck.krakow.pl\/kcc\/krakowskifestiwaltanca\/?s={search_term_string}"},"query-input":"required name=search_term_string"}],"inLanguage":"pl-PL"},{"@type":"Organization","@id":"https:\/\/nck.krakow.pl\/kcc\/krakowskifestiwaltanca\/#organization","name":"Krakowski Festiwal Ta\u0144ca","url":"https:\/\/nck.krakow.pl\/kcc\/krakowskifestiwaltanca\/","logo":{"@type":"ImageObject","inLanguage":"pl-PL","@id":"https:\/\/nck.krakow.pl\/kcc\/krakowskifestiwaltanca\/#\/schema\/logo\/image\/","url":"https:\/\/nck.krakow.pl\/kcc\/krakowskifestiwaltanca\/wp-content\/uploads\/sites\/10\/2023\/04\/logo.png","contentUrl":"https:\/\/nck.krakow.pl\/kcc\/krakowskifestiwaltanca\/wp-content\/uploads\/sites\/10\/2023\/04\/logo.png","width":579,"height":217,"caption":"Krakowski Festiwal Ta\u0144ca"},"image":{"@id":"https:\/\/nck.krakow.pl\/kcc\/krakowskifestiwaltanca\/#\/schema\/logo\/image\/"}}]}},"_links":{"self":[{"href":"https:\/\/nck.krakow.pl\/kcc\/krakowskifestiwaltanca\/wp-json\/wp\/v2\/event\/2508"}],"collection":[{"href":"https:\/\/nck.krakow.pl\/kcc\/krakowskifestiwaltanca\/wp-json\/wp\/v2\/event"}],"about":[{"href":"https:\/\/nck.krakow.pl\/kcc\/krakowskifestiwaltanca\/wp-json\/wp\/v2\/types\/event"}],"up":[{"embeddable":true,"href":"https:\/\/nck.krakow.pl\/kcc\/krakowskifestiwaltanca\/wp-json\/wp\/v2\/event\/79"}],"wp:featuredmedia":[{"embeddable":true,"href":"https:\/\/nck.krakow.pl\/kcc\/krakowskifestiwaltanca\/wp-json\/wp\/v2\/media\/2509"}],"wp:attachment":[{"href":"https:\/\/nck.krakow.pl\/kcc\/krakowskifestiwaltanca\/wp-json\/wp\/v2\/media?parent=2508"}],"wp:term":[{"taxonomy":"category","embeddable":true,"href":"https:\/\/nck.krakow.pl\/kcc\/krakowskifestiwaltanca\/wp-json\/wp\/v2\/categories?post=2508"},{"taxonomy":"post_tag","embeddable":true,"href":"https:\/\/nck.krakow.pl\/kcc\/krakowskifestiwaltanca\/wp-json\/wp\/v2\/tags?post=2508"}],"curies":[{"name":"wp","href":"https:\/\/api.w.org\/{rel}","templated":true}]}}