{"id":2499,"date":"2025-05-22T13:55:59","date_gmt":"2025-05-22T11:55:59","guid":{"rendered":"https:\/\/nck.krakow.pl\/kcc\/krakowskifestiwaltanca\/?post_type=event&#038;p=2499"},"modified":"2025-08-14T15:38:16","modified_gmt":"2025-08-14T13:38:16","slug":"dances-like-a-bomb","status":"publish","type":"event","link":"https:\/\/nck.krakow.pl\/kcc\/krakowskifestiwaltanca\/wydarzenia\/program\/dances-like-a-bomb\/","title":{"rendered":"DANCES LIKE A BOMB"},"content":{"rendered":"\n<div class=\"wp-block-group has-global-padding is-layout-constrained wp-block-group-is-layout-constrained\">\n<div class=\"wp-block-columns is-layout-flex wp-container-core-columns-is-layout-1 wp-block-columns-is-layout-flex\">\n<div class=\"wp-block-column is-layout-flow wp-block-column-is-layout-flow\" style=\"padding-top:0;padding-right:0;padding-bottom:0;padding-left:0\">\n<h2 class=\"wp-block-heading has-heading-5-font-size\" style=\"margin-bottom:var(--wp--preset--spacing--30);text-transform:uppercase\">TW\u00d3RCY_CZYNIE:<\/h2>\n\n\n\n<p><strong>Re\u017cyseria:<\/strong> Jessica Kennedy, Megan Kennedy<\/p>\n\n\n\n<p><strong>Choreografia:<\/strong> Jessica Kennedy, Megan Kennedy (stworzona we wsp\u00f3\u0142pracy z zespo\u0142em)<\/p>\n\n\n\n<p><strong>Wykonanie:<\/strong> Finola Cronin, Luc Dunberry<\/p>\n\n\n\n<p><strong>Scenografia:<\/strong> Sabine Dargent<\/p>\n\n\n\n<p><strong>Muzyka:<\/strong> Denis Clohessy<\/p>\n\n\n\n<p><strong>Re\u017cyseria \u015bwiat\u0142a:<\/strong> Stephen Dodd<\/p>\n\n\n\n<p><strong>Kostiumy:<\/strong> Saile\u00f3g O&#8217;Halloran<\/p>\n\n\n\n<p><strong>Tekst: <\/strong>Finola Cronin, Luc Dunberry, Mikel Murfi<\/p>\n\n\n\n<p><strong>Trening wokalny:<\/strong> Andrea Ainsworth<\/p>\n\n\n\n<p><strong>Konstrukcja scenografii:<\/strong> Ger Clancy<\/p>\n\n\n\n<p><strong>Inspicjent:<\/strong> Marella Boschi<\/p>\n\n\n\n<p><strong>Kierownictwo produkcji:<\/strong> Simon Bird<\/p>\n\n\n\n<p><strong>Producent:<\/strong> Gwen Van Sp\u00ffk<\/p>\n\n\n\n<p>&nbsp;<\/p>\n<\/div>\n\n\n\n<div class=\"wp-block-column is-layout-flow wp-block-column-is-layout-flow\" style=\"padding-top:0;padding-right:0;padding-bottom:0;padding-left:0\">\n<h2 class=\"wp-block-heading has-heading-5-font-size\" style=\"margin-bottom:var(--wp--preset--spacing--30);text-transform:uppercase\"><strong>WA\u017bNE:<\/strong><\/h2>\n\n\n\n<p>Spektakl z audiodeskrypcj\u0105. Osoby zainteresowane takim odbiorem spektaklu prosimy o kontakt telefoniczny: 12 644 02 66 w. 55 lub mejlowy: <a href=\"mailto:rezerwacja@nck.krakow.pl\">rezerwacja@nck.krakow.pl<\/a><\/p>\n\n\n\n<p>Cena biletu dla osoby niewidz\u0105cej\/s\u0142abowidz\u0105cej: 20 z\u0142<\/p>\n\n\n\n<p>Cena biletu dla osoby asystuj\u0105cej: 20 z\u0142<br><em>Prosimy o pojawienie si\u0119 w foyer NCK o 17:45. O 18:00 odb\u0119dzie si\u0119 rozgrzewka ruchowa i dotykowe zwiedzanie scenografii prowadzone przez Katarzyn\u0119 Peplinsk\u0105-Pietrzak<\/em><\/p>\n\n\n\n<div style=\"height:30px\" aria-hidden=\"true\" class=\"wp-block-spacer\"><\/div>\n\n\n\n<h2 class=\"wp-block-heading has-heading-5-font-size\" style=\"margin-bottom:var(--wp--preset--spacing--30);text-transform:uppercase\">O SPEKTAKLU:<\/h2>\n\n\n\n<p>Spektakl celebruje si\u0142\u0119 dojrza\u0142ych cia\u0142 i rzuca wyzwanie kultowi m\u0142odo\u015bci. <em>Dances Like a Bomb<\/em> to praca stworzona przez innowator\u00f3w teatru ta\u0144ca, irlandzki duet choreograficzny Junk Ensemble. Na scenie: by\u0142y tancerz<em> Sasha Waltz &amp; Guest<\/em> Luc Dunberry i by\u0142a tancerka <em>Tanztheater Wuppertal<\/em> Piny Bausch Finola Cronin.&nbsp;<\/p>\n\n\n\n<p>Wykonawcy s\u0105 heroiczni, wra\u017cliwi, komiczni i ca\u0142kowicie prawdziwi. Z pasj\u0105 troszcz\u0105 si\u0119 o siebie wzajemnie i broni\u0105 swojej suwerenno\u015bci. Gdy wspieraj\u0105 si\u0119 nawzajem i zarazem wystawiaj\u0105 siebie na pr\u00f3b\u0119, \u201eperformans\u201d starzenia si\u0119 zostaje ods\u0142oni\u0119ty jako przypomnienie o nas samych \u2013 naszych najgorszych i najlepszych stronach.<\/p>\n\n\n\n<p>Praca zosta\u0142a wyselekcjonowana do presti\u017cowej sieci Aerowaves 2025.<\/p>\n\n\n\n<p><strong><br><\/strong><em>&nbsp;\u201eSurrealistyczne, pi\u0119kne i niezwykle ludzkie\u201d<br>&nbsp;\u201eTo dzie\u0142o, kt\u00f3rego pi\u0119kno i z\u0142o\u017cono\u015b\u0107 pokazuj\u0105, dlaczego starsi arty\u015bci_tki \u2013 niezale\u017cnie od dziedziny \u2013 nigdy nie powinni by\u0107 niedoceniani\u201d<\/em><\/p>\n\n\n\n<p><strong>THE LIST <\/strong><strong>\u2605\u2605\u2605\u2605\u2605<\/strong><\/p>\n\n\n\n<p><em>\u201eG\u0142\u0119bokie w swojej prostocie, odnajduje pi\u0119kno w codzienno\u015bci, ukazuje si\u0142\u0119 w delikatno\u015bci. <\/em><em>Po prostu niezwyk\u0142e.\u201d<\/em><\/p>\n\n\n\n<p><strong>THE ARTS REVIEW <\/strong><strong>\u2605\u2605\u2605\u2605\u2605<\/strong><\/p>\n<\/div>\n<\/div>\n\n\n\n<div style=\"height:3.5rem\" aria-hidden=\"true\" class=\"wp-block-spacer desktop-only\"><\/div>\n\n\n\n<div style=\"height:2.5rem\" aria-hidden=\"true\" class=\"wp-block-spacer mobile-only\"><\/div>\n<\/div>\n\n\n\n<div class=\"wp-block-group is-layout-flow wp-container-core-group-is-layout-2 wp-block-group-is-layout-flow\" style=\"margin-top:0;margin-bottom:0;padding-top:0;padding-right:0;padding-bottom:0;padding-left:0\">\n<div class=\"wp-block-create-block-kft-vimeo\"><div class=\"video\" data-video-id=\"884462314\"><\/div><\/div>\n\n\n\n<figure class=\"wp-block-image size-large w-100\"><img loading=\"lazy\" decoding=\"async\" width=\"1024\" height=\"498\" src=\"https:\/\/nck.krakow.pl\/kcc\/krakowskifestiwaltanca\/wp-content\/uploads\/sites\/10\/2025\/05\/2-5-1024x498.png\" alt=\"\" class=\"wp-image-2500\" srcset=\"https:\/\/nck.krakow.pl\/kcc\/krakowskifestiwaltanca\/wp-content\/uploads\/sites\/10\/2025\/05\/2-5-1024x498.png 1024w, https:\/\/nck.krakow.pl\/kcc\/krakowskifestiwaltanca\/wp-content\/uploads\/sites\/10\/2025\/05\/2-5-300x146.png 300w, https:\/\/nck.krakow.pl\/kcc\/krakowskifestiwaltanca\/wp-content\/uploads\/sites\/10\/2025\/05\/2-5-768x373.png 768w, https:\/\/nck.krakow.pl\/kcc\/krakowskifestiwaltanca\/wp-content\/uploads\/sites\/10\/2025\/05\/2-5.png 1440w\" sizes=\"(max-width: 1024px) 100vw, 1024px\" \/><\/figure>\n\n\n\n<figure class=\"wp-block-image size-large w-100\"><img loading=\"lazy\" decoding=\"async\" width=\"1024\" height=\"498\" src=\"https:\/\/nck.krakow.pl\/kcc\/krakowskifestiwaltanca\/wp-content\/uploads\/sites\/10\/2025\/05\/3-5-1024x498.png\" alt=\"\" class=\"wp-image-2501\" srcset=\"https:\/\/nck.krakow.pl\/kcc\/krakowskifestiwaltanca\/wp-content\/uploads\/sites\/10\/2025\/05\/3-5-1024x498.png 1024w, https:\/\/nck.krakow.pl\/kcc\/krakowskifestiwaltanca\/wp-content\/uploads\/sites\/10\/2025\/05\/3-5-300x146.png 300w, https:\/\/nck.krakow.pl\/kcc\/krakowskifestiwaltanca\/wp-content\/uploads\/sites\/10\/2025\/05\/3-5-768x373.png 768w, https:\/\/nck.krakow.pl\/kcc\/krakowskifestiwaltanca\/wp-content\/uploads\/sites\/10\/2025\/05\/3-5.png 1440w\" sizes=\"(max-width: 1024px) 100vw, 1024px\" \/><\/figure>\n<\/div>\n\n\n\n<div class=\"wp-block-group is-layout-flow wp-block-group-is-layout-flow\">\n<p>Fot. Fionn McCann, Luca Truffarelli<\/p>\n\n\n\n<div class=\"wp-block-group is-layout-flow wp-block-group-is-layout-flow\" style=\"padding-top:3.75rem;padding-right:var(--wp--preset--spacing--60);padding-bottom:3.75rem;padding-left:var(--wp--preset--spacing--60)\">\n<div class=\"wp-block-columns is-layout-flex wp-container-core-columns-is-layout-2 wp-block-columns-is-layout-flex\">\n<div class=\"wp-block-column is-layout-flow wp-block-column-is-layout-flow\">\n<p>Prezentacja spektaklu wsparta przez Culture Ireland.&nbsp;<\/p>\n\n\n\n<p>W pierwszej fazie projektu finansowanie Arts Council of Ireland (Irlandzka Rada Sztuki).<\/p>\n<\/div>\n\n\n\n<div class=\"wp-block-column is-layout-flow wp-block-column-is-layout-flow\" style=\"flex-basis:66%\">\n<div class=\"wp-block-group is-layout-flow wp-block-group-is-layout-flow\">\n<div class=\"wp-block-group is-content-justification-center is-nowrap is-layout-flex wp-container-core-group-is-layout-3 wp-block-group-is-layout-flex\">\n<figure class=\"wp-block-image size-large is-resized\"><img loading=\"lazy\" decoding=\"async\" width=\"1024\" height=\"429\" src=\"https:\/\/nck.krakow.pl\/kcc\/krakowskifestiwaltanca\/wp-content\/uploads\/sites\/10\/2025\/05\/Culture-Ireland-logo-black-1024x429.png\" alt=\"\" class=\"wp-image-2503\" style=\"width:332px;height:auto\" srcset=\"https:\/\/nck.krakow.pl\/kcc\/krakowskifestiwaltanca\/wp-content\/uploads\/sites\/10\/2025\/05\/Culture-Ireland-logo-black-1024x429.png 1024w, https:\/\/nck.krakow.pl\/kcc\/krakowskifestiwaltanca\/wp-content\/uploads\/sites\/10\/2025\/05\/Culture-Ireland-logo-black-300x126.png 300w, https:\/\/nck.krakow.pl\/kcc\/krakowskifestiwaltanca\/wp-content\/uploads\/sites\/10\/2025\/05\/Culture-Ireland-logo-black-768x322.png 768w, https:\/\/nck.krakow.pl\/kcc\/krakowskifestiwaltanca\/wp-content\/uploads\/sites\/10\/2025\/05\/Culture-Ireland-logo-black-1536x644.png 1536w, https:\/\/nck.krakow.pl\/kcc\/krakowskifestiwaltanca\/wp-content\/uploads\/sites\/10\/2025\/05\/Culture-Ireland-logo-black-2048x859.png 2048w\" sizes=\"(max-width: 1024px) 100vw, 1024px\" \/><\/figure>\n\n\n\n<figure class=\"wp-block-image size-large is-resized\"><img loading=\"lazy\" decoding=\"async\" width=\"1024\" height=\"1024\" src=\"https:\/\/nck.krakow.pl\/kcc\/krakowskifestiwaltanca\/wp-content\/uploads\/sites\/10\/2025\/05\/Junk-logo-pile-full-name-1024x1024.png\" alt=\"\" class=\"wp-image-2504\" style=\"width:176px;height:auto\" srcset=\"https:\/\/nck.krakow.pl\/kcc\/krakowskifestiwaltanca\/wp-content\/uploads\/sites\/10\/2025\/05\/Junk-logo-pile-full-name-1024x1024.png 1024w, https:\/\/nck.krakow.pl\/kcc\/krakowskifestiwaltanca\/wp-content\/uploads\/sites\/10\/2025\/05\/Junk-logo-pile-full-name-300x300.png 300w, https:\/\/nck.krakow.pl\/kcc\/krakowskifestiwaltanca\/wp-content\/uploads\/sites\/10\/2025\/05\/Junk-logo-pile-full-name-150x150.png 150w, https:\/\/nck.krakow.pl\/kcc\/krakowskifestiwaltanca\/wp-content\/uploads\/sites\/10\/2025\/05\/Junk-logo-pile-full-name-768x767.png 768w, https:\/\/nck.krakow.pl\/kcc\/krakowskifestiwaltanca\/wp-content\/uploads\/sites\/10\/2025\/05\/Junk-logo-pile-full-name.png 1200w\" sizes=\"(max-width: 1024px) 100vw, 1024px\" \/><\/figure>\n<\/div>\n<\/div>\n<\/div>\n<\/div>\n<\/div>\n\n\n\n<div class=\"wp-block-group has-base-color has-accent-background-color has-text-color has-background has-link-color wp-elements-97567048120fb84cd380968ca47bd006 has-global-padding is-layout-constrained wp-block-group-is-layout-constrained\">\n<div class=\"wp-block-group tickets is-layout-flow wp-block-group-is-layout-flow\" style=\"padding-top:0;padding-bottom:0\">\n<div class=\"wp-block-columns is-layout-flex wp-container-core-columns-is-layout-3 wp-block-columns-is-layout-flex\" style=\"padding-top:var(--wp--preset--spacing--70);padding-bottom:var(--wp--preset--spacing--70)\">\n<div class=\"wp-block-column is-vertically-aligned-center is-layout-flow wp-block-column-is-layout-flow\" style=\"padding-top:0;padding-bottom:0;flex-basis:33%\">\n<h2 class=\"wp-block-heading has-heading-3-font-size\" style=\"padding-top:0\">Bilety <br>i Karnety<\/h2>\n\n\n\n<p class=\"has-unbounded-font-family has-heading-5-font-size\" style=\"text-transform:lowercase\">na spektakle<\/p>\n<\/div>\n\n\n\n<div class=\"wp-block-column is-vertically-aligned-center is-layout-flow wp-block-column-is-layout-flow\" style=\"padding-right:0;flex-basis:33%\">\n<p class=\"has-unbounded-font-family has-heading-5-font-size\" style=\"padding-right:var(--wp--preset--spacing--80)\">Sprzeda\u017c bilet\u00f3w zako\u0144czona.<\/p>\n<\/div>\n\n\n\n<div class=\"wp-block-column is-vertically-aligned-center is-layout-flow wp-block-column-is-layout-flow\" style=\"flex-basis:33%\">\n<p class=\"btn-kft btn-with-arrow btn-with-border btn-dark btn-mobile-inline\">sprawd\u017a na biletyna.pl<\/p>\n<\/div>\n<\/div>\n<\/div>\n<\/div>\n<\/div>\n\n\n\n<aside class=\"wp-block-group custom-posts-slider is-layout-flow wp-block-group-is-layout-flow\" style=\"margin-top:1.25rem;margin-bottom:1.25rem\">\n<div class=\"wp-block-columns is-layout-flex wp-container-core-columns-is-layout-4 wp-block-columns-is-layout-flex\">\n<div class=\"wp-block-column custom-posts-slider-heading is-layout-flow wp-block-column-is-layout-flow\" style=\"padding-bottom:var(--wp--preset--spacing--70);flex-basis:33%\">\n<h2 class=\"wp-block-heading has-heading-3-font-size\">SPRAWD\u0179 R\u00d3WNIE\u017b:<\/h2>\n<\/div>\n\n\n\n<div class=\"wp-block-column is-layout-flow wp-block-column-is-layout-flow\" style=\"padding-top:0;padding-right:0;padding-bottom:0\">\n<div class=\"wp-block-group is-nowrap is-layout-flex wp-container-core-group-is-layout-13 wp-block-group-is-layout-flex\" style=\"padding-right:0\">\n<div class=\"wp-block-query embla custom-posts-slider-content is-layout-flow wp-block-query-is-layout-flow\">\n<button class=\"embla__prev\" title=\"Poprzedni\">\n  Poprzedni\n<\/button>\n<button class=\"embla__next\" title=\"Nast\u0119pny\">\n  Nast\u0119pny\n<\/button>\n\n\n<ul class=\"embla__container custom-posts-slider-container width-100 wp-block-post-template is-layout-flow wp-block-post-template-is-layout-flow\"><li class=\"wp-block-post post-2487 event type-event status-publish has-post-thumbnail hentry category-wtorek tag-cialo-glos tag-daj_sobie_czas tag-spektakl-instalacja\">\n\n<div class=\"wp-block-group embla__slide is-layout-flow wp-block-group-is-layout-flow\">\n<div class=\"wp-block-group image-wrapper is-layout-flow wp-block-group-is-layout-flow\"><figure class=\"image wp-block-post-featured-image\"><img loading=\"lazy\" decoding=\"async\" width=\"1440\" height=\"700\" src=\"https:\/\/nck.krakow.pl\/kcc\/krakowskifestiwaltanca\/wp-content\/uploads\/sites\/10\/2025\/05\/wyrozniajace-3.png\" class=\"attachment-post-thumbnail size-post-thumbnail wp-post-image\" alt=\"\" style=\"object-fit:cover;\" srcset=\"https:\/\/nck.krakow.pl\/kcc\/krakowskifestiwaltanca\/wp-content\/uploads\/sites\/10\/2025\/05\/wyrozniajace-3.png 1440w, https:\/\/nck.krakow.pl\/kcc\/krakowskifestiwaltanca\/wp-content\/uploads\/sites\/10\/2025\/05\/wyrozniajace-3-300x146.png 300w, https:\/\/nck.krakow.pl\/kcc\/krakowskifestiwaltanca\/wp-content\/uploads\/sites\/10\/2025\/05\/wyrozniajace-3-1024x498.png 1024w, https:\/\/nck.krakow.pl\/kcc\/krakowskifestiwaltanca\/wp-content\/uploads\/sites\/10\/2025\/05\/wyrozniajace-3-768x373.png 768w\" sizes=\"(max-width: 1440px) 100vw, 1440px\" \/><\/figure><\/div>\n\n\n<h3 style=\"margin-top:var(--wp--preset--spacing--30);margin-right:0;margin-bottom:var(--wp--preset--spacing--30);margin-left:0;\" class=\"wp-block-post-title has-heading-4-font-size\">UNEARTH<\/h3>\n\n<div class=\"taxonomy-post_tag wp-block-post-terms\"><a href=\"https:\/\/nck.krakow.pl\/kcc\/krakowskifestiwaltanca\/tag\/cialo-glos\/\" rel=\"tag\">cia\u0142o-g\u0142os<\/a><span class=\"wp-block-post-terms__separator\"> <\/span><a href=\"https:\/\/nck.krakow.pl\/kcc\/krakowskifestiwaltanca\/tag\/daj_sobie_czas\/\" rel=\"tag\">daj_sobie_czas<\/a><span class=\"wp-block-post-terms__separator\"> <\/span><a href=\"https:\/\/nck.krakow.pl\/kcc\/krakowskifestiwaltanca\/tag\/spektakl-instalacja\/\" rel=\"tag\">spektakl-instalacja<\/a><\/div>\n\n<div style=\"margin-top:0;margin-right:0;margin-bottom:0;margin-left:0;\" class=\"btn-with-arrow btn-kft btn-light wp-block-post-excerpt\"><p class=\"wp-block-post-excerpt__excerpt\">W Unearth Jefta van Dinther gromadzi dziesi\u0119ciu tancerzy w odwa\u017cnej, minimalistycznej choreografii cia\u0142a i g\u0142osu. To widzowie_ki decyduj\u0105, jak d\u0142ugo chc\u0105 uczestniczy\u0107 w spektaklu.<\/p><p class=\"wp-block-post-excerpt__more-text\"><a class=\"wp-block-post-excerpt__more-link\" href=\"https:\/\/nck.krakow.pl\/kcc\/krakowskifestiwaltanca\/wydarzenia\/program\/unearth\/\">zobacz wi\u0119cej<\/a><\/p><\/div><\/div>\n\n<\/li><li class=\"wp-block-post post-2508 event type-event status-publish has-post-thumbnail hentry category-sobota tag-osobista__historia tag-taniec_wewnatrz_ciala\">\n\n<div class=\"wp-block-group embla__slide is-layout-flow wp-block-group-is-layout-flow\">\n<div class=\"wp-block-group image-wrapper is-layout-flow wp-block-group-is-layout-flow\"><figure class=\"image wp-block-post-featured-image\"><img loading=\"lazy\" decoding=\"async\" width=\"1440\" height=\"700\" src=\"https:\/\/nck.krakow.pl\/kcc\/krakowskifestiwaltanca\/wp-content\/uploads\/sites\/10\/2025\/05\/wyrozniajace-6.png\" class=\"attachment-post-thumbnail size-post-thumbnail wp-post-image\" alt=\"\" style=\"object-fit:cover;\" srcset=\"https:\/\/nck.krakow.pl\/kcc\/krakowskifestiwaltanca\/wp-content\/uploads\/sites\/10\/2025\/05\/wyrozniajace-6.png 1440w, https:\/\/nck.krakow.pl\/kcc\/krakowskifestiwaltanca\/wp-content\/uploads\/sites\/10\/2025\/05\/wyrozniajace-6-300x146.png 300w, https:\/\/nck.krakow.pl\/kcc\/krakowskifestiwaltanca\/wp-content\/uploads\/sites\/10\/2025\/05\/wyrozniajace-6-1024x498.png 1024w, https:\/\/nck.krakow.pl\/kcc\/krakowskifestiwaltanca\/wp-content\/uploads\/sites\/10\/2025\/05\/wyrozniajace-6-768x373.png 768w\" sizes=\"(max-width: 1440px) 100vw, 1440px\" \/><\/figure><\/div>\n\n\n<h3 style=\"margin-top:var(--wp--preset--spacing--30);margin-right:0;margin-bottom:var(--wp--preset--spacing--30);margin-left:0;\" class=\"wp-block-post-title has-heading-4-font-size\">MONOLOG WEWN\u0118TRZNY<\/h3>\n\n<div class=\"taxonomy-post_tag wp-block-post-terms\"><a href=\"https:\/\/nck.krakow.pl\/kcc\/krakowskifestiwaltanca\/tag\/osobista__historia\/\" rel=\"tag\">osobista__historia<\/a><span class=\"wp-block-post-terms__separator\"> <\/span><a href=\"https:\/\/nck.krakow.pl\/kcc\/krakowskifestiwaltanca\/tag\/taniec_wewnatrz_ciala\/\" rel=\"tag\">taniec_wewn\u0105trz_cia\u0142a<\/a><\/div>\n\n<div style=\"margin-top:0;margin-right:0;margin-bottom:0;margin-left:0;\" class=\"btn-with-arrow btn-kft btn-light wp-block-post-excerpt\"><p class=\"wp-block-post-excerpt__excerpt\">Punktem wyj\u015bcia najnowszego spektaklu Wojtka Ziemilskiego by\u0142a choroba, z kt\u00f3r\u0105 re\u017cyser zmaga si\u0119 od o\u015bmiu lat. Spektakl b\u0119dzie po raz pierwszy prezentowany w Krakowie.<\/p><p class=\"wp-block-post-excerpt__more-text\"><a class=\"wp-block-post-excerpt__more-link\" href=\"https:\/\/nck.krakow.pl\/kcc\/krakowskifestiwaltanca\/wydarzenia\/program\/monolog-wewnetrzny\/\">zobacz wi\u0119cej<\/a><\/p><\/div><\/div>\n\n<\/li><\/ul><\/div>\n<\/div>\n<\/div>\n<\/div>\n<\/aside>\n","protected":false},"excerpt":{"rendered":"<p>Spektakl celebruje si\u0142\u0119 dojrza\u0142ych cia\u0142 i rzuca wyzwanie kultowi m\u0142odo\u015bci. Na scenie: by\u0142y tancerz Sasha Waltz &#038; Guest Luc Dunberry i by\u0142a tancerka Tanztheater Wuppertal Piny Bausch Finola Cronin.<\/p>\n","protected":false},"featured_media":2502,"parent":79,"menu_order":0,"template":"event-page","categories":[10],"tags":[40,110,111],"class_list":["post-2499","event","type-event","status-publish","has-post-thumbnail","hentry","category-sroda","tag-humor","tag-starzenie_sie","tag-teart_tanca"],"yoast_head":"<!-- This site is optimized with the Yoast SEO plugin v19.12 - https:\/\/yoast.com\/wordpress\/plugins\/seo\/ -->\n<title>DANCES LIKE A BOMB - Krakowski Festiwal Ta\u0144ca<\/title>\n<meta name=\"robots\" content=\"index, follow, max-snippet:-1, max-image-preview:large, max-video-preview:-1\" \/>\n<link rel=\"canonical\" href=\"https:\/\/nck.krakow.pl\/kcc\/krakowskifestiwaltanca\/wydarzenia\/program\/dances-like-a-bomb\/\" \/>\n<meta property=\"og:locale\" content=\"pl_PL\" \/>\n<meta property=\"og:type\" content=\"article\" \/>\n<meta property=\"og:title\" content=\"DANCES LIKE A BOMB - Krakowski Festiwal Ta\u0144ca\" \/>\n<meta property=\"og:description\" content=\"Spektakl celebruje si\u0142\u0119 dojrza\u0142ych cia\u0142 i rzuca wyzwanie kultowi m\u0142odo\u015bci. Na scenie: by\u0142y tancerz Sasha Waltz &amp; Guest Luc Dunberry i by\u0142a tancerka Tanztheater Wuppertal Piny Bausch Finola Cronin.\" \/>\n<meta property=\"og:url\" content=\"https:\/\/nck.krakow.pl\/kcc\/krakowskifestiwaltanca\/wydarzenia\/program\/dances-like-a-bomb\/\" \/>\n<meta property=\"og:site_name\" content=\"Krakowski Festiwal Ta\u0144ca\" \/>\n<meta property=\"article:modified_time\" content=\"2025-08-14T13:38:16+00:00\" \/>\n<meta property=\"og:image\" content=\"https:\/\/nck.krakow.pl\/kcc\/krakowskifestiwaltanca\/wp-content\/uploads\/sites\/10\/2025\/05\/wyrozniajace-4.png\" \/>\n\t<meta property=\"og:image:width\" content=\"1440\" \/>\n\t<meta property=\"og:image:height\" content=\"700\" \/>\n\t<meta property=\"og:image:type\" content=\"image\/png\" \/>\n<meta name=\"twitter:card\" content=\"summary_large_image\" \/>\n<meta name=\"twitter:label1\" content=\"Est. reading time\" \/>\n\t<meta name=\"twitter:data1\" content=\"3 minuty\" \/>\n<script type=\"application\/ld+json\" class=\"yoast-schema-graph\">{\"@context\":\"https:\/\/schema.org\",\"@graph\":[{\"@type\":\"WebPage\",\"@id\":\"https:\/\/nck.krakow.pl\/kcc\/krakowskifestiwaltanca\/wydarzenia\/program\/dances-like-a-bomb\/\",\"url\":\"https:\/\/nck.krakow.pl\/kcc\/krakowskifestiwaltanca\/wydarzenia\/program\/dances-like-a-bomb\/\",\"name\":\"DANCES LIKE A BOMB - Krakowski Festiwal Ta\u0144ca\",\"isPartOf\":{\"@id\":\"https:\/\/nck.krakow.pl\/kcc\/krakowskifestiwaltanca\/#website\"},\"datePublished\":\"2025-05-22T11:55:59+00:00\",\"dateModified\":\"2025-08-14T13:38:16+00:00\",\"breadcrumb\":{\"@id\":\"https:\/\/nck.krakow.pl\/kcc\/krakowskifestiwaltanca\/wydarzenia\/program\/dances-like-a-bomb\/#breadcrumb\"},\"inLanguage\":\"pl-PL\",\"potentialAction\":[{\"@type\":\"ReadAction\",\"target\":[\"https:\/\/nck.krakow.pl\/kcc\/krakowskifestiwaltanca\/wydarzenia\/program\/dances-like-a-bomb\/\"]}]},{\"@type\":\"BreadcrumbList\",\"@id\":\"https:\/\/nck.krakow.pl\/kcc\/krakowskifestiwaltanca\/wydarzenia\/program\/dances-like-a-bomb\/#breadcrumb\",\"itemListElement\":[{\"@type\":\"ListItem\",\"position\":1,\"name\":\"Strona g\u0142\u00f3wna\",\"item\":\"https:\/\/nck.krakow.pl\/kcc\/krakowskifestiwaltanca\/\"},{\"@type\":\"ListItem\",\"position\":2,\"name\":\"Program\",\"item\":\"https:\/\/nck.krakow.pl\/kcc\/krakowskifestiwaltanca\/wydarzenia\/program\/\"},{\"@type\":\"ListItem\",\"position\":3,\"name\":\"DANCES LIKE A BOMB\"}]},{\"@type\":\"WebSite\",\"@id\":\"https:\/\/nck.krakow.pl\/kcc\/krakowskifestiwaltanca\/#website\",\"url\":\"https:\/\/nck.krakow.pl\/kcc\/krakowskifestiwaltanca\/\",\"name\":\"Krakowski Festiwal Ta\u0144ca\",\"description\":\"\",\"publisher\":{\"@id\":\"https:\/\/nck.krakow.pl\/kcc\/krakowskifestiwaltanca\/#organization\"},\"potentialAction\":[{\"@type\":\"SearchAction\",\"target\":{\"@type\":\"EntryPoint\",\"urlTemplate\":\"https:\/\/nck.krakow.pl\/kcc\/krakowskifestiwaltanca\/?s={search_term_string}\"},\"query-input\":\"required name=search_term_string\"}],\"inLanguage\":\"pl-PL\"},{\"@type\":\"Organization\",\"@id\":\"https:\/\/nck.krakow.pl\/kcc\/krakowskifestiwaltanca\/#organization\",\"name\":\"Krakowski Festiwal Ta\u0144ca\",\"url\":\"https:\/\/nck.krakow.pl\/kcc\/krakowskifestiwaltanca\/\",\"logo\":{\"@type\":\"ImageObject\",\"inLanguage\":\"pl-PL\",\"@id\":\"https:\/\/nck.krakow.pl\/kcc\/krakowskifestiwaltanca\/#\/schema\/logo\/image\/\",\"url\":\"https:\/\/nck.krakow.pl\/kcc\/krakowskifestiwaltanca\/wp-content\/uploads\/sites\/10\/2023\/04\/logo.png\",\"contentUrl\":\"https:\/\/nck.krakow.pl\/kcc\/krakowskifestiwaltanca\/wp-content\/uploads\/sites\/10\/2023\/04\/logo.png\",\"width\":579,\"height\":217,\"caption\":\"Krakowski Festiwal Ta\u0144ca\"},\"image\":{\"@id\":\"https:\/\/nck.krakow.pl\/kcc\/krakowskifestiwaltanca\/#\/schema\/logo\/image\/\"}}]}<\/script>\n<!-- \/ Yoast SEO plugin. -->","yoast_head_json":{"title":"DANCES LIKE A BOMB - Krakowski Festiwal Ta\u0144ca","robots":{"index":"index","follow":"follow","max-snippet":"max-snippet:-1","max-image-preview":"max-image-preview:large","max-video-preview":"max-video-preview:-1"},"canonical":"https:\/\/nck.krakow.pl\/kcc\/krakowskifestiwaltanca\/wydarzenia\/program\/dances-like-a-bomb\/","og_locale":"pl_PL","og_type":"article","og_title":"DANCES LIKE A BOMB - Krakowski Festiwal Ta\u0144ca","og_description":"Spektakl celebruje si\u0142\u0119 dojrza\u0142ych cia\u0142 i rzuca wyzwanie kultowi m\u0142odo\u015bci. Na scenie: by\u0142y tancerz Sasha Waltz & Guest Luc Dunberry i by\u0142a tancerka Tanztheater Wuppertal Piny Bausch Finola Cronin.","og_url":"https:\/\/nck.krakow.pl\/kcc\/krakowskifestiwaltanca\/wydarzenia\/program\/dances-like-a-bomb\/","og_site_name":"Krakowski Festiwal Ta\u0144ca","article_modified_time":"2025-08-14T13:38:16+00:00","og_image":[{"width":1440,"height":700,"url":"https:\/\/nck.krakow.pl\/kcc\/krakowskifestiwaltanca\/wp-content\/uploads\/sites\/10\/2025\/05\/wyrozniajace-4.png","type":"image\/png"}],"twitter_card":"summary_large_image","twitter_misc":{"Est. reading time":"3 minuty"},"schema":{"@context":"https:\/\/schema.org","@graph":[{"@type":"WebPage","@id":"https:\/\/nck.krakow.pl\/kcc\/krakowskifestiwaltanca\/wydarzenia\/program\/dances-like-a-bomb\/","url":"https:\/\/nck.krakow.pl\/kcc\/krakowskifestiwaltanca\/wydarzenia\/program\/dances-like-a-bomb\/","name":"DANCES LIKE A BOMB - Krakowski Festiwal Ta\u0144ca","isPartOf":{"@id":"https:\/\/nck.krakow.pl\/kcc\/krakowskifestiwaltanca\/#website"},"datePublished":"2025-05-22T11:55:59+00:00","dateModified":"2025-08-14T13:38:16+00:00","breadcrumb":{"@id":"https:\/\/nck.krakow.pl\/kcc\/krakowskifestiwaltanca\/wydarzenia\/program\/dances-like-a-bomb\/#breadcrumb"},"inLanguage":"pl-PL","potentialAction":[{"@type":"ReadAction","target":["https:\/\/nck.krakow.pl\/kcc\/krakowskifestiwaltanca\/wydarzenia\/program\/dances-like-a-bomb\/"]}]},{"@type":"BreadcrumbList","@id":"https:\/\/nck.krakow.pl\/kcc\/krakowskifestiwaltanca\/wydarzenia\/program\/dances-like-a-bomb\/#breadcrumb","itemListElement":[{"@type":"ListItem","position":1,"name":"Strona g\u0142\u00f3wna","item":"https:\/\/nck.krakow.pl\/kcc\/krakowskifestiwaltanca\/"},{"@type":"ListItem","position":2,"name":"Program","item":"https:\/\/nck.krakow.pl\/kcc\/krakowskifestiwaltanca\/wydarzenia\/program\/"},{"@type":"ListItem","position":3,"name":"DANCES LIKE A BOMB"}]},{"@type":"WebSite","@id":"https:\/\/nck.krakow.pl\/kcc\/krakowskifestiwaltanca\/#website","url":"https:\/\/nck.krakow.pl\/kcc\/krakowskifestiwaltanca\/","name":"Krakowski Festiwal Ta\u0144ca","description":"","publisher":{"@id":"https:\/\/nck.krakow.pl\/kcc\/krakowskifestiwaltanca\/#organization"},"potentialAction":[{"@type":"SearchAction","target":{"@type":"EntryPoint","urlTemplate":"https:\/\/nck.krakow.pl\/kcc\/krakowskifestiwaltanca\/?s={search_term_string}"},"query-input":"required name=search_term_string"}],"inLanguage":"pl-PL"},{"@type":"Organization","@id":"https:\/\/nck.krakow.pl\/kcc\/krakowskifestiwaltanca\/#organization","name":"Krakowski Festiwal Ta\u0144ca","url":"https:\/\/nck.krakow.pl\/kcc\/krakowskifestiwaltanca\/","logo":{"@type":"ImageObject","inLanguage":"pl-PL","@id":"https:\/\/nck.krakow.pl\/kcc\/krakowskifestiwaltanca\/#\/schema\/logo\/image\/","url":"https:\/\/nck.krakow.pl\/kcc\/krakowskifestiwaltanca\/wp-content\/uploads\/sites\/10\/2023\/04\/logo.png","contentUrl":"https:\/\/nck.krakow.pl\/kcc\/krakowskifestiwaltanca\/wp-content\/uploads\/sites\/10\/2023\/04\/logo.png","width":579,"height":217,"caption":"Krakowski Festiwal Ta\u0144ca"},"image":{"@id":"https:\/\/nck.krakow.pl\/kcc\/krakowskifestiwaltanca\/#\/schema\/logo\/image\/"}}]}},"_links":{"self":[{"href":"https:\/\/nck.krakow.pl\/kcc\/krakowskifestiwaltanca\/wp-json\/wp\/v2\/event\/2499"}],"collection":[{"href":"https:\/\/nck.krakow.pl\/kcc\/krakowskifestiwaltanca\/wp-json\/wp\/v2\/event"}],"about":[{"href":"https:\/\/nck.krakow.pl\/kcc\/krakowskifestiwaltanca\/wp-json\/wp\/v2\/types\/event"}],"up":[{"embeddable":true,"href":"https:\/\/nck.krakow.pl\/kcc\/krakowskifestiwaltanca\/wp-json\/wp\/v2\/event\/79"}],"wp:featuredmedia":[{"embeddable":true,"href":"https:\/\/nck.krakow.pl\/kcc\/krakowskifestiwaltanca\/wp-json\/wp\/v2\/media\/2502"}],"wp:attachment":[{"href":"https:\/\/nck.krakow.pl\/kcc\/krakowskifestiwaltanca\/wp-json\/wp\/v2\/media?parent=2499"}],"wp:term":[{"taxonomy":"category","embeddable":true,"href":"https:\/\/nck.krakow.pl\/kcc\/krakowskifestiwaltanca\/wp-json\/wp\/v2\/categories?post=2499"},{"taxonomy":"post_tag","embeddable":true,"href":"https:\/\/nck.krakow.pl\/kcc\/krakowskifestiwaltanca\/wp-json\/wp\/v2\/tags?post=2499"}],"curies":[{"name":"wp","href":"https:\/\/api.w.org\/{rel}","templated":true}]}}