{"id":2036,"date":"2024-06-05T11:15:00","date_gmt":"2024-06-05T09:15:00","guid":{"rendered":"https:\/\/nck.krakow.pl\/kcc\/krakowskifestiwaltanca\/?post_type=event&#038;p=2036"},"modified":"2025-05-22T15:15:03","modified_gmt":"2025-05-22T13:15:03","slug":"rzezbiary","status":"publish","type":"event","link":"https:\/\/nck.krakow.pl\/kcc\/krakowskifestiwaltanca\/wydarzenia\/program\/rzezbiary\/","title":{"rendered":"RZE\u0179BIARY"},"content":{"rendered":"\n<div class=\"wp-block-group has-global-padding is-layout-constrained wp-block-group-is-layout-constrained\">\n<div class=\"wp-block-columns is-layout-flex wp-container-core-columns-is-layout-1 wp-block-columns-is-layout-flex\">\n<div class=\"wp-block-column is-layout-flow wp-block-column-is-layout-flow\" style=\"padding-top:0;padding-right:0;padding-bottom:0;padding-left:0\">\n<h2 class=\"wp-block-heading has-heading-5-font-size\" style=\"margin-bottom:var(--wp--preset--spacing--30);text-transform:uppercase\">TW\u00d3RCY_CZYNIE:<\/h2>\n\n\n\n<p><strong>Choreografia<\/strong>: Weronika Pelczy\u0144ska, Magda Fejdasz<\/p>\n\n\n\n<p><strong>Performans<\/strong>: Dana Chmielewska, Monika Szpunar<\/p>\n\n\n\n<p><strong>Realizacja<\/strong>: Marta Szyma\u0144ska, Karolina Wr\u00f3blewska &#8211; Le\u015bniak<\/p>\n\n\n\n<p><strong>Wsp\u00f3\u0142praca<\/strong>: Centrum w Ruchu<\/p>\n\n\n\n<p><strong>Muzyka<\/strong>: Natan Kryszk<\/p>\n\n\n\n<p><strong>Realizacja nagrania<\/strong>: Aleksander \u017burowski<br><strong>Kostiumy:<\/strong> Monika Nyckowska<\/p>\n\n\n\n<p><strong>Wsparcie dramaturgiczne<\/strong>: Alicja Czyczel<br><strong>Konsultacje site specific<\/strong>: Aleks Borys<\/p>\n\n\n\n<p><strong>Produkcja<\/strong>: Muzeum Narodowe w Warszawie, Partner:Centrum w Ruchu; Instytut Adama Mickiewicza<\/p>\n\n\n\n<p><strong>Partner prezentacji spektaklu<\/strong>: Muzeum Narodowe w Krakowie (MNK Czapscy)<\/p>\n\n\n\n<p>&nbsp;<\/p>\n<\/div>\n\n\n\n<div class=\"wp-block-column is-layout-flow wp-block-column-is-layout-flow\" style=\"padding-top:0;padding-right:0;padding-bottom:0;padding-left:0\">\n<h2 class=\"wp-block-heading has-heading-5-font-size\" style=\"margin-bottom:var(--wp--preset--spacing--30);text-transform:uppercase\">O SPEKTAKLU<\/h2>\n\n\n\n<p>To performatywne archiwum kobiecej wi\u0119zi i indywidualno\u015bci. Dwie performerki, pod\u0105\u017caj\u0105c \u015bladami pionierek XIX wiecznej rze\u017aby i \u0142\u0105cz\u0105cego je siostrze\u0144stwa, wznosz\u0105 na podium w\u0142asne cia\u0142a jako przedmiot wzajemnej kreacji. Przywo\u0142uj\u0105 publicznie i somatycznie tw\u00f3rczo\u015b\u0107 mi\u0119dzynarodowych, mniej nierozpoznawalnych w kanonie sztuki artystek m.in. Toli Certowicz, H\u00e9l\u00e8ne Bertaux, Antoniny Ro\u017cniatowskiej, Marii Gerson-D\u0105browskiej, Jadwigi \u0141ubie\u0144skiej, Camille Claudel. Silnych, d\u0105\u017c\u0105cych do zawodowej autonomii emancypantek, kt\u00f3re swoj\u0105 prac\u0105 utorowa\u0142y drog\u0119 kolejnym pokoleniom kobiet w sztuce.&nbsp;<\/p>\n\n\n\n<p>\u201eRze\u017abiary\u201d to zaproszenie publiczno\u015bci do uczestniczenia w dzia\u0142aniu i\u00a0 do\u015bwiadczania rze\u017aby przez pryzmat choreografii. Ten oparty na dialogu i wsp\u00f3lnym rytmie duet, to ci\u0105g\u0142a pr\u00f3ba sformu\u0142owania spo\u0142ecznego statusu kobiecej relacji. Tworzony na \u017cywo ponadindywidualny pos\u0105g splataj\u0105cych si\u0119 cia\u0142 miesza w sobie poczucie sprawczo\u015bci i (nie)zale\u017cno\u015bci, relacj\u0119 w\u0142adzy i partnerstwa, gimnastyk\u0119 i erotyk\u0119. Performance powsta\u0142 na zaproszenie Muzeum Narodowego w Warszawie, jako wydarzenie towarzysz\u0105ce pierwszej kobiecej wystawie prac polskich i zagranicznych rze\u017abiarek \u201eBez gorsetu, Camille Claudel i polskie rze\u017abiarki XIX wieczne\u201d (kuratorka wystawy Ewa Ziembi\u0144ska, wsp\u00f3\u0142praca kuratorska Alicja Gzowska).\u00a0<\/p>\n<\/div>\n<\/div>\n\n\n\n<div style=\"height:3.5rem\" aria-hidden=\"true\" class=\"wp-block-spacer desktop-only\"><\/div>\n\n\n\n<div style=\"height:2.5rem\" aria-hidden=\"true\" class=\"wp-block-spacer mobile-only\"><\/div>\n<\/div>\n\n\n\n<div class=\"wp-block-group is-layout-flow wp-container-core-group-is-layout-2 wp-block-group-is-layout-flow\" style=\"margin-top:0;margin-bottom:0;padding-top:0;padding-right:0;padding-bottom:0;padding-left:0\">\n<div class=\"wp-block-create-block-kft-vimeo\"><div class=\"video\" data-video-id=\"899750108\"><\/div><\/div>\n\n\n\n<figure class=\"wp-block-image size-large w-100\"><img loading=\"lazy\" decoding=\"async\" width=\"1024\" height=\"498\" src=\"https:\/\/nck.krakow.pl\/kcc\/krakowskifestiwaltanca\/wp-content\/uploads\/sites\/10\/2024\/06\/2-7-1024x498.png\" alt=\"\" class=\"wp-image-2038\" srcset=\"https:\/\/nck.krakow.pl\/kcc\/krakowskifestiwaltanca\/wp-content\/uploads\/sites\/10\/2024\/06\/2-7-1024x498.png 1024w, https:\/\/nck.krakow.pl\/kcc\/krakowskifestiwaltanca\/wp-content\/uploads\/sites\/10\/2024\/06\/2-7-300x146.png 300w, https:\/\/nck.krakow.pl\/kcc\/krakowskifestiwaltanca\/wp-content\/uploads\/sites\/10\/2024\/06\/2-7-768x373.png 768w, https:\/\/nck.krakow.pl\/kcc\/krakowskifestiwaltanca\/wp-content\/uploads\/sites\/10\/2024\/06\/2-7.png 1440w\" sizes=\"(max-width: 1024px) 100vw, 1024px\" \/><\/figure>\n\n\n\n<figure class=\"wp-block-image size-large w-100\"><img loading=\"lazy\" decoding=\"async\" width=\"1024\" height=\"498\" src=\"https:\/\/nck.krakow.pl\/kcc\/krakowskifestiwaltanca\/wp-content\/uploads\/sites\/10\/2024\/06\/4-1024x498.png\" alt=\"\" class=\"wp-image-2039\" srcset=\"https:\/\/nck.krakow.pl\/kcc\/krakowskifestiwaltanca\/wp-content\/uploads\/sites\/10\/2024\/06\/4-1024x498.png 1024w, https:\/\/nck.krakow.pl\/kcc\/krakowskifestiwaltanca\/wp-content\/uploads\/sites\/10\/2024\/06\/4-300x146.png 300w, https:\/\/nck.krakow.pl\/kcc\/krakowskifestiwaltanca\/wp-content\/uploads\/sites\/10\/2024\/06\/4-768x373.png 768w, https:\/\/nck.krakow.pl\/kcc\/krakowskifestiwaltanca\/wp-content\/uploads\/sites\/10\/2024\/06\/4.png 1440w\" sizes=\"(max-width: 1024px) 100vw, 1024px\" \/><\/figure>\n<\/div>\n\n\n\n<div class=\"wp-block-group is-layout-flow wp-block-group-is-layout-flow\">\n<p>Fot. Natalia Kontraktewicz<\/p>\n\n\n\n<div class=\"wp-block-group is-layout-flow wp-block-group-is-layout-flow\">\n<div class=\"wp-block-columns is-layout-flex wp-container-core-columns-is-layout-2 wp-block-columns-is-layout-flex\">\n<div class=\"wp-block-column is-layout-flow wp-block-column-is-layout-flow\">\n<p class=\"has-small-font-size\"><\/p>\n<\/div>\n\n\n\n<div class=\"wp-block-column is-layout-flow wp-block-column-is-layout-flow\" style=\"flex-basis:66%\">\n<div class=\"wp-block-group is-layout-flow wp-block-group-is-layout-flow\">\n<div class=\"wp-block-group is-content-justification-center is-nowrap is-layout-flex wp-container-core-group-is-layout-3 wp-block-group-is-layout-flex\">\n<figure class=\"wp-block-image size-full is-resized\"><img loading=\"lazy\" decoding=\"async\" width=\"394\" height=\"394\" src=\"https:\/\/nck.krakow.pl\/kcc\/krakowskifestiwaltanca\/wp-content\/uploads\/sites\/10\/2024\/06\/logo-mnk-1.png\" alt=\"\" class=\"wp-image-2229\" style=\"width:197px;height:197px\" srcset=\"https:\/\/nck.krakow.pl\/kcc\/krakowskifestiwaltanca\/wp-content\/uploads\/sites\/10\/2024\/06\/logo-mnk-1.png 394w, https:\/\/nck.krakow.pl\/kcc\/krakowskifestiwaltanca\/wp-content\/uploads\/sites\/10\/2024\/06\/logo-mnk-1-300x300.png 300w, https:\/\/nck.krakow.pl\/kcc\/krakowskifestiwaltanca\/wp-content\/uploads\/sites\/10\/2024\/06\/logo-mnk-1-150x150.png 150w\" sizes=\"(max-width: 394px) 100vw, 394px\" \/><\/figure>\n<\/div>\n<\/div>\n<\/div>\n<\/div>\n<\/div>\n<\/div>\n\n\n\n<div class=\"wp-block-group has-base-color has-accent-background-color has-text-color has-background has-link-color wp-elements-97567048120fb84cd380968ca47bd006 has-global-padding is-layout-constrained wp-block-group-is-layout-constrained\">\n<div class=\"wp-block-group tickets is-layout-flow wp-block-group-is-layout-flow\" style=\"padding-top:0;padding-bottom:0\">\n<div class=\"wp-block-columns is-layout-flex wp-container-core-columns-is-layout-3 wp-block-columns-is-layout-flex\" style=\"padding-top:var(--wp--preset--spacing--70);padding-bottom:var(--wp--preset--spacing--70)\">\n<div class=\"wp-block-column is-vertically-aligned-center is-layout-flow wp-block-column-is-layout-flow\" style=\"padding-top:0;padding-bottom:0;flex-basis:33%\">\n<h2 class=\"wp-block-heading has-heading-3-font-size\" style=\"padding-top:0\">Bilety <br>i Karnety<\/h2>\n\n\n\n<p class=\"has-unbounded-font-family has-heading-5-font-size\" style=\"text-transform:lowercase\">na spektakle<\/p>\n<\/div>\n\n\n\n<div class=\"wp-block-column is-vertically-aligned-center is-layout-flow wp-block-column-is-layout-flow\" style=\"padding-right:0;flex-basis:33%\">\n<p class=\"has-unbounded-font-family has-heading-5-font-size\" style=\"padding-right:var(--wp--preset--spacing--80)\">Sprzeda\u017c bilet\u00f3w zako\u0144czona.<\/p>\n<\/div>\n\n\n\n<div class=\"wp-block-column is-vertically-aligned-center is-layout-flow wp-block-column-is-layout-flow\" style=\"flex-basis:33%\">\n<p class=\"btn-kft btn-with-arrow btn-with-border btn-dark btn-mobile-inline\">sprawd\u017a na biletyna.pl<\/p>\n<\/div>\n<\/div>\n<\/div>\n<\/div>\n\n\n\n<aside class=\"wp-block-group custom-posts-slider is-layout-flow wp-block-group-is-layout-flow\" style=\"margin-top:1.25rem;margin-bottom:1.25rem\">\n<div class=\"wp-block-columns is-layout-flex wp-container-core-columns-is-layout-4 wp-block-columns-is-layout-flex\">\n<div class=\"wp-block-column custom-posts-slider-heading is-layout-flow wp-block-column-is-layout-flow\" style=\"padding-bottom:var(--wp--preset--spacing--70);flex-basis:33%\">\n<h2 class=\"wp-block-heading has-heading-3-font-size\">SPRAWD\u0179 R\u00d3WNIE\u017b:<\/h2>\n<\/div>\n\n\n\n<div class=\"wp-block-column is-layout-flow wp-block-column-is-layout-flow\" style=\"padding-top:0;padding-right:0;padding-bottom:0\">\n<div class=\"wp-block-group is-nowrap is-layout-flex wp-container-core-group-is-layout-13 wp-block-group-is-layout-flex\" style=\"padding-right:0\">\n<div class=\"wp-block-query embla custom-posts-slider-content is-layout-flow wp-block-query-is-layout-flow\">\n<button class=\"embla__prev\" title=\"Poprzedni\">\n  Poprzedni\n<\/button>\n<button class=\"embla__next\" title=\"Nast\u0119pny\">\n  Nast\u0119pny\n<\/button>\n\n\n<ul class=\"embla__container custom-posts-slider-container width-100 wp-block-post-template is-layout-flow wp-block-post-template-is-layout-flow\"><li class=\"wp-block-post post-2487 event type-event status-publish has-post-thumbnail hentry category-wtorek tag-cialo-glos tag-daj_sobie_czas tag-spektakl-instalacja\">\n\n<div class=\"wp-block-group embla__slide is-layout-flow wp-block-group-is-layout-flow\"><p class=\"event-date\">\n<span>05.08<\/span><span>18:00 lub 19:15<\/span>\n<\/p>\n\n\n<div class=\"wp-block-group image-wrapper is-layout-flow wp-block-group-is-layout-flow\"><figure class=\"image wp-block-post-featured-image\"><img loading=\"lazy\" decoding=\"async\" width=\"1440\" height=\"700\" src=\"https:\/\/nck.krakow.pl\/kcc\/krakowskifestiwaltanca\/wp-content\/uploads\/sites\/10\/2025\/05\/wyrozniajace-3.png\" class=\"attachment-post-thumbnail size-post-thumbnail wp-post-image\" alt=\"\" style=\"object-fit:cover;\" srcset=\"https:\/\/nck.krakow.pl\/kcc\/krakowskifestiwaltanca\/wp-content\/uploads\/sites\/10\/2025\/05\/wyrozniajace-3.png 1440w, https:\/\/nck.krakow.pl\/kcc\/krakowskifestiwaltanca\/wp-content\/uploads\/sites\/10\/2025\/05\/wyrozniajace-3-300x146.png 300w, https:\/\/nck.krakow.pl\/kcc\/krakowskifestiwaltanca\/wp-content\/uploads\/sites\/10\/2025\/05\/wyrozniajace-3-1024x498.png 1024w, https:\/\/nck.krakow.pl\/kcc\/krakowskifestiwaltanca\/wp-content\/uploads\/sites\/10\/2025\/05\/wyrozniajace-3-768x373.png 768w\" sizes=\"(max-width: 1440px) 100vw, 1440px\" \/><\/figure><\/div>\n\n\n<h3 style=\"margin-top:var(--wp--preset--spacing--30);margin-right:0;margin-bottom:var(--wp--preset--spacing--30);margin-left:0;\" class=\"wp-block-post-title has-heading-4-font-size\">UNEARTH<\/h3>\n\n<p class=\"event-additional-info\">\nJefta van Dinther\n<\/p>\n\n<div class=\"taxonomy-post_tag wp-block-post-terms\"><a href=\"https:\/\/nck.krakow.pl\/kcc\/krakowskifestiwaltanca\/tag\/cialo-glos\/\" rel=\"tag\">cia\u0142o-g\u0142os<\/a><span class=\"wp-block-post-terms__separator\"> <\/span><a href=\"https:\/\/nck.krakow.pl\/kcc\/krakowskifestiwaltanca\/tag\/daj_sobie_czas\/\" rel=\"tag\">daj_sobie_czas<\/a><span class=\"wp-block-post-terms__separator\"> <\/span><a href=\"https:\/\/nck.krakow.pl\/kcc\/krakowskifestiwaltanca\/tag\/spektakl-instalacja\/\" rel=\"tag\">spektakl-instalacja<\/a><\/div>\n\n<div style=\"margin-top:0;margin-right:0;margin-bottom:0;margin-left:0;\" class=\"btn-with-arrow btn-kft btn-light wp-block-post-excerpt\"><p class=\"wp-block-post-excerpt__excerpt\">W Unearth Jefta van Dinther gromadzi dziesi\u0119ciu tancerzy w odwa\u017cnej, minimalistycznej choreografii cia\u0142a i g\u0142osu. To widzowie_ki decyduj\u0105, jak d\u0142ugo chc\u0105 uczestniczy\u0107 w spektaklu.<\/p><p class=\"wp-block-post-excerpt__more-text\"><a class=\"wp-block-post-excerpt__more-link\" href=\"https:\/\/nck.krakow.pl\/kcc\/krakowskifestiwaltanca\/wydarzenia\/program\/unearth\/\">zobacz wi\u0119cej<\/a><\/p><\/div><\/div>\n\n<\/li><li class=\"wp-block-post post-2508 event type-event status-publish has-post-thumbnail hentry category-sobota tag-osobista__historia tag-taniec_wewnatrz_ciala\">\n\n<div class=\"wp-block-group embla__slide is-layout-flow wp-block-group-is-layout-flow\"><p class=\"event-date\">\n<span>09.08<\/span><span>18:00<\/span>\n<\/p>\n\n\n<div class=\"wp-block-group image-wrapper is-layout-flow wp-block-group-is-layout-flow\"><figure class=\"image wp-block-post-featured-image\"><img loading=\"lazy\" decoding=\"async\" width=\"1440\" height=\"700\" src=\"https:\/\/nck.krakow.pl\/kcc\/krakowskifestiwaltanca\/wp-content\/uploads\/sites\/10\/2025\/05\/wyrozniajace-6.png\" class=\"attachment-post-thumbnail size-post-thumbnail wp-post-image\" alt=\"\" style=\"object-fit:cover;\" srcset=\"https:\/\/nck.krakow.pl\/kcc\/krakowskifestiwaltanca\/wp-content\/uploads\/sites\/10\/2025\/05\/wyrozniajace-6.png 1440w, https:\/\/nck.krakow.pl\/kcc\/krakowskifestiwaltanca\/wp-content\/uploads\/sites\/10\/2025\/05\/wyrozniajace-6-300x146.png 300w, https:\/\/nck.krakow.pl\/kcc\/krakowskifestiwaltanca\/wp-content\/uploads\/sites\/10\/2025\/05\/wyrozniajace-6-1024x498.png 1024w, https:\/\/nck.krakow.pl\/kcc\/krakowskifestiwaltanca\/wp-content\/uploads\/sites\/10\/2025\/05\/wyrozniajace-6-768x373.png 768w\" sizes=\"(max-width: 1440px) 100vw, 1440px\" \/><\/figure><\/div>\n\n\n<h3 style=\"margin-top:var(--wp--preset--spacing--30);margin-right:0;margin-bottom:var(--wp--preset--spacing--30);margin-left:0;\" class=\"wp-block-post-title has-heading-4-font-size\">MONOLOG WEWN\u0118TRZNY<\/h3>\n\n<p class=\"event-additional-info\">\nWojtek Ziemilski, Teatr Komuna Warszawa\n<\/p>\n\n<div class=\"taxonomy-post_tag wp-block-post-terms\"><a href=\"https:\/\/nck.krakow.pl\/kcc\/krakowskifestiwaltanca\/tag\/osobista__historia\/\" rel=\"tag\">osobista__historia<\/a><span class=\"wp-block-post-terms__separator\"> <\/span><a href=\"https:\/\/nck.krakow.pl\/kcc\/krakowskifestiwaltanca\/tag\/taniec_wewnatrz_ciala\/\" rel=\"tag\">taniec_wewn\u0105trz_cia\u0142a<\/a><\/div>\n\n<div style=\"margin-top:0;margin-right:0;margin-bottom:0;margin-left:0;\" class=\"btn-with-arrow btn-kft btn-light wp-block-post-excerpt\"><p class=\"wp-block-post-excerpt__excerpt\">Punktem wyj\u015bcia najnowszego spektaklu Wojtka Ziemilskiego by\u0142a choroba, z kt\u00f3r\u0105 re\u017cyser zmaga si\u0119 od o\u015bmiu lat. Spektakl b\u0119dzie po raz pierwszy prezentowany w Krakowie.<\/p><p class=\"wp-block-post-excerpt__more-text\"><a class=\"wp-block-post-excerpt__more-link\" href=\"https:\/\/nck.krakow.pl\/kcc\/krakowskifestiwaltanca\/wydarzenia\/program\/monolog-wewnetrzny\/\">zobacz wi\u0119cej<\/a><\/p><\/div><\/div>\n\n<\/li><\/ul><\/div>\n<\/div>\n<\/div>\n<\/div>\n<\/aside>\n","protected":false},"excerpt":{"rendered":"<p>To performatywne archiwum kobiecej wi\u0119zi i indywidualno\u015bci. Dwie performerki, pod\u0105\u017caj\u0105c \u015bladami pionierek XIX wiecznej rze\u017aby i \u0142\u0105cz\u0105cego je siostrze\u0144stwa, wznosz\u0105 na podium w\u0142asne cia\u0142a jako przedmiot wzajemnej kreacji.<\/p>\n","protected":false},"featured_media":2037,"parent":79,"menu_order":0,"template":"event-page","categories":[],"tags":[85,84,90],"class_list":["post-2036","event","type-event","status-publish","has-post-thumbnail","hentry","tag-artystki","tag-kobiety","tag-praktyki-siostrzenstwa-2"],"yoast_head":"<!-- This site is optimized with the Yoast SEO plugin v19.12 - https:\/\/yoast.com\/wordpress\/plugins\/seo\/ -->\n<title>RZE\u0179BIARY - Krakowski Festiwal Ta\u0144ca<\/title>\n<meta name=\"robots\" content=\"index, follow, max-snippet:-1, max-image-preview:large, max-video-preview:-1\" \/>\n<link rel=\"canonical\" href=\"https:\/\/nck.krakow.pl\/kcc\/krakowskifestiwaltanca\/wydarzenia\/program\/rzezbiary\/\" \/>\n<meta property=\"og:locale\" content=\"pl_PL\" \/>\n<meta property=\"og:type\" content=\"article\" \/>\n<meta property=\"og:title\" content=\"RZE\u0179BIARY - Krakowski Festiwal Ta\u0144ca\" \/>\n<meta property=\"og:description\" content=\"To performatywne archiwum kobiecej wi\u0119zi i indywidualno\u015bci. Dwie performerki, pod\u0105\u017caj\u0105c \u015bladami pionierek XIX wiecznej rze\u017aby i \u0142\u0105cz\u0105cego je siostrze\u0144stwa, wznosz\u0105 na podium w\u0142asne cia\u0142a jako przedmiot wzajemnej kreacji.\" \/>\n<meta property=\"og:url\" content=\"https:\/\/nck.krakow.pl\/kcc\/krakowskifestiwaltanca\/wydarzenia\/program\/rzezbiary\/\" \/>\n<meta property=\"og:site_name\" content=\"Krakowski Festiwal Ta\u0144ca\" \/>\n<meta property=\"article:modified_time\" content=\"2025-05-22T13:15:03+00:00\" \/>\n<meta property=\"og:image\" content=\"https:\/\/nck.krakow.pl\/kcc\/krakowskifestiwaltanca\/wp-content\/uploads\/sites\/10\/2024\/06\/wyrozniajace-7.png\" \/>\n\t<meta property=\"og:image:width\" content=\"1440\" \/>\n\t<meta property=\"og:image:height\" content=\"700\" \/>\n\t<meta property=\"og:image:type\" content=\"image\/png\" \/>\n<meta name=\"twitter:card\" content=\"summary_large_image\" \/>\n<meta name=\"twitter:label1\" content=\"Est. reading time\" \/>\n\t<meta name=\"twitter:data1\" content=\"2 minuty\" \/>\n<script type=\"application\/ld+json\" class=\"yoast-schema-graph\">{\"@context\":\"https:\/\/schema.org\",\"@graph\":[{\"@type\":\"WebPage\",\"@id\":\"https:\/\/nck.krakow.pl\/kcc\/krakowskifestiwaltanca\/wydarzenia\/program\/rzezbiary\/\",\"url\":\"https:\/\/nck.krakow.pl\/kcc\/krakowskifestiwaltanca\/wydarzenia\/program\/rzezbiary\/\",\"name\":\"RZE\u0179BIARY - Krakowski Festiwal Ta\u0144ca\",\"isPartOf\":{\"@id\":\"https:\/\/nck.krakow.pl\/kcc\/krakowskifestiwaltanca\/#website\"},\"datePublished\":\"2024-06-05T09:15:00+00:00\",\"dateModified\":\"2025-05-22T13:15:03+00:00\",\"breadcrumb\":{\"@id\":\"https:\/\/nck.krakow.pl\/kcc\/krakowskifestiwaltanca\/wydarzenia\/program\/rzezbiary\/#breadcrumb\"},\"inLanguage\":\"pl-PL\",\"potentialAction\":[{\"@type\":\"ReadAction\",\"target\":[\"https:\/\/nck.krakow.pl\/kcc\/krakowskifestiwaltanca\/wydarzenia\/program\/rzezbiary\/\"]}]},{\"@type\":\"BreadcrumbList\",\"@id\":\"https:\/\/nck.krakow.pl\/kcc\/krakowskifestiwaltanca\/wydarzenia\/program\/rzezbiary\/#breadcrumb\",\"itemListElement\":[{\"@type\":\"ListItem\",\"position\":1,\"name\":\"Strona g\u0142\u00f3wna\",\"item\":\"https:\/\/nck.krakow.pl\/kcc\/krakowskifestiwaltanca\/\"},{\"@type\":\"ListItem\",\"position\":2,\"name\":\"Program\",\"item\":\"https:\/\/nck.krakow.pl\/kcc\/krakowskifestiwaltanca\/wydarzenia\/program\/\"},{\"@type\":\"ListItem\",\"position\":3,\"name\":\"RZE\u0179BIARY\"}]},{\"@type\":\"WebSite\",\"@id\":\"https:\/\/nck.krakow.pl\/kcc\/krakowskifestiwaltanca\/#website\",\"url\":\"https:\/\/nck.krakow.pl\/kcc\/krakowskifestiwaltanca\/\",\"name\":\"Krakowski Festiwal Ta\u0144ca\",\"description\":\"\",\"publisher\":{\"@id\":\"https:\/\/nck.krakow.pl\/kcc\/krakowskifestiwaltanca\/#organization\"},\"potentialAction\":[{\"@type\":\"SearchAction\",\"target\":{\"@type\":\"EntryPoint\",\"urlTemplate\":\"https:\/\/nck.krakow.pl\/kcc\/krakowskifestiwaltanca\/?s={search_term_string}\"},\"query-input\":\"required name=search_term_string\"}],\"inLanguage\":\"pl-PL\"},{\"@type\":\"Organization\",\"@id\":\"https:\/\/nck.krakow.pl\/kcc\/krakowskifestiwaltanca\/#organization\",\"name\":\"Krakowski Festiwal Ta\u0144ca\",\"url\":\"https:\/\/nck.krakow.pl\/kcc\/krakowskifestiwaltanca\/\",\"logo\":{\"@type\":\"ImageObject\",\"inLanguage\":\"pl-PL\",\"@id\":\"https:\/\/nck.krakow.pl\/kcc\/krakowskifestiwaltanca\/#\/schema\/logo\/image\/\",\"url\":\"https:\/\/nck.krakow.pl\/kcc\/krakowskifestiwaltanca\/wp-content\/uploads\/sites\/10\/2023\/04\/logo.png\",\"contentUrl\":\"https:\/\/nck.krakow.pl\/kcc\/krakowskifestiwaltanca\/wp-content\/uploads\/sites\/10\/2023\/04\/logo.png\",\"width\":579,\"height\":217,\"caption\":\"Krakowski Festiwal Ta\u0144ca\"},\"image\":{\"@id\":\"https:\/\/nck.krakow.pl\/kcc\/krakowskifestiwaltanca\/#\/schema\/logo\/image\/\"}}]}<\/script>\n<!-- \/ Yoast SEO plugin. -->","yoast_head_json":{"title":"RZE\u0179BIARY - Krakowski Festiwal Ta\u0144ca","robots":{"index":"index","follow":"follow","max-snippet":"max-snippet:-1","max-image-preview":"max-image-preview:large","max-video-preview":"max-video-preview:-1"},"canonical":"https:\/\/nck.krakow.pl\/kcc\/krakowskifestiwaltanca\/wydarzenia\/program\/rzezbiary\/","og_locale":"pl_PL","og_type":"article","og_title":"RZE\u0179BIARY - Krakowski Festiwal Ta\u0144ca","og_description":"To performatywne archiwum kobiecej wi\u0119zi i indywidualno\u015bci. Dwie performerki, pod\u0105\u017caj\u0105c \u015bladami pionierek XIX wiecznej rze\u017aby i \u0142\u0105cz\u0105cego je siostrze\u0144stwa, wznosz\u0105 na podium w\u0142asne cia\u0142a jako przedmiot wzajemnej kreacji.","og_url":"https:\/\/nck.krakow.pl\/kcc\/krakowskifestiwaltanca\/wydarzenia\/program\/rzezbiary\/","og_site_name":"Krakowski Festiwal Ta\u0144ca","article_modified_time":"2025-05-22T13:15:03+00:00","og_image":[{"width":1440,"height":700,"url":"https:\/\/nck.krakow.pl\/kcc\/krakowskifestiwaltanca\/wp-content\/uploads\/sites\/10\/2024\/06\/wyrozniajace-7.png","type":"image\/png"}],"twitter_card":"summary_large_image","twitter_misc":{"Est. reading time":"2 minuty"},"schema":{"@context":"https:\/\/schema.org","@graph":[{"@type":"WebPage","@id":"https:\/\/nck.krakow.pl\/kcc\/krakowskifestiwaltanca\/wydarzenia\/program\/rzezbiary\/","url":"https:\/\/nck.krakow.pl\/kcc\/krakowskifestiwaltanca\/wydarzenia\/program\/rzezbiary\/","name":"RZE\u0179BIARY - Krakowski Festiwal Ta\u0144ca","isPartOf":{"@id":"https:\/\/nck.krakow.pl\/kcc\/krakowskifestiwaltanca\/#website"},"datePublished":"2024-06-05T09:15:00+00:00","dateModified":"2025-05-22T13:15:03+00:00","breadcrumb":{"@id":"https:\/\/nck.krakow.pl\/kcc\/krakowskifestiwaltanca\/wydarzenia\/program\/rzezbiary\/#breadcrumb"},"inLanguage":"pl-PL","potentialAction":[{"@type":"ReadAction","target":["https:\/\/nck.krakow.pl\/kcc\/krakowskifestiwaltanca\/wydarzenia\/program\/rzezbiary\/"]}]},{"@type":"BreadcrumbList","@id":"https:\/\/nck.krakow.pl\/kcc\/krakowskifestiwaltanca\/wydarzenia\/program\/rzezbiary\/#breadcrumb","itemListElement":[{"@type":"ListItem","position":1,"name":"Strona g\u0142\u00f3wna","item":"https:\/\/nck.krakow.pl\/kcc\/krakowskifestiwaltanca\/"},{"@type":"ListItem","position":2,"name":"Program","item":"https:\/\/nck.krakow.pl\/kcc\/krakowskifestiwaltanca\/wydarzenia\/program\/"},{"@type":"ListItem","position":3,"name":"RZE\u0179BIARY"}]},{"@type":"WebSite","@id":"https:\/\/nck.krakow.pl\/kcc\/krakowskifestiwaltanca\/#website","url":"https:\/\/nck.krakow.pl\/kcc\/krakowskifestiwaltanca\/","name":"Krakowski Festiwal Ta\u0144ca","description":"","publisher":{"@id":"https:\/\/nck.krakow.pl\/kcc\/krakowskifestiwaltanca\/#organization"},"potentialAction":[{"@type":"SearchAction","target":{"@type":"EntryPoint","urlTemplate":"https:\/\/nck.krakow.pl\/kcc\/krakowskifestiwaltanca\/?s={search_term_string}"},"query-input":"required name=search_term_string"}],"inLanguage":"pl-PL"},{"@type":"Organization","@id":"https:\/\/nck.krakow.pl\/kcc\/krakowskifestiwaltanca\/#organization","name":"Krakowski Festiwal Ta\u0144ca","url":"https:\/\/nck.krakow.pl\/kcc\/krakowskifestiwaltanca\/","logo":{"@type":"ImageObject","inLanguage":"pl-PL","@id":"https:\/\/nck.krakow.pl\/kcc\/krakowskifestiwaltanca\/#\/schema\/logo\/image\/","url":"https:\/\/nck.krakow.pl\/kcc\/krakowskifestiwaltanca\/wp-content\/uploads\/sites\/10\/2023\/04\/logo.png","contentUrl":"https:\/\/nck.krakow.pl\/kcc\/krakowskifestiwaltanca\/wp-content\/uploads\/sites\/10\/2023\/04\/logo.png","width":579,"height":217,"caption":"Krakowski Festiwal Ta\u0144ca"},"image":{"@id":"https:\/\/nck.krakow.pl\/kcc\/krakowskifestiwaltanca\/#\/schema\/logo\/image\/"}}]}},"_links":{"self":[{"href":"https:\/\/nck.krakow.pl\/kcc\/krakowskifestiwaltanca\/wp-json\/wp\/v2\/event\/2036"}],"collection":[{"href":"https:\/\/nck.krakow.pl\/kcc\/krakowskifestiwaltanca\/wp-json\/wp\/v2\/event"}],"about":[{"href":"https:\/\/nck.krakow.pl\/kcc\/krakowskifestiwaltanca\/wp-json\/wp\/v2\/types\/event"}],"up":[{"embeddable":true,"href":"https:\/\/nck.krakow.pl\/kcc\/krakowskifestiwaltanca\/wp-json\/wp\/v2\/event\/79"}],"wp:featuredmedia":[{"embeddable":true,"href":"https:\/\/nck.krakow.pl\/kcc\/krakowskifestiwaltanca\/wp-json\/wp\/v2\/media\/2037"}],"wp:attachment":[{"href":"https:\/\/nck.krakow.pl\/kcc\/krakowskifestiwaltanca\/wp-json\/wp\/v2\/media?parent=2036"}],"wp:term":[{"taxonomy":"category","embeddable":true,"href":"https:\/\/nck.krakow.pl\/kcc\/krakowskifestiwaltanca\/wp-json\/wp\/v2\/categories?post=2036"},{"taxonomy":"post_tag","embeddable":true,"href":"https:\/\/nck.krakow.pl\/kcc\/krakowskifestiwaltanca\/wp-json\/wp\/v2\/tags?post=2036"}],"curies":[{"name":"wp","href":"https:\/\/api.w.org\/{rel}","templated":true}]}}